{"version":"1.0","provider_name":"Vi\u1ec7n Ph\u00e1p t\u1ea1i Vi\u1ec7t Nam | Institut fran\u00e7ais du Vietnam","provider_url":"https:\/\/ifv.vn\/fr\/","author_name":"stagiaire.com.hcm","author_url":"https:\/\/ifv.vn\/fr\/author\/stagiaire-com-hcm\/","title":"Exposition: Planifi\u00e9 \/ improvis\u00e9 - Vi\u1ec7n Ph\u00e1p t\u1ea1i Vi\u1ec7t Nam | Institut fran\u00e7ais du Vietnam","type":"rich","width":600,"height":338,"html":"<blockquote class=\"wp-embedded-content\" data-secret=\"VbUdDtCwgv\"><a href=\"https:\/\/ifv.vn\/fr\/evenement\/exposition-planifie-improvise\/\">Exposition: Planifi\u00e9 \/ improvis\u00e9<\/a><\/blockquote><iframe sandbox=\"allow-scripts\" security=\"restricted\" src=\"https:\/\/ifv.vn\/fr\/evenement\/exposition-planifie-improvise\/embed\/#?secret=VbUdDtCwgv\" width=\"600\" height=\"338\" title=\"&laquo;&nbsp;Exposition: Planifi\u00e9 \/ improvis\u00e9&nbsp;&raquo; &#8212; Vi\u1ec7n Ph\u00e1p t\u1ea1i Vi\u1ec7t Nam | Institut fran\u00e7ais du Vietnam\" data-secret=\"VbUdDtCwgv\" frameborder=\"0\" marginwidth=\"0\" marginheight=\"0\" scrolling=\"no\" class=\"wp-embedded-content\"><\/iframe><script type=\"text\/javascript\">\n\/* <![CDATA[ *\/\n\/*! This file is auto-generated *\/\n!function(d,l){\"use strict\";l.querySelector&&d.addEventListener&&\"undefined\"!=typeof URL&&(d.wp=d.wp||{},d.wp.receiveEmbedMessage||(d.wp.receiveEmbedMessage=function(e){var t=e.data;if((t||t.secret||t.message||t.value)&&!\/[^a-zA-Z0-9]\/.test(t.secret)){for(var s,r,n,a=l.querySelectorAll('iframe[data-secret=\"'+t.secret+'\"]'),o=l.querySelectorAll('blockquote[data-secret=\"'+t.secret+'\"]'),c=new RegExp(\"^https?:$\",\"i\"),i=0;i<o.length;i++)o[i].style.display=\"none\";for(i=0;i<a.length;i++)s=a[i],e.source===s.contentWindow&&(s.removeAttribute(\"style\"),\"height\"===t.message?(1e3<(r=parseInt(t.value,10))?r=1e3:~~r<200&&(r=200),s.height=r):\"link\"===t.message&&(r=new URL(s.getAttribute(\"src\")),n=new URL(t.value),c.test(n.protocol))&&n.host===r.host&&l.activeElement===s&&(d.top.location.href=t.value))}},d.addEventListener(\"message\",d.wp.receiveEmbedMessage,!1),l.addEventListener(\"DOMContentLoaded\",function(){for(var e,t,s=l.querySelectorAll(\"iframe.wp-embedded-content\"),r=0;r<s.length;r++)(t=(e=s[r]).getAttribute(\"data-secret\"))||(t=Math.random().toString(36).substring(2,12),e.src+=\"#?secret=\"+t,e.setAttribute(\"data-secret\",t)),e.contentWindow.postMessage({message:\"ready\",secret:t},\"*\")},!1)))}(window,document);\n\/* ]]> *\/\n<\/script>\n","thumbnail_url":"https:\/\/ifv.vn\/wp-content\/uploads\/2022\/12\/couverture-site-expo-graou-1.jpg","thumbnail_width":1260,"thumbnail_height":420,"description":"Invit\u00e9 par l\u2019institut Fran\u00e7ais du Vietnam, le GRAOU (Groupe de Recherche en Architecture OUvert.e) a arpent\u00e9, pendant plusieurs semaines, carnet de croquis \u00e0 la main diff\u00e9rents quartiers de la ville. Partant quotidiennement \u00e0 l'aube de la Villa Saigon, les trajectoires se tracent chemin faisant. La priorit\u00e9 est donn\u00e9e \u00e0 la marche, comme un rythme \u00e0 respecter dans l\u2019exploration ; le temps n\u00e9cessaire \u00e0 l\u2019observation, au dessin et \u00e0 la rencontre."}