{"version":"1.0","provider_name":"Vi\u1ec7n Ph\u00e1p t\u1ea1i Vi\u1ec7t Nam | Institut fran\u00e7ais du Vietnam","provider_url":"https:\/\/ifv.vn\/fr\/","author_name":"stagiaire.com.hcm","author_url":"https:\/\/ifv.vn\/fr\/author\/stagiaire-com-hcm\/","title":"Maman pleut des cordes - Vi\u1ec7n Ph\u00e1p t\u1ea1i Vi\u1ec7t Nam | Institut fran\u00e7ais du Vietnam","type":"rich","width":600,"height":338,"html":"<blockquote class=\"wp-embedded-content\" data-secret=\"rnCrfoMl8T\"><a href=\"https:\/\/ifv.vn\/fr\/evenement\/maman-pleut-des-cordes\/\">Maman pleut des cordes<\/a><\/blockquote><iframe sandbox=\"allow-scripts\" security=\"restricted\" src=\"https:\/\/ifv.vn\/fr\/evenement\/maman-pleut-des-cordes\/embed\/#?secret=rnCrfoMl8T\" width=\"600\" height=\"338\" title=\"&laquo;&nbsp;Maman pleut des cordes&nbsp;&raquo; &#8212; Vi\u1ec7n Ph\u00e1p t\u1ea1i Vi\u1ec7t Nam | Institut fran\u00e7ais du Vietnam\" data-secret=\"rnCrfoMl8T\" frameborder=\"0\" marginwidth=\"0\" marginheight=\"0\" scrolling=\"no\" class=\"wp-embedded-content\"><\/iframe><script type=\"text\/javascript\">\n\/* <![CDATA[ *\/\n\/*! This file is auto-generated *\/\n!function(d,l){\"use strict\";l.querySelector&&d.addEventListener&&\"undefined\"!=typeof URL&&(d.wp=d.wp||{},d.wp.receiveEmbedMessage||(d.wp.receiveEmbedMessage=function(e){var t=e.data;if((t||t.secret||t.message||t.value)&&!\/[^a-zA-Z0-9]\/.test(t.secret)){for(var s,r,n,a=l.querySelectorAll('iframe[data-secret=\"'+t.secret+'\"]'),o=l.querySelectorAll('blockquote[data-secret=\"'+t.secret+'\"]'),c=new RegExp(\"^https?:$\",\"i\"),i=0;i<o.length;i++)o[i].style.display=\"none\";for(i=0;i<a.length;i++)s=a[i],e.source===s.contentWindow&&(s.removeAttribute(\"style\"),\"height\"===t.message?(1e3<(r=parseInt(t.value,10))?r=1e3:~~r<200&&(r=200),s.height=r):\"link\"===t.message&&(r=new URL(s.getAttribute(\"src\")),n=new URL(t.value),c.test(n.protocol))&&n.host===r.host&&l.activeElement===s&&(d.top.location.href=t.value))}},d.addEventListener(\"message\",d.wp.receiveEmbedMessage,!1),l.addEventListener(\"DOMContentLoaded\",function(){for(var e,t,s=l.querySelectorAll(\"iframe.wp-embedded-content\"),r=0;r<s.length;r++)(t=(e=s[r]).getAttribute(\"data-secret\"))||(t=Math.random().toString(36).substring(2,12),e.src+=\"#?secret=\"+t,e.setAttribute(\"data-secret\",t)),e.contentWindow.postMessage({message:\"ready\",secret:t},\"*\")},!1)))}(window,document);\n\/* ]]> *\/\n<\/script>\n","thumbnail_url":"https:\/\/ifv.vn\/wp-content\/uploads\/2022\/06\/maman-pleut-des-cordes.jpg","thumbnail_width":1280,"thumbnail_height":720,"description":"Jeanne, 8 ans, est une petite fille au caract\u00e8re bien tremp\u00e9. Sa m\u00e8re, en revanche, traverse une d\u00e9pression et doit envoyer sa fille passer les vacances de No\u00ebl chez sa M\u00e9m\u00e9 Oignon... Mais Jeanne n\u2019a pas compris ce qui arrive \u00e0 sa m\u00e8re et part en tra\u00eenant les pieds : \u00e0 la campagne, il n\u2019y a rien \u00e0 faire, et la maison de M\u00e9m\u00e9 pue l\u2019oignon ! Pourtant, contre toute attente, les vacances s\u2019av\u00e8rent \u00eatre une v\u00e9ritable aventure.  \u00c0 partir de 6 ans."}