{"version":"1.0","provider_name":"Vi\u1ec7n Ph\u00e1p t\u1ea1i Vi\u1ec7t Nam | Institut fran\u00e7ais du Vietnam","provider_url":"https:\/\/ifv.vn\/fr\/","author_name":"stagiaire.com.hcm","author_url":"https:\/\/ifv.vn\/fr\/author\/stagiaire-com-hcm\/","title":"Soir\u00e9e-\u00e9v\u00e9nement: Des Femmes et des Hommes - Vi\u1ec7n Ph\u00e1p t\u1ea1i Vi\u1ec7t Nam | Institut fran\u00e7ais du Vietnam","type":"rich","width":600,"height":338,"html":"<blockquote class=\"wp-embedded-content\" data-secret=\"Umo0IxMLge\"><a href=\"https:\/\/ifv.vn\/fr\/evenement\/soiree-evenement-des-femmes-et-des-hommes\/\">Soir\u00e9e-\u00e9v\u00e9nement: Des Femmes et des Hommes<\/a><\/blockquote><iframe sandbox=\"allow-scripts\" security=\"restricted\" src=\"https:\/\/ifv.vn\/fr\/evenement\/soiree-evenement-des-femmes-et-des-hommes\/embed\/#?secret=Umo0IxMLge\" width=\"600\" height=\"338\" title=\"&laquo;&nbsp;Soir\u00e9e-\u00e9v\u00e9nement: Des Femmes et des Hommes&nbsp;&raquo; &#8212; Vi\u1ec7n Ph\u00e1p t\u1ea1i Vi\u1ec7t Nam | Institut fran\u00e7ais du Vietnam\" data-secret=\"Umo0IxMLge\" frameborder=\"0\" marginwidth=\"0\" marginheight=\"0\" scrolling=\"no\" class=\"wp-embedded-content\"><\/iframe><script type=\"text\/javascript\">\n\/* <![CDATA[ *\/\n\/*! This file is auto-generated *\/\n!function(d,l){\"use strict\";l.querySelector&&d.addEventListener&&\"undefined\"!=typeof URL&&(d.wp=d.wp||{},d.wp.receiveEmbedMessage||(d.wp.receiveEmbedMessage=function(e){var t=e.data;if((t||t.secret||t.message||t.value)&&!\/[^a-zA-Z0-9]\/.test(t.secret)){for(var s,r,n,a=l.querySelectorAll('iframe[data-secret=\"'+t.secret+'\"]'),o=l.querySelectorAll('blockquote[data-secret=\"'+t.secret+'\"]'),c=new RegExp(\"^https?:$\",\"i\"),i=0;i<o.length;i++)o[i].style.display=\"none\";for(i=0;i<a.length;i++)s=a[i],e.source===s.contentWindow&&(s.removeAttribute(\"style\"),\"height\"===t.message?(1e3<(r=parseInt(t.value,10))?r=1e3:~~r<200&&(r=200),s.height=r):\"link\"===t.message&&(r=new URL(s.getAttribute(\"src\")),n=new URL(t.value),c.test(n.protocol))&&n.host===r.host&&l.activeElement===s&&(d.top.location.href=t.value))}},d.addEventListener(\"message\",d.wp.receiveEmbedMessage,!1),l.addEventListener(\"DOMContentLoaded\",function(){for(var e,t,s=l.querySelectorAll(\"iframe.wp-embedded-content\"),r=0;r<s.length;r++)(t=(e=s[r]).getAttribute(\"data-secret\"))||(t=Math.random().toString(36).substring(2,12),e.src+=\"#?secret=\"+t,e.setAttribute(\"data-secret\",t)),e.contentWindow.postMessage({message:\"ready\",secret:t},\"*\")},!1)))}(window,document);\n\/* ]]> *\/\n<\/script>\n","thumbnail_url":"https:\/\/ifv.vn\/wp-content\/uploads\/2021\/02\/cover-phu-nu-va-nam-gioi-1260x420-da-sua-01.jpg","thumbnail_width":1261,"thumbnail_height":421,"description":"Dans le cadre du cycle th\u00e9matique \u00ab Femmes Vietnam \u00bb, l\u2019institut fran\u00e7ais de HCMV vous propose une grande soir\u00e9e th\u00e9matique en l\u2019honneur de la Journ\u00e9e internationale du Droit des Femmes. Intitul\u00e9e \u00ab Des Femmes et des Hommes \u00bb, cette soir\u00e9e rassemble 2 temps-forts : *19h30 : Vernissage de l\u2019exposition \u00ab Portraits de Femmes \u00bb Entr\u00e9e libre  *20h45 : Projection du documentaire \u00ab Des Femmes et des Hommes \u00bb de la r\u00e9alisatrice fran\u00e7aise Fr\u00e9d\u00e9rique BEDOS.  Inscription obligatoire le vendredi 05\/03 \u00e0 partir de 21h      Seules les 80 premi\u00e8res personnes inscrites pourront \u00eatre accueillies"}