{"id":12776,"date":"2021-02-26T15:43:51","date_gmt":"2021-02-26T08:43:51","guid":{"rendered":"https:\/\/ifv.vn\/?page_id=12776"},"modified":"2021-03-08T11:47:34","modified_gmt":"2021-03-08T04:47:34","slug":"au-passage-du-marche-dong-ba-nguyen-ngoc-duy","status":"publish","type":"page","link":"https:\/\/ifv.vn\/fr\/au-passage-du-marche-dong-ba-nguyen-ngoc-duy\/","title":{"rendered":"Au passage du march\u00e9 Dong Ba &#8211; Nguyen Ngoc Duy"},"content":{"rendered":"<div class=\"wpb-content-wrapper\"><p>[vc_row][vc_column][vc_column_text]<\/p>\n<h2>Au passage du march\u00e9 Dong Ba &#8211; Nguyen Ngoc Duy<\/h2>\n<p style=\"text-align: justify;\">Le march\u00e9 de Dong Ba est depuis longtemps la fiert\u00e9 des habitants de Hue. C&rsquo;est un endroit contenant le souffle et le rythme de vie de l&rsquo;ancienne capitale, peupl\u00e9 de visages brillants, de sourires et de salutations de gentilles vieilles dames. C&rsquo;est un lieu incontournable pour les visiteurs. Il leur permet non seulement de visiter et de d\u00e9couvrir la culture et les activit\u00e9s quotidiennes de la ville, mais aussi de profiter de toutes ses sp\u00e9cialit\u00e9s.<br \/>\n Il existe de nombreux march\u00e9s de diff\u00e9rentes tailles \u00e0 Hue, mais quand on pense \u00e0 l&rsquo;ancienne capitale, c&rsquo;est imm\u00e9diatement le march\u00e9 de Dong Ba qui nous vient \u00e0 l&rsquo;esprit. Avec sa longue histoire, il est le lieu d&rsquo;\u00e9changes de milliers d&rsquo;articles et, jusqu&rsquo;\u00e0 pr\u00e9sent, l&rsquo;endroit le plus fr\u00e9quent\u00e9 par les personnes \u00e0 la recherche de bonnes affaires.[\/vc_column_text][\/vc_column][\/vc_row][vc_row content_placement=&nbsp;&raquo;middle&nbsp;&raquo;][vc_column][vc_wp_text]<\/p>\n<p><img loading=\"lazy\" decoding=\"async\" class=\"aligncenter size-full wp-image-12991\" src=\"https:\/\/ifv.vn\/wp-content\/uploads\/2021\/03\/nguyenngocduycover.jpg\" alt=\"\" width=\"600\" height=\"399\" srcset=\"https:\/\/ifv.vn\/wp-content\/uploads\/2021\/03\/nguyenngocduycover.jpg 600w, https:\/\/ifv.vn\/wp-content\/uploads\/2021\/03\/nguyenngocduycover-300x200.jpg 300w\" sizes=\"(max-width: 600px) 100vw, 600px\" \/><\/p>\n<p>[\/vc_wp_text][\/vc_column][\/vc_row][vc_row gap=&nbsp;&raquo;3&Prime;][vc_column width=&nbsp;&raquo;1\/2&Prime;][vc_wp_text]<\/p>\n<p><img loading=\"lazy\" decoding=\"async\" class=\"aligncenter size-full wp-image-12993\" src=\"https:\/\/ifv.vn\/wp-content\/uploads\/2021\/03\/nguyenngocduy2.jpg\" alt=\"\" width=\"600\" height=\"400\" srcset=\"https:\/\/ifv.vn\/wp-content\/uploads\/2021\/03\/nguyenngocduy2.jpg 600w, https:\/\/ifv.vn\/wp-content\/uploads\/2021\/03\/nguyenngocduy2-300x200.jpg 300w\" sizes=\"(max-width: 600px) 100vw, 600px\" \/><\/p>\n<p>[\/vc_wp_text][\/vc_column][vc_column width=&nbsp;&raquo;1\/2&Prime;][vc_wp_text]<\/p>\n<p><img loading=\"lazy\" decoding=\"async\" class=\"aligncenter size-full wp-image-12992\" src=\"https:\/\/ifv.vn\/wp-content\/uploads\/2021\/03\/nguyenngocduy1.jpg\" alt=\"\" width=\"600\" height=\"400\" srcset=\"https:\/\/ifv.vn\/wp-content\/uploads\/2021\/03\/nguyenngocduy1.jpg 600w, https:\/\/ifv.vn\/wp-content\/uploads\/2021\/03\/nguyenngocduy1-300x200.jpg 300w\" sizes=\"(max-width: 600px) 100vw, 600px\" \/><\/p>\n<p>[\/vc_wp_text][\/vc_column][\/vc_row][vc_row gap=&nbsp;&raquo;3&Prime;][vc_column width=&nbsp;&raquo;1\/2&Prime;][vc_wp_text]<\/p>\n<p><img loading=\"lazy\" decoding=\"async\" class=\"aligncenter size-full wp-image-12988\" src=\"https:\/\/ifv.vn\/wp-content\/uploads\/2021\/03\/nguyenngocduy4.jpg\" alt=\"\" width=\"600\" height=\"400\" srcset=\"https:\/\/ifv.vn\/wp-content\/uploads\/2021\/03\/nguyenngocduy4.jpg 600w, https:\/\/ifv.vn\/wp-content\/uploads\/2021\/03\/nguyenngocduy4-300x200.jpg 300w\" sizes=\"(max-width: 600px) 100vw, 600px\" \/><\/p>\n<p>[\/vc_wp_text][\/vc_column][vc_column width=&nbsp;&raquo;1\/2&Prime;][vc_wp_text]<\/p>\n<p><img loading=\"lazy\" decoding=\"async\" class=\"aligncenter size-full wp-image-12989\" src=\"https:\/\/ifv.vn\/wp-content\/uploads\/2021\/03\/nguyenngocduy5.jpg\" alt=\"\" width=\"600\" height=\"400\" srcset=\"https:\/\/ifv.vn\/wp-content\/uploads\/2021\/03\/nguyenngocduy5.jpg 600w, https:\/\/ifv.vn\/wp-content\/uploads\/2021\/03\/nguyenngocduy5-300x200.jpg 300w\" sizes=\"(max-width: 600px) 100vw, 600px\" \/><\/p>\n<p>[\/vc_wp_text][\/vc_column][\/vc_row][vc_row gap=&nbsp;&raquo;3&Prime;][vc_column width=&nbsp;&raquo;1\/2&Prime;][vc_wp_text]<\/p>\n<p><img loading=\"lazy\" decoding=\"async\" class=\"aligncenter size-full wp-image-12994\" src=\"https:\/\/ifv.vn\/wp-content\/uploads\/2021\/03\/nguyenngocduy3.jpg\" alt=\"\" width=\"600\" height=\"400\" srcset=\"https:\/\/ifv.vn\/wp-content\/uploads\/2021\/03\/nguyenngocduy3.jpg 600w, https:\/\/ifv.vn\/wp-content\/uploads\/2021\/03\/nguyenngocduy3-300x200.jpg 300w\" sizes=\"(max-width: 600px) 100vw, 600px\" \/><\/p>\n<p>[\/vc_wp_text][\/vc_column][vc_column width=&nbsp;&raquo;1\/2&Prime;][vc_wp_text]<\/p>\n<p><img loading=\"lazy\" decoding=\"async\" class=\"aligncenter size-full wp-image-12990\" src=\"https:\/\/ifv.vn\/wp-content\/uploads\/2021\/03\/nguyenngocduy6.jpg\" alt=\"\" width=\"600\" height=\"400\" srcset=\"https:\/\/ifv.vn\/wp-content\/uploads\/2021\/03\/nguyenngocduy6.jpg 600w, https:\/\/ifv.vn\/wp-content\/uploads\/2021\/03\/nguyenngocduy6-300x200.jpg 300w\" sizes=\"(max-width: 600px) 100vw, 600px\" \/><\/p>\n<p>[\/vc_wp_text][\/vc_column][\/vc_row][vc_row][vc_column][vc_wp_text]<\/p>\n<p><iframe loading=\"lazy\" src=\"\/\/www.youtube.com\/embed\/14kFm8ZKKNc\" width=\"680\" height=\"381\" allowfullscreen=\"allowfullscreen\"><\/iframe><\/p>\n<p>[\/vc_wp_text][vc_wp_text]<\/p>\n<h2><span style=\"font-weight: 400;\">Voir plus d&rsquo;\u0153uvres de l&rsquo;exposition &laquo;&nbsp;Portraits de Femmes&nbsp;&raquo;<\/span><\/h2>\n<ul>\n<li style=\"font-weight: 400;\" aria-level=\"1\"><a href=\"https:\/\/ifv.vn\/fr\/a-la-derive-nguyen-vinh-anh-khoa\/#\/\"><span style=\"font-weight: 400;\">\u00c0 la d\u00e9rive \u2013 Nguyen Vinh Anh Khoa<\/span><\/a><\/li>\n<li style=\"font-weight: 400;\" aria-level=\"1\"><a href=\"https:\/\/ifv.vn\/fr\/apercu-nguyen-ngoc-hai\/\"><span style=\"font-weight: 400;\">Aper\u00e7u \u2013 Nguy\u1ec5n Ng\u1ecdc H\u1ea3i<\/span><\/a><\/li>\n<li style=\"font-weight: 400;\" aria-level=\"1\"><a href=\"https:\/\/ifv.vn\/fr\/au-marche-de-poissons-vinh-hien-do-minh-hoang\/\"><span style=\"font-weight: 400;\">Au march\u00e9 de poissons Vinh Hien \u2013 Do Minh Hoang<\/span><\/a><\/li>\n<li style=\"font-weight: 400;\" aria-level=\"1\"><a href=\"https:\/\/ifv.vn\/fr\/elles-nguyen-duc-hung\/\"><span style=\"font-weight: 400;\">Elles \u2013 Nguyen Duc Hung<\/span><\/a><\/li>\n<li style=\"font-weight: 400;\" aria-level=\"1\"><a href=\"https:\/\/ifv.vn\/fr\/femmes-et-les-fleurs-en-papier-de-thanh-tien-nguyen-dinh-chien\/\"><span style=\"font-weight: 400;\">Femmes et les fleurs en papier de Thanh Tien \u2013 Nguyen Dinh Chien<\/span><\/a><\/li>\n<li style=\"font-weight: 400;\" aria-level=\"1\"><a href=\"https:\/\/ifv.vn\/fr\/les-dames-du-quartier-bo-ho-nguyen-anh-tuan\/\"><span style=\"font-weight: 400;\">Les dames du quartier Bo Ho \u2013 Nguyen Anh Tuan<\/span><\/a><\/li>\n<li style=\"font-weight: 400;\" aria-level=\"1\"><a href=\"https:\/\/ifv.vn\/fr\/loin-de-la-vie-sur-scene-la-khac-khue\/\"><span style=\"font-weight: 400;\">Loin de la vie sur sc\u00e8ne \u2013 La Khac Khue<\/span><\/a><\/li>\n<li style=\"font-weight: 400;\" aria-level=\"1\"><a href=\"https:\/\/ifv.vn\/fr\/madame-dau-nguyen-kim-nhi\/\"><span style=\"font-weight: 400;\">Madame Dau \u2013 Nguyen Kim Nhi<\/span><\/a><\/li>\n<li style=\"font-weight: 400;\" aria-level=\"1\"><a href=\"https:\/\/ifv.vn\/fr\/madame-quyen-nguyen-thi-thuy-tran\/\"><span style=\"font-weight: 400;\">Madame Quyen \u2013 Nguyen Thi Thuy Tran<\/span><\/a><\/li>\n<li style=\"font-weight: 400;\" aria-level=\"1\"><a href=\"https:\/\/ifv.vn\/fr\/mamie-nguyen-manh-quan\/\"><span style=\"font-weight: 400;\">Mamie \u2013 Nguyen Manh Quan<\/span><\/a><\/li>\n<li style=\"font-weight: 400;\" aria-level=\"1\"><a href=\"https:\/\/ifv.vn\/fr\/pagode-hien-luong-le-thi-mong-thu\/\"><span style=\"font-weight: 400;\">Pagode Hien Luong \u2013 Le Thi Mong Thu<\/span><\/a><\/li>\n<li style=\"font-weight: 400;\" aria-level=\"1\"><a href=\"https:\/\/ifv.vn\/fr\/premiere-annee-a-lecole-darchi-nguyen-trung-tin\/\"><span style=\"font-weight: 400;\">Premi\u00e8re ann\u00e9e \u00e0 l\u2019\u00e9cole d\u2019archi \u2013 Nguyen Trung Tin<\/span><\/a><\/li>\n<li style=\"font-weight: 400;\" aria-level=\"1\"><a href=\"https:\/\/ifv.vn\/fr\/ta-fille-tran-vu-minh-phuc\/\"><span style=\"font-weight: 400;\">Ta fille, \u2013 Tran Vu Minh Phuc<\/span><\/a><\/li>\n<li style=\"font-weight: 400;\" aria-level=\"1\"><a href=\"https:\/\/ifv.vn\/fr\/the-breath-of-dance-le-dang-ngoc-bich\/\"><span style=\"font-weight: 400;\">The breath of dance \u2013 Le Dang Ngoc Bich<\/span><\/a><\/li>\n<\/ul>\n<p>&nbsp;<\/p>\n<ul>\n<li style=\"font-weight: 400;\" aria-level=\"1\"><a href=\"https:\/\/ifv.vn\/fr\/tran-lan-anh-pediatre-a-lhopital-general-de-la-province-de-khanh-hoa\/\"><span style=\"font-weight: 400;\">Tran Lan Anh, p\u00e9diatre \u00e0 l\u2019h\u00f4pital g\u00e9n\u00e9ral de la province de Khanh Hoa<\/span><\/a><\/li>\n<li style=\"font-weight: 400;\" aria-level=\"1\"><a href=\"https:\/\/ifv.vn\/fr\/hoang-thi-minh-hong-directrice-de-long-change\/\"><span style=\"font-weight: 400;\">Hoang Thi Minh Hong, directrice de l\u2019ONG CHANGE<\/span><\/a><\/li>\n<li style=\"font-weight: 400;\" aria-level=\"1\"><a href=\"https:\/\/ifv.vn\/fr\/huynh-ly-dong-phuong-commandant-de-bord-chez-vietnam-airlines\/\"><span style=\"font-weight: 400;\">Huynh Ly Dong Phuong, commandant de bord chez Vietnam Airlines<\/span><\/a><\/li>\n<li style=\"font-weight: 400;\" aria-level=\"1\"><a href=\"https:\/\/ifv.vn\/fr\/le-cat-trong-ly-auteure-compositeure-interprete\/\"><span style=\"font-weight: 400;\">Le Cat Trong Ly, auteure, compositeure, interpr\u00e8te<\/span><\/a><\/li>\n<li style=\"font-weight: 400;\" aria-level=\"1\"><a href=\"https:\/\/ifv.vn\/fr\/nguyen-thi-mai-et-vu-thi-hoai-thoa-deux-ouvrieres-dune-usine-de-chaussures-luu-thi-nguyen-vendeuse-de-rue-a-hcmv\/\"><span style=\"font-weight: 400;\">Nguyen Thi Mai et Vu Thi Hoai Thoa, deux ouvri\u00e8res d\u2019une usine de chaussures &amp; Luu Thi Nguyen, vendeuse de rue \u00e0 HCMV<\/span><\/a><\/li>\n<li style=\"font-weight: 400;\" aria-level=\"1\"><a href=\"https:\/\/ifv.vn\/fr\/linh-dan-pham-comedienne-franco-vietnamienne\/\"><span style=\"font-weight: 400;\">Pham Linh Dan, com\u00e9dienne franco-vietnamienne<\/span><\/a><\/li>\n<\/ul>\n<p>[\/vc_wp_text][\/vc_column][\/vc_row]<\/p>\n<\/div>","protected":false},"excerpt":{"rendered":"[vc_row][vc_column][vc_column_text] Au passage du march\u00e9 Dong Ba - Nguyen Ngoc Duy Le march\u00e9 de Dong Ba est depuis longtemps la fiert\u00e9 des habitants de Hue. C'est un endroit contenant le souffle et le rythme de vie de l'ancienne capitale, peupl\u00e9 [...]","protected":false},"author":6,"featured_media":0,"parent":0,"menu_order":0,"comment_status":"open","ping_status":"closed","template":"page-static.php","meta":{"footnotes":""},"class_list":["post-12776","page","type-page","status-publish","hentry"],"acf":[],"yoast_head":"<!-- This site is optimized with the Yoast SEO plugin v25.3.1 - https:\/\/yoast.com\/wordpress\/plugins\/seo\/ -->\n<title>Au passage du march\u00e9 Dong Ba - Nguyen Ngoc Duy - Vi\u1ec7n Ph\u00e1p t\u1ea1i Vi\u1ec7t Nam | Institut fran\u00e7ais du Vietnam<\/title>\n<meta name=\"robots\" content=\"index, follow, max-snippet:-1, max-image-preview:large, max-video-preview:-1\" \/>\n<link rel=\"canonical\" href=\"https:\/\/ifv.vn\/fr\/au-passage-du-marche-dong-ba-nguyen-ngoc-duy\/\" \/>\n<meta property=\"og:locale\" content=\"fr_FR\" \/>\n<meta property=\"og:type\" content=\"article\" \/>\n<meta property=\"og:title\" content=\"Au passage du march\u00e9 Dong Ba - Nguyen Ngoc Duy - Vi\u1ec7n Ph\u00e1p t\u1ea1i Vi\u1ec7t Nam | Institut fran\u00e7ais du Vietnam\" \/>\n<meta property=\"og:description\" content=\"[vc_row][vc_column][vc_column_text] Au passage du march\u00e9 Dong Ba &#8211; Nguyen Ngoc Duy Le march\u00e9 de Dong Ba est depuis longtemps la fiert\u00e9 des habitants de Hue. C&rsquo;est un endroit contenant le souffle et le rythme de vie de l&rsquo;ancienne capitale, peupl\u00e9 [&hellip;]\" \/>\n<meta property=\"og:url\" content=\"https:\/\/ifv.vn\/fr\/au-passage-du-marche-dong-ba-nguyen-ngoc-duy\/\" \/>\n<meta property=\"og:site_name\" content=\"Vi\u1ec7n Ph\u00e1p t\u1ea1i Vi\u1ec7t Nam | Institut fran\u00e7ais du Vietnam\" \/>\n<meta property=\"article:modified_time\" content=\"2021-03-08T04:47:34+00:00\" \/>\n<meta property=\"og:image\" content=\"https:\/\/ifv.vn\/wp-content\/uploads\/2021\/03\/nguyenngocduycover.jpg\" \/>\n<meta name=\"twitter:card\" content=\"summary_large_image\" \/>\n<meta name=\"twitter:label1\" content=\"Est. reading time\" \/>\n\t<meta name=\"twitter:data1\" content=\"2 minutes\" \/>\n<script type=\"application\/ld+json\" class=\"yoast-schema-graph\">{\"@context\":\"https:\/\/schema.org\",\"@graph\":[{\"@type\":\"WebPage\",\"@id\":\"https:\/\/ifv.vn\/fr\/au-passage-du-marche-dong-ba-nguyen-ngoc-duy\/\",\"url\":\"https:\/\/ifv.vn\/fr\/au-passage-du-marche-dong-ba-nguyen-ngoc-duy\/\",\"name\":\"Au passage du march\u00e9 Dong Ba - Nguyen Ngoc Duy - Vi\u1ec7n Ph\u00e1p t\u1ea1i Vi\u1ec7t Nam | Institut fran\u00e7ais du Vietnam\",\"isPartOf\":{\"@id\":\"https:\/\/ifv.vn\/#website\"},\"primaryImageOfPage\":{\"@id\":\"https:\/\/ifv.vn\/fr\/au-passage-du-marche-dong-ba-nguyen-ngoc-duy\/#primaryimage\"},\"image\":{\"@id\":\"https:\/\/ifv.vn\/fr\/au-passage-du-marche-dong-ba-nguyen-ngoc-duy\/#primaryimage\"},\"thumbnailUrl\":\"https:\/\/ifv.vn\/wp-content\/uploads\/2021\/03\/nguyenngocduycover.jpg\",\"datePublished\":\"2021-02-26T08:43:51+00:00\",\"dateModified\":\"2021-03-08T04:47:34+00:00\",\"breadcrumb\":{\"@id\":\"https:\/\/ifv.vn\/fr\/au-passage-du-marche-dong-ba-nguyen-ngoc-duy\/#breadcrumb\"},\"inLanguage\":\"fr-FR\",\"potentialAction\":[{\"@type\":\"ReadAction\",\"target\":[\"https:\/\/ifv.vn\/fr\/au-passage-du-marche-dong-ba-nguyen-ngoc-duy\/\"]}]},{\"@type\":\"ImageObject\",\"inLanguage\":\"fr-FR\",\"@id\":\"https:\/\/ifv.vn\/fr\/au-passage-du-marche-dong-ba-nguyen-ngoc-duy\/#primaryimage\",\"url\":\"https:\/\/ifv.vn\/wp-content\/uploads\/2021\/03\/nguyenngocduycover.jpg\",\"contentUrl\":\"https:\/\/ifv.vn\/wp-content\/uploads\/2021\/03\/nguyenngocduycover.jpg\"},{\"@type\":\"BreadcrumbList\",\"@id\":\"https:\/\/ifv.vn\/fr\/au-passage-du-marche-dong-ba-nguyen-ngoc-duy\/#breadcrumb\",\"itemListElement\":[{\"@type\":\"ListItem\",\"position\":1,\"name\":\"Home\",\"item\":\"https:\/\/ifv.vn\/fr\/\"},{\"@type\":\"ListItem\",\"position\":2,\"name\":\"Au passage du march\u00e9 Dong Ba &#8211; Nguyen Ngoc Duy\"}]},{\"@type\":\"WebSite\",\"@id\":\"https:\/\/ifv.vn\/#website\",\"url\":\"https:\/\/ifv.vn\/\",\"name\":\"Vi\u1ec7n Ph\u00e1p t\u1ea1i Vi\u1ec7t Nam | Institut fran\u00e7ais du Vietnam\",\"description\":\"\",\"publisher\":{\"@id\":\"https:\/\/ifv.vn\/#organization\"},\"potentialAction\":[{\"@type\":\"SearchAction\",\"target\":{\"@type\":\"EntryPoint\",\"urlTemplate\":\"https:\/\/ifv.vn\/?s={search_term_string}\"},\"query-input\":{\"@type\":\"PropertyValueSpecification\",\"valueRequired\":true,\"valueName\":\"search_term_string\"}}],\"inLanguage\":\"fr-FR\"},{\"@type\":\"Organization\",\"@id\":\"https:\/\/ifv.vn\/#organization\",\"name\":\"Vi\u1ec7n Ph\u00e1p t\u1ea1i Vi\u1ec7t Nam | Institut fran\u00e7ais du Vietnam\",\"url\":\"https:\/\/ifv.vn\/\",\"logo\":{\"@type\":\"ImageObject\",\"inLanguage\":\"fr-FR\",\"@id\":\"https:\/\/ifv.vn\/#\/schema\/logo\/image\/\",\"url\":\"https:\/\/ifv.vn\/wp-content\/uploads\/2025\/10\/cropped-asset-6.png\",\"contentUrl\":\"https:\/\/ifv.vn\/wp-content\/uploads\/2025\/10\/cropped-asset-6.png\",\"width\":248,\"height\":165,\"caption\":\"Vi\u1ec7n Ph\u00e1p t\u1ea1i Vi\u1ec7t Nam | Institut fran\u00e7ais du Vietnam\"},\"image\":{\"@id\":\"https:\/\/ifv.vn\/#\/schema\/logo\/image\/\"}}]}<\/script>\n<!-- \/ Yoast SEO plugin. -->","yoast_head_json":{"title":"Au passage du march\u00e9 Dong Ba - Nguyen Ngoc Duy - Vi\u1ec7n Ph\u00e1p t\u1ea1i Vi\u1ec7t Nam | Institut fran\u00e7ais du Vietnam","robots":{"index":"index","follow":"follow","max-snippet":"max-snippet:-1","max-image-preview":"max-image-preview:large","max-video-preview":"max-video-preview:-1"},"canonical":"https:\/\/ifv.vn\/fr\/au-passage-du-marche-dong-ba-nguyen-ngoc-duy\/","og_locale":"fr_FR","og_type":"article","og_title":"Au passage du march\u00e9 Dong Ba - Nguyen Ngoc Duy - Vi\u1ec7n Ph\u00e1p t\u1ea1i Vi\u1ec7t Nam | Institut fran\u00e7ais du Vietnam","og_description":"[vc_row][vc_column][vc_column_text] Au passage du march\u00e9 Dong Ba &#8211; Nguyen Ngoc Duy Le march\u00e9 de Dong Ba est depuis longtemps la fiert\u00e9 des habitants de Hue. C&rsquo;est un endroit contenant le souffle et le rythme de vie de l&rsquo;ancienne capitale, peupl\u00e9 [&hellip;]","og_url":"https:\/\/ifv.vn\/fr\/au-passage-du-marche-dong-ba-nguyen-ngoc-duy\/","og_site_name":"Vi\u1ec7n Ph\u00e1p t\u1ea1i Vi\u1ec7t Nam | Institut fran\u00e7ais du Vietnam","article_modified_time":"2021-03-08T04:47:34+00:00","og_image":[{"url":"https:\/\/ifv.vn\/wp-content\/uploads\/2021\/03\/nguyenngocduycover.jpg","type":"","width":"","height":""}],"twitter_card":"summary_large_image","twitter_misc":{"Est. reading time":"2 minutes"},"schema":{"@context":"https:\/\/schema.org","@graph":[{"@type":"WebPage","@id":"https:\/\/ifv.vn\/fr\/au-passage-du-marche-dong-ba-nguyen-ngoc-duy\/","url":"https:\/\/ifv.vn\/fr\/au-passage-du-marche-dong-ba-nguyen-ngoc-duy\/","name":"Au passage du march\u00e9 Dong Ba - Nguyen Ngoc Duy - Vi\u1ec7n Ph\u00e1p t\u1ea1i Vi\u1ec7t Nam | Institut fran\u00e7ais du Vietnam","isPartOf":{"@id":"https:\/\/ifv.vn\/#website"},"primaryImageOfPage":{"@id":"https:\/\/ifv.vn\/fr\/au-passage-du-marche-dong-ba-nguyen-ngoc-duy\/#primaryimage"},"image":{"@id":"https:\/\/ifv.vn\/fr\/au-passage-du-marche-dong-ba-nguyen-ngoc-duy\/#primaryimage"},"thumbnailUrl":"https:\/\/ifv.vn\/wp-content\/uploads\/2021\/03\/nguyenngocduycover.jpg","datePublished":"2021-02-26T08:43:51+00:00","dateModified":"2021-03-08T04:47:34+00:00","breadcrumb":{"@id":"https:\/\/ifv.vn\/fr\/au-passage-du-marche-dong-ba-nguyen-ngoc-duy\/#breadcrumb"},"inLanguage":"fr-FR","potentialAction":[{"@type":"ReadAction","target":["https:\/\/ifv.vn\/fr\/au-passage-du-marche-dong-ba-nguyen-ngoc-duy\/"]}]},{"@type":"ImageObject","inLanguage":"fr-FR","@id":"https:\/\/ifv.vn\/fr\/au-passage-du-marche-dong-ba-nguyen-ngoc-duy\/#primaryimage","url":"https:\/\/ifv.vn\/wp-content\/uploads\/2021\/03\/nguyenngocduycover.jpg","contentUrl":"https:\/\/ifv.vn\/wp-content\/uploads\/2021\/03\/nguyenngocduycover.jpg"},{"@type":"BreadcrumbList","@id":"https:\/\/ifv.vn\/fr\/au-passage-du-marche-dong-ba-nguyen-ngoc-duy\/#breadcrumb","itemListElement":[{"@type":"ListItem","position":1,"name":"Home","item":"https:\/\/ifv.vn\/fr\/"},{"@type":"ListItem","position":2,"name":"Au passage du march\u00e9 Dong Ba &#8211; Nguyen Ngoc Duy"}]},{"@type":"WebSite","@id":"https:\/\/ifv.vn\/#website","url":"https:\/\/ifv.vn\/","name":"Vi\u1ec7n Ph\u00e1p t\u1ea1i Vi\u1ec7t Nam | Institut fran\u00e7ais du Vietnam","description":"","publisher":{"@id":"https:\/\/ifv.vn\/#organization"},"potentialAction":[{"@type":"SearchAction","target":{"@type":"EntryPoint","urlTemplate":"https:\/\/ifv.vn\/?s={search_term_string}"},"query-input":{"@type":"PropertyValueSpecification","valueRequired":true,"valueName":"search_term_string"}}],"inLanguage":"fr-FR"},{"@type":"Organization","@id":"https:\/\/ifv.vn\/#organization","name":"Vi\u1ec7n Ph\u00e1p t\u1ea1i Vi\u1ec7t Nam | Institut fran\u00e7ais du Vietnam","url":"https:\/\/ifv.vn\/","logo":{"@type":"ImageObject","inLanguage":"fr-FR","@id":"https:\/\/ifv.vn\/#\/schema\/logo\/image\/","url":"https:\/\/ifv.vn\/wp-content\/uploads\/2025\/10\/cropped-asset-6.png","contentUrl":"https:\/\/ifv.vn\/wp-content\/uploads\/2025\/10\/cropped-asset-6.png","width":248,"height":165,"caption":"Vi\u1ec7n Ph\u00e1p t\u1ea1i Vi\u1ec7t Nam | Institut fran\u00e7ais du Vietnam"},"image":{"@id":"https:\/\/ifv.vn\/#\/schema\/logo\/image\/"}}]}},"_links":{"self":[{"href":"https:\/\/ifv.vn\/fr\/wp-json\/wp\/v2\/pages\/12776"}],"collection":[{"href":"https:\/\/ifv.vn\/fr\/wp-json\/wp\/v2\/pages"}],"about":[{"href":"https:\/\/ifv.vn\/fr\/wp-json\/wp\/v2\/types\/page"}],"author":[{"embeddable":true,"href":"https:\/\/ifv.vn\/fr\/wp-json\/wp\/v2\/users\/6"}],"replies":[{"embeddable":true,"href":"https:\/\/ifv.vn\/fr\/wp-json\/wp\/v2\/comments?post=12776"}],"version-history":[{"count":6,"href":"https:\/\/ifv.vn\/fr\/wp-json\/wp\/v2\/pages\/12776\/revisions"}],"predecessor-version":[{"id":13355,"href":"https:\/\/ifv.vn\/fr\/wp-json\/wp\/v2\/pages\/12776\/revisions\/13355"}],"wp:attachment":[{"href":"https:\/\/ifv.vn\/fr\/wp-json\/wp\/v2\/media?parent=12776"}],"curies":[{"name":"wp","href":"https:\/\/api.w.org\/{rel}","templated":true}]}}