{"id":22903,"date":"2025-04-07T16:16:31","date_gmt":"2025-04-07T09:16:31","guid":{"rendered":"https:\/\/ifv.vn\/?page_id=22903"},"modified":"2025-07-12T00:05:05","modified_gmt":"2025-07-11T17:05:05","slug":"cours-francais-primaire","status":"publish","type":"page","link":"https:\/\/ifv.vn\/fr\/francais\/cours-francais-primaire\/","title":{"rendered":"Cours de fran\u00e7ais pour les \u00e9l\u00e8ves du Primaire"},"content":{"rendered":"<div class=\"wpb-content-wrapper\"><p>[vc_row css=&nbsp;&raquo;.vc_custom_1744021614316{margin-right: 15px !important;margin-left: 15px !important;background-color: #ffffff !important;}&nbsp;&raquo;][vc_column][vc_wp_text]<\/p>\n<p class=\"cvGsUA direction-ltr align-center para-style-body\" style=\"text-align: left;\">Nous proposons un apprentissage <strong>solide et structur\u00e9<\/strong> align\u00e9 sur le CECR pour accueillir vos enfants dans leurs premiers pas en fran\u00e7ais ou pour les aider \u00e0 <strong>progresser de mani\u00e8re significative<\/strong> en fran\u00e7ais et leur ouvrir les portes de l\u2019excellence de leur parcours scolaire.<\/p>\n<p class=\"cvGsUA direction-ltr align-center para-style-body\" style=\"text-align: left;\">Notre programme s\u2019appuie sur une <strong>approche tr\u00e8s active et multisensorielle<\/strong> de la langue afin de solliciter toutes les m\u00e9moires des \u00e9l\u00e8ves, laquelle est inspir\u00e9e de la th\u00e9orie des <strong>intelligences multiples<\/strong> du chercheur am\u00e9ricain Howard Gardner (Harvard).<\/p>\n<p class=\"cvGsUA direction-ltr align-center para-style-body\" style=\"text-align: left;\">Tenant compte du d\u00e9veloppement, des capacit\u00e9s scolaires et des centres d\u2019int\u00e9r\u00eat des enfants observ\u00e9s dans de nombreux pays, notre programme propose des <strong>situations d\u2019apprentissage r\u00e9alistes et stimulantes<\/strong> \u00e0 travers des <strong>activit\u00e9s ludiques<\/strong> qui suivent une <strong>progression structur\u00e9e align\u00e9e sur le CECR<\/strong><strong>. <\/strong>Les \u00e9l\u00e8ves sont n\u00e9cessairement actifs en classe, et <strong>interagissent<\/strong> en <strong>totale immersion<\/strong> avec nos <strong>enseignants natifs qui assurent 100% des cours<\/strong> en travaillant avec une <strong>m\u00e9thode authentique<\/strong> construite avec des experts \u00e9ducatif de France.<\/p>\n<p>[\/vc_wp_text][\/vc_column][\/vc_row][vc_row css=&nbsp;&raquo;.vc_custom_1744029766763{margin-top: 25px !important;margin-right: 15px !important;margin-left: 15px !important;}&nbsp;&raquo;][vc_column width=&nbsp;&raquo;1\/5&Prime;][vc_icon type=&nbsp;&raquo;openiconic&nbsp;&raquo; icon_openiconic=&nbsp;&raquo;vc-oi vc-oi-layers&nbsp;&raquo; color=&nbsp;&raquo;custom&nbsp;&raquo; size=&nbsp;&raquo;xl&nbsp;&raquo; align=&nbsp;&raquo;center&nbsp;&raquo; css=&nbsp;&raquo;.vc_custom_1744024216982{margin-bottom: 15px !important;}&nbsp;&raquo; custom_color=&nbsp;&raquo;#3558a2&Prime;][vc_wp_text title=&nbsp;&raquo;M\u00e9thodes&nbsp;&raquo;]<\/p>\n<p>M\u00e9thodes fran\u00e7aises authentiques import\u00e9es de France<\/p>\n<p>[\/vc_wp_text][\/vc_column][vc_column width=&nbsp;&raquo;1\/5&Prime;][vc_icon type=&nbsp;&raquo;openiconic&nbsp;&raquo; icon_openiconic=&nbsp;&raquo;vc-oi vc-oi-user&nbsp;&raquo; color=&nbsp;&raquo;custom&nbsp;&raquo; size=&nbsp;&raquo;xl&nbsp;&raquo; align=&nbsp;&raquo;center&nbsp;&raquo; css=&nbsp;&raquo;.vc_custom_1744024224103{margin-bottom: 15px !important;}&nbsp;&raquo; custom_color=&nbsp;&raquo;#3558a2&Prime;][vc_wp_text title=&nbsp;&raquo;Enseignants&nbsp;&raquo;]<\/p>\n<p>100% enseignants natifs et dipl\u00f4m\u00e9s de l&rsquo;enseignement sup\u00e9rieur en p\u00e9dagogie<\/p>\n<p>[\/vc_wp_text][\/vc_column][vc_column width=&nbsp;&raquo;1\/5&Prime;][vc_icon type=&nbsp;&raquo;openiconic&nbsp;&raquo; icon_openiconic=&nbsp;&raquo;vc-oi vc-oi-sun-inv&nbsp;&raquo; color=&nbsp;&raquo;custom&nbsp;&raquo; size=&nbsp;&raquo;xl&nbsp;&raquo; align=&nbsp;&raquo;center&nbsp;&raquo; css=&nbsp;&raquo;.vc_custom_1744024262696{margin-bottom: 15px !important;}&nbsp;&raquo; custom_color=&nbsp;&raquo;#3558a2&Prime;][vc_wp_text title=&nbsp;&raquo;Cognition&nbsp;&raquo;]<\/p>\n<p>D\u00e9veloppement cognitif bas\u00e9 sur la recherche en sciences de l&rsquo;\u00e9ducation<\/p>\n<p>[\/vc_wp_text][\/vc_column][vc_column width=&nbsp;&raquo;1\/5&Prime;][vc_icon type=&nbsp;&raquo;typicons&nbsp;&raquo; icon_typicons=&nbsp;&raquo;typcn typcn-th-list&nbsp;&raquo; color=&nbsp;&raquo;custom&nbsp;&raquo; size=&nbsp;&raquo;xl&nbsp;&raquo; align=&nbsp;&raquo;center&nbsp;&raquo; css=&nbsp;&raquo;.vc_custom_1744024230554{margin-bottom: 15px !important;}&nbsp;&raquo; custom_color=&nbsp;&raquo;#3558a2&Prime;][vc_wp_text title=&nbsp;&raquo;Apprentissage&nbsp;&raquo;]<\/p>\n<p>Apprentissage structur\u00e9 et progressif des 4 comp\u00e9tences langagi\u00e8res conforme au CECR<\/p>\n<p>[\/vc_wp_text][\/vc_column][vc_column width=&nbsp;&raquo;1\/5&Prime;][vc_icon type=&nbsp;&raquo;typicons&nbsp;&raquo; icon_typicons=&nbsp;&raquo;typcn typcn-globe&nbsp;&raquo; color=&nbsp;&raquo;custom&nbsp;&raquo; size=&nbsp;&raquo;xl&nbsp;&raquo; align=&nbsp;&raquo;center&nbsp;&raquo; css=&nbsp;&raquo;.vc_custom_1744024236470{margin-bottom: 15px !important;}&nbsp;&raquo; custom_color=&nbsp;&raquo;#3558a2&Prime;][vc_wp_text title=&nbsp;&raquo;International&nbsp;&raquo;]<\/p>\n<p>Appartenance au r\u00e9seau mondial des 100 centres officiels de l&rsquo;Institut fran\u00e7ais<\/p>\n<p>[\/vc_wp_text][\/vc_column][\/vc_row][vc_row][vc_column][vc_wp_text title=&nbsp;&raquo;Aper\u00e7u du programme pour les enfants du primaire&nbsp;&raquo;]<\/p>\n<p><a href=\"https:\/\/ifv.vn\/wp-content\/uploads\/2025\/05\/if-vietnam-ifv-hoc-tieng-phap-ngay-tai-vien-phap-lespace-tong-quan-ve-chuong-trinh-hoc-danh-cho-hoc-sinh-tieu-hoc-1-e1746248233131.png\"><img loading=\"lazy\" decoding=\"async\" class=\"size-full wp-image-23091\" src=\"https:\/\/ifv.vn\/wp-content\/uploads\/2025\/05\/if-vietnam-ifv-hoc-tieng-phap-ngay-tai-vien-phap-lespace-tong-quan-ve-chuong-trinh-hoc-danh-cho-hoc-sinh-tieu-hoc-1-e1746248233131.png\" alt=\"IF Vietnam IFV Ho\u0323c tie\u0302\u0301ng Pha\u0301p ngay ta\u0323i VIE\u0323\u0302N PHA\u0301P L'espace To\u0302\u0309ng quan ve\u0302\u0300 chu\u031bo\u031bng tri\u0300nh ho\u0323c DA\u0300NH CHO HO\u0323C SINH TIE\u0302\u0309U HO\u0323C\" width=\"1260\" height=\"1366\" srcset=\"https:\/\/ifv.vn\/wp-content\/uploads\/2025\/05\/if-vietnam-ifv-hoc-tieng-phap-ngay-tai-vien-phap-lespace-tong-quan-ve-chuong-trinh-hoc-danh-cho-hoc-sinh-tieu-hoc-1-e1746248233131.png 1260w, https:\/\/ifv.vn\/wp-content\/uploads\/2025\/05\/if-vietnam-ifv-hoc-tieng-phap-ngay-tai-vien-phap-lespace-tong-quan-ve-chuong-trinh-hoc-danh-cho-hoc-sinh-tieu-hoc-1-e1746248233131-277x300.png 277w, https:\/\/ifv.vn\/wp-content\/uploads\/2025\/05\/if-vietnam-ifv-hoc-tieng-phap-ngay-tai-vien-phap-lespace-tong-quan-ve-chuong-trinh-hoc-danh-cho-hoc-sinh-tieu-hoc-1-e1746248233131-945x1024.png 945w, https:\/\/ifv.vn\/wp-content\/uploads\/2025\/05\/if-vietnam-ifv-hoc-tieng-phap-ngay-tai-vien-phap-lespace-tong-quan-ve-chuong-trinh-hoc-danh-cho-hoc-sinh-tieu-hoc-1-e1746248233131-768x833.png 768w, https:\/\/ifv.vn\/wp-content\/uploads\/2025\/05\/if-vietnam-ifv-hoc-tieng-phap-ngay-tai-vien-phap-lespace-tong-quan-ve-chuong-trinh-hoc-danh-cho-hoc-sinh-tieu-hoc-1-e1746248233131-16x16.png 16w\" sizes=\"(max-width: 1260px) 100vw, 1260px\" \/><\/a><\/p>\n<p>[\/vc_wp_text][\/vc_column][\/vc_row][vc_row css=&nbsp;&raquo;.vc_custom_1746249120326{margin-right: 15px !important;margin-left: 15px !important;}&nbsp;&raquo;][vc_column][vc_wp_text title=&nbsp;&raquo;Pour aller plus loin&nbsp;&raquo;][\/vc_wp_text][vc_row_inner gap=&nbsp;&raquo;35&Prime;][vc_column_inner width=&nbsp;&raquo;1\/2&Prime; css=&nbsp;&raquo;.vc_custom_1746002683312{background-color: #3558a2 !important;}&nbsp;&raquo;][vc_wp_text]<\/p>\n<h2><span style=\"color: #ffffff;\"><a style=\"color: #ffffff;\" href=\"https:\/\/ifv.vn\/fr\/cours-de-francais\/catalogue\/#\/?etablishmentBranchIds=4&amp;classificationIds=4&amp;levelsIds=570\">Cours pour d\u00e9butants complets<\/a><\/span><\/h2>\n<p>[\/vc_wp_text][\/vc_column_inner][vc_column_inner width=&nbsp;&raquo;1\/2&Prime; css=&nbsp;&raquo;.vc_custom_1746002705948{background-color: #3558a2 !important;}&nbsp;&raquo;][vc_wp_text]<\/p>\n<h2><span style=\"color: #ffffff;\"><a style=\"color: #ffffff;\" href=\"https:\/\/ifv.vn\/fr\/cours-de-francais\/catalogue\/#\/?etablishmentBranchIds=4&amp;classificationIds=4\">Cours tous niveaux<\/a><\/span><\/h2>\n<p>[\/vc_wp_text][\/vc_column_inner][\/vc_row_inner][\/vc_column][\/vc_row][vc_row css=&nbsp;&raquo;.vc_custom_1746253449841{margin-top: 15px !important;margin-right: 0px !important;margin-left: 0px !important;}&nbsp;&raquo;][vc_column css=&nbsp;&raquo;.vc_custom_1746253803041{margin-right: 0px !important;margin-left: 0px !important;}&nbsp;&raquo;][vc_wp_text title=&nbsp;&raquo;Contactez-nous :&nbsp;&raquo;][\/vc_wp_text][vc_row_inner css=&nbsp;&raquo;.vc_custom_1746664730051{margin-right: 0px !important;margin-left: 0px !important;}&nbsp;&raquo;][vc_column_inner width=&nbsp;&raquo;5\/6&Prime; css=&nbsp;&raquo;.vc_custom_1746664672635{margin-top: 15px !important;}&nbsp;&raquo;]\n                <div class=\"wpb_wrapper\">\n                    <div class=\"block__form_newsletter border__1x \"><div class=\"title\">Laissez-nous vous recontacter<\/div>\n<div class=\"wpcf7 no-js\" id=\"wpcf7-f20077-o1\" lang=\"en-US\" dir=\"ltr\" data-wpcf7-id=\"20077\">\n<div class=\"screen-reader-response\"><p role=\"status\" aria-live=\"polite\" aria-atomic=\"true\"><\/p> <ul><\/ul><\/div>\n<form action=\"\/fr\/wp-json\/wp\/v2\/pages\/22903#wpcf7-f20077-o1\" method=\"post\" class=\"wpcf7-form init\" aria-label=\"Contact form\" novalidate=\"novalidate\" data-status=\"init\">\n<div style=\"display: none;\">\n<input type=\"hidden\" name=\"_wpcf7\" value=\"20077\" \/>\n<input type=\"hidden\" name=\"_wpcf7_version\" value=\"6.0.6\" \/>\n<input type=\"hidden\" name=\"_wpcf7_locale\" value=\"en_US\" \/>\n<input type=\"hidden\" name=\"_wpcf7_unit_tag\" value=\"wpcf7-f20077-o1\" \/>\n<input type=\"hidden\" name=\"_wpcf7_container_post\" value=\"0\" \/>\n<input type=\"hidden\" name=\"_wpcf7_posted_data_hash\" value=\"\" \/>\n<input type=\"hidden\" name=\"_wpcf7_recaptcha_response\" value=\"\" \/>\n<\/div>\n<div class=\"item\">\n\t<p><span class=\"wpcf7-form-control-wrap\" data-name=\"Ville\"><select class=\"wpcf7-form-control wpcf7-select wpcf7-validates-as-required\" aria-required=\"true\" aria-invalid=\"false\" name=\"Ville\"><option value=\"Votre ville ?*\">Votre ville ?*<\/option><option value=\"Hanoi\">Hanoi<\/option><option value=\"Hue\">Hue<\/option><option value=\"Danang\">Danang<\/option><option value=\"HCMV\">HCMV<\/option><option value=\"Autre\">Autre<\/option><\/select><\/span>\n\t<\/p>\n<\/div>\n<div class=\"item\">\n\t<p><span class=\"wpcf7-form-control-wrap\" data-name=\"Age\"><select class=\"wpcf7-form-control wpcf7-select wpcf7-validates-as-required\" aria-required=\"true\" aria-invalid=\"false\" name=\"Age\"><option value=\"Age de la personne concern\u00e9e*\">Age de la personne concern\u00e9e*<\/option><option value=\"4-6 ans\">4-6 ans<\/option><option value=\"7-10 ans\">7-10 ans<\/option><option value=\"11-14 ans\">11-14 ans<\/option><option value=\"15-17 ans\">15-17 ans<\/option><option value=\"Adultes\">Adultes<\/option><\/select><\/span>\n\t<\/p>\n<\/div>\n<div class=\"item\">\n\t<p><span class=\"wpcf7-form-control-wrap\" data-name=\"Nom\"><input size=\"40\" maxlength=\"400\" class=\"wpcf7-form-control wpcf7-text wpcf7-validates-as-required\" aria-required=\"true\" aria-invalid=\"false\" placeholder=\"Nom et pr\u00e9nom du demandeur*\" value=\"\" type=\"text\" name=\"Nom\" \/><\/span>\n\t<\/p>\n<\/div>\n<div class=\"item\">\n\t<p><span class=\"wpcf7-form-control-wrap\" data-name=\"Email\"><input size=\"40\" maxlength=\"400\" class=\"wpcf7-form-control wpcf7-email wpcf7-validates-as-required wpcf7-text wpcf7-validates-as-email\" aria-required=\"true\" aria-invalid=\"false\" placeholder=\"Email*\" value=\"\" type=\"email\" name=\"Email\" \/><\/span>\n\t<\/p>\n<\/div>\n<div class=\"item\">\n\t<p><span class=\"wpcf7-form-control-wrap\" data-name=\"Tel\"><input size=\"40\" maxlength=\"400\" class=\"wpcf7-form-control wpcf7-text\" aria-invalid=\"false\" placeholder=\"Num\u00e9ro de t\u00e9l\u00e9phone\" value=\"\" type=\"text\" name=\"Tel\" \/><\/span>\n\t<\/p>\n<\/div>\n<div class=\"item\">\n\t<p><span class=\"wpcf7-form-control-wrap\" data-name=\"Message\"><textarea cols=\"40\" rows=\"10\" maxlength=\"2000\" class=\"wpcf7-form-control wpcf7-textarea wpcf7-validates-as-required\" aria-required=\"true\" aria-invalid=\"false\" placeholder=\"Votre message*\" name=\"Message\"><\/textarea><\/span>\n\t<\/p>\n<\/div>\n<div>\n\t<p><input class=\"wpcf7-form-control wpcf7-submit has-spinner\" type=\"submit\" value=\"Envoyer\" \/>\n\t<\/p>\n<\/div>\n<div class=\"champs\">\n\t<p>*Champs requis\n\t<\/p>\n<\/div>\n<div class=\"clearfix\">\n<\/div><div class=\"wpcf7-response-output\" aria-hidden=\"true\"><\/div>\n<\/form>\n<\/div>\n<\/div>\n            <\/div>[\/vc_column_inner][vc_column_inner width=&nbsp;&raquo;1\/6&Prime; css=&nbsp;&raquo;.vc_custom_1746664593818{margin-right: 0px !important;margin-left: 0px !important;}&nbsp;&raquo;][vc_wp_text]<\/p>\n<p><a href=\"tel:+842432013300\"><img loading=\"lazy\" decoding=\"async\" class=\"alignnone wp-image-23164 size-thumbnail\" src=\"https:\/\/ifv.vn\/wp-content\/uploads\/2025\/05\/icones-site-ifv-2-150x150.png\" alt=\"\" width=\"150\" height=\"150\" srcset=\"https:\/\/ifv.vn\/wp-content\/uploads\/2025\/05\/icones-site-ifv-2-150x150.png 150w, https:\/\/ifv.vn\/wp-content\/uploads\/2025\/05\/icones-site-ifv-2-300x300.png 300w, https:\/\/ifv.vn\/wp-content\/uploads\/2025\/05\/icones-site-ifv-2-100x100.png 100w, https:\/\/ifv.vn\/wp-content\/uploads\/2025\/05\/icones-site-ifv-2-16x16.png 16w, https:\/\/ifv.vn\/wp-content\/uploads\/2025\/05\/icones-site-ifv-2-288x288.png 288w, https:\/\/ifv.vn\/wp-content\/uploads\/2025\/05\/icones-site-ifv-2.png 500w\" sizes=\"(max-width: 150px) 100vw, 150px\" \/><\/a><\/p>\n<p>[\/vc_wp_text][\/vc_column_inner][\/vc_row_inner][\/vc_column][\/vc_row]<\/p>\n<\/div>","protected":false},"excerpt":{"rendered":"[vc_row css=\".vc_custom_1744021614316{margin-right: 15px !important;margin-left: 15px !important;background-color: #ffffff !important;}\"][vc_column][vc_wp_text] Nous proposons un apprentissage solide et structur\u00e9 align\u00e9 sur le CECR pour accueillir vos enfants dans leurs premiers pas en fran\u00e7ais ou pour les aider \u00e0 progresser de mani\u00e8re significative en fran\u00e7ais [...]","protected":false},"author":21,"featured_media":23024,"parent":1345,"menu_order":0,"comment_status":"closed","ping_status":"closed","template":"page-cours.php","meta":{"footnotes":""},"class_list":["post-22903","page","type-page","status-publish","has-post-thumbnail","hentry","ville_category-da-nang-fr","ville_category-en-ligne","ville_category-ha-noi-fr","ville_category-hcmc-fr","ville_category-hue-fr"],"acf":[],"yoast_head":"<!-- This site is optimized with the Yoast SEO plugin v25.3.1 - https:\/\/yoast.com\/wordpress\/plugins\/seo\/ -->\n<title>Cours de fran\u00e7ais pour les \u00e9l\u00e8ves du Primaire - Vi\u1ec7n Ph\u00e1p t\u1ea1i Vi\u1ec7t Nam | Institut fran\u00e7ais du Vietnam<\/title>\n<meta name=\"description\" content=\"L\u2019Institut fran\u00e7ais accueille vos enfants dans leurs premiers pas en fran\u00e7ais ou pour les aider \u00e0 progresser de mani\u00e8re significative\" \/>\n<meta name=\"robots\" content=\"index, follow, max-snippet:-1, max-image-preview:large, max-video-preview:-1\" \/>\n<link rel=\"canonical\" href=\"https:\/\/ifv.vn\/fr\/francais\/cours-francais-primaire\/\" \/>\n<meta property=\"og:locale\" content=\"fr_FR\" \/>\n<meta property=\"og:type\" content=\"article\" \/>\n<meta property=\"og:title\" content=\"Cours de fran\u00e7ais pour les \u00e9l\u00e8ves du Primaire - Vi\u1ec7n Ph\u00e1p t\u1ea1i Vi\u1ec7t Nam | Institut fran\u00e7ais du Vietnam\" \/>\n<meta property=\"og:description\" content=\"L\u2019Institut fran\u00e7ais accueille vos enfants dans leurs premiers pas en fran\u00e7ais ou pour les aider \u00e0 progresser de mani\u00e8re significative\" \/>\n<meta property=\"og:url\" content=\"https:\/\/ifv.vn\/fr\/francais\/cours-francais-primaire\/\" \/>\n<meta property=\"og:site_name\" content=\"Vi\u1ec7n Ph\u00e1p t\u1ea1i Vi\u1ec7t Nam | Institut fran\u00e7ais du Vietnam\" \/>\n<meta property=\"article:modified_time\" content=\"2025-07-11T17:05:05+00:00\" \/>\n<meta property=\"og:image\" content=\"https:\/\/ifv.vn\/wp-content\/uploads\/2025\/04\/if-vietnam-ifv-hoc-tieng-phap-ngay-tai-vien-phap-lespace-hoc-sinh-tieu-hoc.png\" \/>\n\t<meta property=\"og:image:width\" content=\"1260\" \/>\n\t<meta property=\"og:image:height\" content=\"420\" \/>\n\t<meta property=\"og:image:type\" content=\"image\/png\" \/>\n<meta name=\"twitter:card\" content=\"summary_large_image\" \/>\n<meta name=\"twitter:label1\" content=\"Est. reading time\" \/>\n\t<meta name=\"twitter:data1\" content=\"3 minutes\" \/>\n<script type=\"application\/ld+json\" class=\"yoast-schema-graph\">{\"@context\":\"https:\/\/schema.org\",\"@graph\":[{\"@type\":\"WebPage\",\"@id\":\"https:\/\/ifv.vn\/fr\/francais\/cours-francais-primaire\/\",\"url\":\"https:\/\/ifv.vn\/fr\/francais\/cours-francais-primaire\/\",\"name\":\"Cours de fran\u00e7ais pour les \u00e9l\u00e8ves du Primaire - Vi\u1ec7n Ph\u00e1p t\u1ea1i Vi\u1ec7t Nam | Institut fran\u00e7ais du Vietnam\",\"isPartOf\":{\"@id\":\"https:\/\/ifv.vn\/#website\"},\"primaryImageOfPage\":{\"@id\":\"https:\/\/ifv.vn\/fr\/francais\/cours-francais-primaire\/#primaryimage\"},\"image\":{\"@id\":\"https:\/\/ifv.vn\/fr\/francais\/cours-francais-primaire\/#primaryimage\"},\"thumbnailUrl\":\"https:\/\/ifv.vn\/wp-content\/uploads\/2025\/04\/if-vietnam-ifv-hoc-tieng-phap-ngay-tai-vien-phap-lespace-hoc-sinh-tieu-hoc.png\",\"datePublished\":\"2025-04-07T09:16:31+00:00\",\"dateModified\":\"2025-07-11T17:05:05+00:00\",\"description\":\"L\u2019Institut fran\u00e7ais accueille vos enfants dans leurs premiers pas en fran\u00e7ais ou pour les aider \u00e0 progresser de mani\u00e8re significative\",\"breadcrumb\":{\"@id\":\"https:\/\/ifv.vn\/fr\/francais\/cours-francais-primaire\/#breadcrumb\"},\"inLanguage\":\"fr-FR\",\"potentialAction\":[{\"@type\":\"ReadAction\",\"target\":[\"https:\/\/ifv.vn\/fr\/francais\/cours-francais-primaire\/\"]}]},{\"@type\":\"ImageObject\",\"inLanguage\":\"fr-FR\",\"@id\":\"https:\/\/ifv.vn\/fr\/francais\/cours-francais-primaire\/#primaryimage\",\"url\":\"https:\/\/ifv.vn\/wp-content\/uploads\/2025\/04\/if-vietnam-ifv-hoc-tieng-phap-ngay-tai-vien-phap-lespace-hoc-sinh-tieu-hoc.png\",\"contentUrl\":\"https:\/\/ifv.vn\/wp-content\/uploads\/2025\/04\/if-vietnam-ifv-hoc-tieng-phap-ngay-tai-vien-phap-lespace-hoc-sinh-tieu-hoc.png\",\"width\":1260,\"height\":420,\"caption\":\"IF Vietnam IFV Ho\u0323c tie\u0302\u0301ng Pha\u0301p ngay ta\u0323i VIE\u0323\u0302N PHA\u0301P L'espace | HO\u0323C SINH TIE\u0302\u0309U HO\u0323C\"},{\"@type\":\"BreadcrumbList\",\"@id\":\"https:\/\/ifv.vn\/fr\/francais\/cours-francais-primaire\/#breadcrumb\",\"itemListElement\":[{\"@type\":\"ListItem\",\"position\":1,\"name\":\"Home\",\"item\":\"https:\/\/ifv.vn\/fr\/\"},{\"@type\":\"ListItem\",\"position\":2,\"name\":\"Fran\u00e7ais\",\"item\":\"https:\/\/ifv.vn\/fr\/francais\/\"},{\"@type\":\"ListItem\",\"position\":3,\"name\":\"Cours de fran\u00e7ais pour les \u00e9l\u00e8ves du Primaire\"}]},{\"@type\":\"WebSite\",\"@id\":\"https:\/\/ifv.vn\/#website\",\"url\":\"https:\/\/ifv.vn\/\",\"name\":\"Vi\u1ec7n Ph\u00e1p t\u1ea1i Vi\u1ec7t Nam | Institut fran\u00e7ais du Vietnam\",\"description\":\"\",\"publisher\":{\"@id\":\"https:\/\/ifv.vn\/#organization\"},\"potentialAction\":[{\"@type\":\"SearchAction\",\"target\":{\"@type\":\"EntryPoint\",\"urlTemplate\":\"https:\/\/ifv.vn\/?s={search_term_string}\"},\"query-input\":{\"@type\":\"PropertyValueSpecification\",\"valueRequired\":true,\"valueName\":\"search_term_string\"}}],\"inLanguage\":\"fr-FR\"},{\"@type\":\"Organization\",\"@id\":\"https:\/\/ifv.vn\/#organization\",\"name\":\"Vi\u1ec7n Ph\u00e1p t\u1ea1i Vi\u1ec7t Nam | Institut fran\u00e7ais du Vietnam\",\"url\":\"https:\/\/ifv.vn\/\",\"logo\":{\"@type\":\"ImageObject\",\"inLanguage\":\"fr-FR\",\"@id\":\"https:\/\/ifv.vn\/#\/schema\/logo\/image\/\",\"url\":\"https:\/\/ifv.vn\/wp-content\/uploads\/2025\/10\/cropped-asset-6.png\",\"contentUrl\":\"https:\/\/ifv.vn\/wp-content\/uploads\/2025\/10\/cropped-asset-6.png\",\"width\":248,\"height\":165,\"caption\":\"Vi\u1ec7n Ph\u00e1p t\u1ea1i Vi\u1ec7t Nam | Institut fran\u00e7ais du Vietnam\"},\"image\":{\"@id\":\"https:\/\/ifv.vn\/#\/schema\/logo\/image\/\"}}]}<\/script>\n<!-- \/ Yoast SEO plugin. -->","yoast_head_json":{"title":"Cours de fran\u00e7ais pour les \u00e9l\u00e8ves du Primaire - Vi\u1ec7n Ph\u00e1p t\u1ea1i Vi\u1ec7t Nam | Institut fran\u00e7ais du Vietnam","description":"L\u2019Institut fran\u00e7ais accueille vos enfants dans leurs premiers pas en fran\u00e7ais ou pour les aider \u00e0 progresser de mani\u00e8re significative","robots":{"index":"index","follow":"follow","max-snippet":"max-snippet:-1","max-image-preview":"max-image-preview:large","max-video-preview":"max-video-preview:-1"},"canonical":"https:\/\/ifv.vn\/fr\/francais\/cours-francais-primaire\/","og_locale":"fr_FR","og_type":"article","og_title":"Cours de fran\u00e7ais pour les \u00e9l\u00e8ves du Primaire - Vi\u1ec7n Ph\u00e1p t\u1ea1i Vi\u1ec7t Nam | Institut fran\u00e7ais du Vietnam","og_description":"L\u2019Institut fran\u00e7ais accueille vos enfants dans leurs premiers pas en fran\u00e7ais ou pour les aider \u00e0 progresser de mani\u00e8re significative","og_url":"https:\/\/ifv.vn\/fr\/francais\/cours-francais-primaire\/","og_site_name":"Vi\u1ec7n Ph\u00e1p t\u1ea1i Vi\u1ec7t Nam | Institut fran\u00e7ais du Vietnam","article_modified_time":"2025-07-11T17:05:05+00:00","og_image":[{"width":1260,"height":420,"url":"https:\/\/ifv.vn\/wp-content\/uploads\/2025\/04\/if-vietnam-ifv-hoc-tieng-phap-ngay-tai-vien-phap-lespace-hoc-sinh-tieu-hoc.png","type":"image\/png"}],"twitter_card":"summary_large_image","twitter_misc":{"Est. reading time":"3 minutes"},"schema":{"@context":"https:\/\/schema.org","@graph":[{"@type":"WebPage","@id":"https:\/\/ifv.vn\/fr\/francais\/cours-francais-primaire\/","url":"https:\/\/ifv.vn\/fr\/francais\/cours-francais-primaire\/","name":"Cours de fran\u00e7ais pour les \u00e9l\u00e8ves du Primaire - Vi\u1ec7n Ph\u00e1p t\u1ea1i Vi\u1ec7t Nam | Institut fran\u00e7ais du Vietnam","isPartOf":{"@id":"https:\/\/ifv.vn\/#website"},"primaryImageOfPage":{"@id":"https:\/\/ifv.vn\/fr\/francais\/cours-francais-primaire\/#primaryimage"},"image":{"@id":"https:\/\/ifv.vn\/fr\/francais\/cours-francais-primaire\/#primaryimage"},"thumbnailUrl":"https:\/\/ifv.vn\/wp-content\/uploads\/2025\/04\/if-vietnam-ifv-hoc-tieng-phap-ngay-tai-vien-phap-lespace-hoc-sinh-tieu-hoc.png","datePublished":"2025-04-07T09:16:31+00:00","dateModified":"2025-07-11T17:05:05+00:00","description":"L\u2019Institut fran\u00e7ais accueille vos enfants dans leurs premiers pas en fran\u00e7ais ou pour les aider \u00e0 progresser de mani\u00e8re significative","breadcrumb":{"@id":"https:\/\/ifv.vn\/fr\/francais\/cours-francais-primaire\/#breadcrumb"},"inLanguage":"fr-FR","potentialAction":[{"@type":"ReadAction","target":["https:\/\/ifv.vn\/fr\/francais\/cours-francais-primaire\/"]}]},{"@type":"ImageObject","inLanguage":"fr-FR","@id":"https:\/\/ifv.vn\/fr\/francais\/cours-francais-primaire\/#primaryimage","url":"https:\/\/ifv.vn\/wp-content\/uploads\/2025\/04\/if-vietnam-ifv-hoc-tieng-phap-ngay-tai-vien-phap-lespace-hoc-sinh-tieu-hoc.png","contentUrl":"https:\/\/ifv.vn\/wp-content\/uploads\/2025\/04\/if-vietnam-ifv-hoc-tieng-phap-ngay-tai-vien-phap-lespace-hoc-sinh-tieu-hoc.png","width":1260,"height":420,"caption":"IF Vietnam IFV Ho\u0323c tie\u0302\u0301ng Pha\u0301p ngay ta\u0323i VIE\u0323\u0302N PHA\u0301P L'espace | HO\u0323C SINH TIE\u0302\u0309U HO\u0323C"},{"@type":"BreadcrumbList","@id":"https:\/\/ifv.vn\/fr\/francais\/cours-francais-primaire\/#breadcrumb","itemListElement":[{"@type":"ListItem","position":1,"name":"Home","item":"https:\/\/ifv.vn\/fr\/"},{"@type":"ListItem","position":2,"name":"Fran\u00e7ais","item":"https:\/\/ifv.vn\/fr\/francais\/"},{"@type":"ListItem","position":3,"name":"Cours de fran\u00e7ais pour les \u00e9l\u00e8ves du Primaire"}]},{"@type":"WebSite","@id":"https:\/\/ifv.vn\/#website","url":"https:\/\/ifv.vn\/","name":"Vi\u1ec7n Ph\u00e1p t\u1ea1i Vi\u1ec7t Nam | Institut fran\u00e7ais du Vietnam","description":"","publisher":{"@id":"https:\/\/ifv.vn\/#organization"},"potentialAction":[{"@type":"SearchAction","target":{"@type":"EntryPoint","urlTemplate":"https:\/\/ifv.vn\/?s={search_term_string}"},"query-input":{"@type":"PropertyValueSpecification","valueRequired":true,"valueName":"search_term_string"}}],"inLanguage":"fr-FR"},{"@type":"Organization","@id":"https:\/\/ifv.vn\/#organization","name":"Vi\u1ec7n Ph\u00e1p t\u1ea1i Vi\u1ec7t Nam | Institut fran\u00e7ais du Vietnam","url":"https:\/\/ifv.vn\/","logo":{"@type":"ImageObject","inLanguage":"fr-FR","@id":"https:\/\/ifv.vn\/#\/schema\/logo\/image\/","url":"https:\/\/ifv.vn\/wp-content\/uploads\/2025\/10\/cropped-asset-6.png","contentUrl":"https:\/\/ifv.vn\/wp-content\/uploads\/2025\/10\/cropped-asset-6.png","width":248,"height":165,"caption":"Vi\u1ec7n Ph\u00e1p t\u1ea1i Vi\u1ec7t Nam | Institut fran\u00e7ais du Vietnam"},"image":{"@id":"https:\/\/ifv.vn\/#\/schema\/logo\/image\/"}}]}},"_links":{"self":[{"href":"https:\/\/ifv.vn\/fr\/wp-json\/wp\/v2\/pages\/22903"}],"collection":[{"href":"https:\/\/ifv.vn\/fr\/wp-json\/wp\/v2\/pages"}],"about":[{"href":"https:\/\/ifv.vn\/fr\/wp-json\/wp\/v2\/types\/page"}],"author":[{"embeddable":true,"href":"https:\/\/ifv.vn\/fr\/wp-json\/wp\/v2\/users\/21"}],"replies":[{"embeddable":true,"href":"https:\/\/ifv.vn\/fr\/wp-json\/wp\/v2\/comments?post=22903"}],"version-history":[{"count":38,"href":"https:\/\/ifv.vn\/fr\/wp-json\/wp\/v2\/pages\/22903\/revisions"}],"predecessor-version":[{"id":23648,"href":"https:\/\/ifv.vn\/fr\/wp-json\/wp\/v2\/pages\/22903\/revisions\/23648"}],"up":[{"embeddable":true,"href":"https:\/\/ifv.vn\/fr\/wp-json\/wp\/v2\/pages\/1345"}],"wp:featuredmedia":[{"embeddable":true,"href":"https:\/\/ifv.vn\/fr\/wp-json\/wp\/v2\/media\/23024"}],"wp:attachment":[{"href":"https:\/\/ifv.vn\/fr\/wp-json\/wp\/v2\/media?parent=22903"}],"curies":[{"name":"wp","href":"https:\/\/api.w.org\/{rel}","templated":true}]}}