{"id":23061,"date":"2025-05-09T20:13:37","date_gmt":"2025-05-09T13:13:37","guid":{"rendered":"https:\/\/ifv.vn\/?page_id=23061"},"modified":"2025-11-19T16:41:11","modified_gmt":"2025-11-19T09:41:11","slug":"cours-francais-college","status":"publish","type":"page","link":"https:\/\/ifv.vn\/fr\/francais\/cours-francais-college\/","title":{"rendered":"Cours de fran\u00e7ais pour les coll\u00e9giens"},"content":{"rendered":"<div class=\"wpb-content-wrapper\"><p>[vc_row css=&nbsp;&raquo;.vc_custom_1744021614316{margin-right: 15px !important;margin-left: 15px !important;background-color: #ffffff !important;}&nbsp;&raquo;][vc_column][vc_wp_text]<\/p>\n<p class=\"cvGsUA direction-ltr align-center para-style-body\" style=\"text-align: left;\">Nous vous proposons un <strong>apprentissage solide et structur\u00e9<\/strong> align\u00e9 sur le CECR \u00e0 travers une <strong>d\u00e9marche actionnelle<\/strong> qui s&rsquo;appuie sur la p\u00e9dagogie par projets et dans un <strong>cadre immersif avec 100% des cours assur\u00e9s par nos enseignants natifs.<\/strong><\/p>\n<p class=\"cvGsUA direction-ltr align-center para-style-body\" style=\"text-align: left;\">Avec une <strong>m\u00e9thode authentique<\/strong> construite avec des experts \u00e9ducatifs de France, les apprenants d\u00e9couvrent les th\u00e9matiques socioculturelles d&rsquo;actualit\u00e9 et leur <strong>r\u00e9flexion<\/strong> est stimul\u00e9e \u00e0 l&rsquo;occasion de synth\u00e8ses, de comptes rendus, d&rsquo;expos\u00e9s, de brochures explicatives, et du d\u00e9veloppement d&rsquo;id\u00e9es de projet.<\/p>\n<p class=\"cvGsUA direction-ltr align-center para-style-body\" style=\"text-align: left;\">Les <strong>situations de communication et les activit\u00e9s ludiques et interactives<\/strong> au format vari\u00e9 font appel \u00e0 <strong>diff\u00e9rentes comp\u00e9tences cognitives<\/strong> afin de permettre \u00e0 tous les \u00e9l\u00e8ves de s&rsquo;approprier les contenus pr\u00e9sent\u00e9s dans le cadre de travail individuel, en bin\u00f4me, et en groupe. Les apprentissages sont renforc\u00e9s \u00e0 travers les <strong>jeux d&rsquo;\u00e9vasion<\/strong> en classe, qui cl\u00f4turent chaque \u00e9tape et permettent de <strong>d\u00e9velopper l&rsquo;entraide, la cr\u00e9ativit\u00e9, et favorisent l&rsquo;intelligence collective et le travail coop\u00e9ratif.<\/strong><\/p>\n<p>[\/vc_wp_text][\/vc_column][\/vc_row][vc_row css=&nbsp;&raquo;.vc_custom_1744029766763{margin-top: 25px !important;margin-right: 15px !important;margin-left: 15px !important;}&nbsp;&raquo;][vc_column width=&nbsp;&raquo;1\/5&Prime;][vc_icon type=&nbsp;&raquo;openiconic&nbsp;&raquo; icon_openiconic=&nbsp;&raquo;vc-oi vc-oi-layers&nbsp;&raquo; color=&nbsp;&raquo;custom&nbsp;&raquo; size=&nbsp;&raquo;xl&nbsp;&raquo; align=&nbsp;&raquo;center&nbsp;&raquo; css=&nbsp;&raquo;.vc_custom_1744024216982{margin-bottom: 15px !important;}&nbsp;&raquo; custom_color=&nbsp;&raquo;#3558a2&Prime;][vc_wp_text title=&nbsp;&raquo;M\u00e9thodes&nbsp;&raquo;]<\/p>\n<p>M\u00e9thodes fran\u00e7aises authentiques import\u00e9es de France<\/p>\n<p>[\/vc_wp_text][\/vc_column][vc_column width=&nbsp;&raquo;1\/5&Prime;][vc_icon type=&nbsp;&raquo;openiconic&nbsp;&raquo; icon_openiconic=&nbsp;&raquo;vc-oi vc-oi-user&nbsp;&raquo; color=&nbsp;&raquo;custom&nbsp;&raquo; size=&nbsp;&raquo;xl&nbsp;&raquo; align=&nbsp;&raquo;center&nbsp;&raquo; css=&nbsp;&raquo;.vc_custom_1744024224103{margin-bottom: 15px !important;}&nbsp;&raquo; custom_color=&nbsp;&raquo;#3558a2&Prime;][vc_wp_text title=&nbsp;&raquo;Enseignants&nbsp;&raquo;]<\/p>\n<p>100% enseignants natifs et dipl\u00f4m\u00e9s de l&rsquo;enseignement sup\u00e9rieur en p\u00e9dagogie<\/p>\n<p>[\/vc_wp_text][\/vc_column][vc_column width=&nbsp;&raquo;1\/5&Prime;][vc_icon type=&nbsp;&raquo;openiconic&nbsp;&raquo; icon_openiconic=&nbsp;&raquo;vc-oi vc-oi-sun-inv&nbsp;&raquo; color=&nbsp;&raquo;custom&nbsp;&raquo; size=&nbsp;&raquo;xl&nbsp;&raquo; align=&nbsp;&raquo;center&nbsp;&raquo; css=&nbsp;&raquo;.vc_custom_1744024262696{margin-bottom: 15px !important;}&nbsp;&raquo; custom_color=&nbsp;&raquo;#3558a2&Prime;][vc_wp_text title=&nbsp;&raquo;Cognition&nbsp;&raquo;]<\/p>\n<p>D\u00e9veloppement cognitif \u00e0 travers la cr\u00e9ativit\u00e9 et le travail coop\u00e9ratif<\/p>\n<p>[\/vc_wp_text][\/vc_column][vc_column width=&nbsp;&raquo;1\/5&Prime;][vc_icon type=&nbsp;&raquo;typicons&nbsp;&raquo; icon_typicons=&nbsp;&raquo;typcn typcn-th-list&nbsp;&raquo; color=&nbsp;&raquo;custom&nbsp;&raquo; size=&nbsp;&raquo;xl&nbsp;&raquo; align=&nbsp;&raquo;center&nbsp;&raquo; css=&nbsp;&raquo;.vc_custom_1744024230554{margin-bottom: 15px !important;}&nbsp;&raquo; custom_color=&nbsp;&raquo;#3558a2&Prime;][vc_wp_text title=&nbsp;&raquo;Apprentissage&nbsp;&raquo;]<\/p>\n<p>Apprentissage structur\u00e9 et progressif des 4 comp\u00e9tences langagi\u00e8res conforme au CECR<\/p>\n<p>[\/vc_wp_text][\/vc_column][vc_column width=&nbsp;&raquo;1\/5&Prime;][vc_icon type=&nbsp;&raquo;typicons&nbsp;&raquo; icon_typicons=&nbsp;&raquo;typcn typcn-globe&nbsp;&raquo; color=&nbsp;&raquo;custom&nbsp;&raquo; size=&nbsp;&raquo;xl&nbsp;&raquo; align=&nbsp;&raquo;center&nbsp;&raquo; css=&nbsp;&raquo;.vc_custom_1744024236470{margin-bottom: 15px !important;}&nbsp;&raquo; custom_color=&nbsp;&raquo;#3558a2&Prime;][vc_wp_text title=&nbsp;&raquo;International&nbsp;&raquo;]<\/p>\n<p>Appartenance au r\u00e9seau mondial des 100 centres officiels de l&rsquo;Institut fran\u00e7ais<\/p>\n<p>[\/vc_wp_text][\/vc_column][\/vc_row][vc_row][vc_column][vc_wp_text title=&nbsp;&raquo;Aper\u00e7u du programme pour coll\u00e9giens&nbsp;&raquo;]<a href=\"https:\/\/ifv.vn\/wp-content\/uploads\/2025\/05\/if-vietnam-ifv-hoc-tieng-phap-ngay-tai-vien-phap-lespace-tong-quan-ve-chuong-trinh-hoc-danh-cho-hoc-sinh-thcs-1-e1746247926614.png\"><img loading=\"lazy\" decoding=\"async\" class=\"wp-image-23089 size-full\" title=\"To\u0302\u0309ng quan ve\u0302\u0300 chu\u031bo\u031bng tri\u0300nh ho\u0323c DA\u0300NH CHO HO\u0323C SINH THCS\" src=\"https:\/\/ifv.vn\/wp-content\/uploads\/2025\/05\/if-vietnam-ifv-hoc-tieng-phap-ngay-tai-vien-phap-lespace-tong-quan-ve-chuong-trinh-hoc-danh-cho-hoc-sinh-thcs-1-e1746247926614.png\" alt=\"IF Vietnam IFV Ho\u0323c tie\u0302\u0301ng Pha\u0301p ngay ta\u0323i VIE\u0323\u0302N PHA\u0301P L'espace To\u0302\u0309ng quan ve\u0302\u0300 chu\u031bo\u031bng tri\u0300nh ho\u0323c DA\u0300NH CHO HO\u0323C SINH THCS\" width=\"1260\" height=\"1277\" srcset=\"https:\/\/ifv.vn\/wp-content\/uploads\/2025\/05\/if-vietnam-ifv-hoc-tieng-phap-ngay-tai-vien-phap-lespace-tong-quan-ve-chuong-trinh-hoc-danh-cho-hoc-sinh-thcs-1-e1746247926614.png 1260w, https:\/\/ifv.vn\/wp-content\/uploads\/2025\/05\/if-vietnam-ifv-hoc-tieng-phap-ngay-tai-vien-phap-lespace-tong-quan-ve-chuong-trinh-hoc-danh-cho-hoc-sinh-thcs-1-e1746247926614-296x300.png 296w, https:\/\/ifv.vn\/wp-content\/uploads\/2025\/05\/if-vietnam-ifv-hoc-tieng-phap-ngay-tai-vien-phap-lespace-tong-quan-ve-chuong-trinh-hoc-danh-cho-hoc-sinh-thcs-1-e1746247926614-1010x1024.png 1010w, https:\/\/ifv.vn\/wp-content\/uploads\/2025\/05\/if-vietnam-ifv-hoc-tieng-phap-ngay-tai-vien-phap-lespace-tong-quan-ve-chuong-trinh-hoc-danh-cho-hoc-sinh-thcs-1-e1746247926614-768x778.png 768w, https:\/\/ifv.vn\/wp-content\/uploads\/2025\/05\/if-vietnam-ifv-hoc-tieng-phap-ngay-tai-vien-phap-lespace-tong-quan-ve-chuong-trinh-hoc-danh-cho-hoc-sinh-thcs-1-e1746247926614-100x100.png 100w, https:\/\/ifv.vn\/wp-content\/uploads\/2025\/05\/if-vietnam-ifv-hoc-tieng-phap-ngay-tai-vien-phap-lespace-tong-quan-ve-chuong-trinh-hoc-danh-cho-hoc-sinh-thcs-1-e1746247926614-16x16.png 16w\" sizes=\"(max-width: 1260px) 100vw, 1260px\" \/><\/a>[\/vc_wp_text][\/vc_column][\/vc_row][vc_row][vc_column][vc_wp_text title=&nbsp;&raquo;Pour aller plus loin&nbsp;&raquo;][\/vc_wp_text][vc_row_inner gap=&nbsp;&raquo;35&Prime; css=&nbsp;&raquo;.vc_custom_1746002769030{margin-right: 15px !important;margin-left: 15px !important;}&nbsp;&raquo;][vc_column_inner width=&nbsp;&raquo;1\/2&Prime; css=&nbsp;&raquo;.vc_custom_1746002683312{background-color: #3558a2 !important;}&nbsp;&raquo;][vc_wp_text]<\/p>\n<h2><span style=\"color: #ffffff;\"><a style=\"color: #ffffff;\" href=\"https:\/\/ifv.vn\/fr\/cours-de-francais\/catalogue\/?etablishmentBranchIds=4&#038;classificationIds=4&#038;levelsIds=576\/\">Cours pour d\u00e9butants complets<\/a><\/span><\/h2>\n<p>[\/vc_wp_text][\/vc_column_inner][vc_column_inner width=&nbsp;&raquo;1\/2&Prime; css=&nbsp;&raquo;.vc_custom_1746002705948{background-color: #3558a2 !important;}&nbsp;&raquo;][vc_wp_text]<\/p>\n<h2><span style=\"color: #ffffff;\"><a style=\"color: #ffffff;\" href=\"https:\/\/ifv.vn\/fr\/cours-de-francais\/catalogue\/?etablishmentBranchIds=4&#038;classificationIds=4#\/\">Cours tous niveaux<\/a><\/span><\/h2>\n<p>[\/vc_wp_text][\/vc_column_inner][\/vc_row_inner][\/vc_column][\/vc_row][vc_row css=&nbsp;&raquo;.vc_custom_1746253449841{margin-top: 15px !important;margin-right: 0px !important;margin-left: 0px !important;}&nbsp;&raquo;][vc_column css=&nbsp;&raquo;.vc_custom_1746253803041{margin-right: 0px !important;margin-left: 0px !important;}&nbsp;&raquo;][vc_wp_text title=&nbsp;&raquo;Contactez-nous :&nbsp;&raquo;][\/vc_wp_text][vc_row_inner css=&nbsp;&raquo;.vc_custom_1746664730051{margin-right: 0px !important;margin-left: 0px !important;}&nbsp;&raquo;][vc_column_inner width=&nbsp;&raquo;5\/6&Prime; css=&nbsp;&raquo;.vc_custom_1746664672635{margin-top: 15px !important;}&nbsp;&raquo;]\n                <div class=\"wpb_wrapper\">\n                    <div class=\"block__form_newsletter border__1x \"><div class=\"title\">Laissez-nous vous recontacter<\/div>\n<div class=\"wpcf7 no-js\" id=\"wpcf7-f20077-o1\" lang=\"en-US\" dir=\"ltr\" data-wpcf7-id=\"20077\">\n<div class=\"screen-reader-response\"><p role=\"status\" aria-live=\"polite\" aria-atomic=\"true\"><\/p> <ul><\/ul><\/div>\n<form action=\"\/fr\/wp-json\/wp\/v2\/pages\/23061#wpcf7-f20077-o1\" method=\"post\" class=\"wpcf7-form init\" aria-label=\"Contact form\" novalidate=\"novalidate\" data-status=\"init\">\n<div style=\"display: none;\">\n<input type=\"hidden\" name=\"_wpcf7\" value=\"20077\" \/>\n<input type=\"hidden\" name=\"_wpcf7_version\" value=\"6.0.6\" \/>\n<input type=\"hidden\" name=\"_wpcf7_locale\" value=\"en_US\" \/>\n<input type=\"hidden\" name=\"_wpcf7_unit_tag\" value=\"wpcf7-f20077-o1\" \/>\n<input type=\"hidden\" name=\"_wpcf7_container_post\" value=\"0\" \/>\n<input type=\"hidden\" name=\"_wpcf7_posted_data_hash\" value=\"\" \/>\n<input type=\"hidden\" name=\"_wpcf7_recaptcha_response\" value=\"\" \/>\n<\/div>\n<div class=\"item\">\n\t<p><span class=\"wpcf7-form-control-wrap\" data-name=\"Ville\"><select class=\"wpcf7-form-control wpcf7-select wpcf7-validates-as-required\" aria-required=\"true\" aria-invalid=\"false\" name=\"Ville\"><option value=\"Votre ville ?*\">Votre ville ?*<\/option><option value=\"Hanoi\">Hanoi<\/option><option value=\"Hue\">Hue<\/option><option value=\"Danang\">Danang<\/option><option value=\"HCMV\">HCMV<\/option><option value=\"Autre\">Autre<\/option><\/select><\/span>\n\t<\/p>\n<\/div>\n<div class=\"item\">\n\t<p><span class=\"wpcf7-form-control-wrap\" data-name=\"Age\"><select class=\"wpcf7-form-control wpcf7-select wpcf7-validates-as-required\" aria-required=\"true\" aria-invalid=\"false\" name=\"Age\"><option value=\"Age de la personne concern\u00e9e*\">Age de la personne concern\u00e9e*<\/option><option value=\"4-6 ans\">4-6 ans<\/option><option value=\"7-10 ans\">7-10 ans<\/option><option value=\"11-14 ans\">11-14 ans<\/option><option value=\"15-17 ans\">15-17 ans<\/option><option value=\"Adultes\">Adultes<\/option><\/select><\/span>\n\t<\/p>\n<\/div>\n<div class=\"item\">\n\t<p><span class=\"wpcf7-form-control-wrap\" data-name=\"Nom\"><input size=\"40\" maxlength=\"400\" class=\"wpcf7-form-control wpcf7-text wpcf7-validates-as-required\" aria-required=\"true\" aria-invalid=\"false\" placeholder=\"Nom et pr\u00e9nom du demandeur*\" value=\"\" type=\"text\" name=\"Nom\" \/><\/span>\n\t<\/p>\n<\/div>\n<div class=\"item\">\n\t<p><span class=\"wpcf7-form-control-wrap\" data-name=\"Email\"><input size=\"40\" maxlength=\"400\" class=\"wpcf7-form-control wpcf7-email wpcf7-validates-as-required wpcf7-text wpcf7-validates-as-email\" aria-required=\"true\" aria-invalid=\"false\" placeholder=\"Email*\" value=\"\" type=\"email\" name=\"Email\" \/><\/span>\n\t<\/p>\n<\/div>\n<div class=\"item\">\n\t<p><span class=\"wpcf7-form-control-wrap\" data-name=\"Tel\"><input size=\"40\" maxlength=\"400\" class=\"wpcf7-form-control wpcf7-text\" aria-invalid=\"false\" placeholder=\"Num\u00e9ro de t\u00e9l\u00e9phone\" value=\"\" type=\"text\" name=\"Tel\" \/><\/span>\n\t<\/p>\n<\/div>\n<div class=\"item\">\n\t<p><span class=\"wpcf7-form-control-wrap\" data-name=\"Message\"><textarea cols=\"40\" rows=\"10\" maxlength=\"2000\" class=\"wpcf7-form-control wpcf7-textarea wpcf7-validates-as-required\" aria-required=\"true\" aria-invalid=\"false\" placeholder=\"Votre message*\" name=\"Message\"><\/textarea><\/span>\n\t<\/p>\n<\/div>\n<div>\n\t<p><input class=\"wpcf7-form-control wpcf7-submit has-spinner\" type=\"submit\" value=\"Envoyer\" \/>\n\t<\/p>\n<\/div>\n<div class=\"champs\">\n\t<p>*Champs requis\n\t<\/p>\n<\/div>\n<div class=\"clearfix\">\n<\/div><div class=\"wpcf7-response-output\" aria-hidden=\"true\"><\/div>\n<\/form>\n<\/div>\n<\/div>\n            <\/div>[\/vc_column_inner][vc_column_inner width=&nbsp;&raquo;1\/6&Prime; css=&nbsp;&raquo;.vc_custom_1746664593818{margin-right: 0px !important;margin-left: 0px !important;}&nbsp;&raquo;][vc_wp_text]<\/p>\n<p><a href=\"tel:+842432013300\"><img loading=\"lazy\" decoding=\"async\" class=\"alignnone wp-image-23164 size-thumbnail\" src=\"https:\/\/ifv.vn\/wp-content\/uploads\/2025\/05\/icones-site-ifv-2-150x150.png\" alt=\"\" width=\"150\" height=\"150\" srcset=\"https:\/\/ifv.vn\/wp-content\/uploads\/2025\/05\/icones-site-ifv-2-150x150.png 150w, https:\/\/ifv.vn\/wp-content\/uploads\/2025\/05\/icones-site-ifv-2-300x300.png 300w, https:\/\/ifv.vn\/wp-content\/uploads\/2025\/05\/icones-site-ifv-2-100x100.png 100w, https:\/\/ifv.vn\/wp-content\/uploads\/2025\/05\/icones-site-ifv-2-16x16.png 16w, https:\/\/ifv.vn\/wp-content\/uploads\/2025\/05\/icones-site-ifv-2-288x288.png 288w, https:\/\/ifv.vn\/wp-content\/uploads\/2025\/05\/icones-site-ifv-2.png 500w\" sizes=\"(max-width: 150px) 100vw, 150px\" \/><\/a><\/p>\n<p>[\/vc_wp_text][\/vc_column_inner][\/vc_row_inner][\/vc_column][\/vc_row]<\/p>\n<\/div>","protected":false},"excerpt":{"rendered":"[vc_row css=\".vc_custom_1744021614316{margin-right: 15px !important;margin-left: 15px !important;background-color: #ffffff !important;}\"][vc_column][vc_wp_text] Nous vous proposons un apprentissage solide et structur\u00e9 align\u00e9 sur le CECR \u00e0 travers une d\u00e9marche actionnelle qui s'appuie sur la p\u00e9dagogie par projets et dans un cadre immersif avec 100% des [...]","protected":false},"author":21,"featured_media":23018,"parent":1345,"menu_order":0,"comment_status":"closed","ping_status":"closed","template":"page-cours.php","meta":{"footnotes":""},"class_list":["post-23061","page","type-page","status-publish","has-post-thumbnail","hentry","ville_category-da-nang-fr","ville_category-en-ligne","ville_category-ha-noi-fr","ville_category-hcmc-fr","ville_category-hue-fr"],"acf":[],"yoast_head":"<!-- This site is optimized with the Yoast SEO plugin v25.3.1 - https:\/\/yoast.com\/wordpress\/plugins\/seo\/ -->\n<title>Cours de fran\u00e7ais pour les coll\u00e9giens - Vi\u1ec7n Ph\u00e1p t\u1ea1i Vi\u1ec7t Nam | Institut fran\u00e7ais du Vietnam<\/title>\n<meta name=\"robots\" content=\"index, follow, max-snippet:-1, max-image-preview:large, max-video-preview:-1\" \/>\n<link rel=\"canonical\" href=\"https:\/\/ifv.vn\/fr\/francais\/cours-francais-college\/\" \/>\n<meta property=\"og:locale\" content=\"fr_FR\" \/>\n<meta property=\"og:type\" content=\"article\" \/>\n<meta property=\"og:title\" content=\"Cours de fran\u00e7ais pour les coll\u00e9giens - Vi\u1ec7n Ph\u00e1p t\u1ea1i Vi\u1ec7t Nam | Institut fran\u00e7ais du Vietnam\" \/>\n<meta property=\"og:description\" content=\"[vc_row css=&nbsp;&raquo;.vc_custom_1744021614316{margin-right: 15px !important;margin-left: 15px !important;background-color: #ffffff !important;}&nbsp;&raquo;][vc_column][vc_wp_text] Nous vous proposons un apprentissage solide et structur\u00e9 align\u00e9 sur le CECR \u00e0 travers une d\u00e9marche actionnelle qui s&rsquo;appuie sur la p\u00e9dagogie par projets et dans un cadre immersif avec 100% des [&hellip;]\" \/>\n<meta property=\"og:url\" content=\"https:\/\/ifv.vn\/fr\/francais\/cours-francais-college\/\" \/>\n<meta property=\"og:site_name\" content=\"Vi\u1ec7n Ph\u00e1p t\u1ea1i Vi\u1ec7t Nam | Institut fran\u00e7ais du Vietnam\" \/>\n<meta property=\"article:modified_time\" content=\"2025-11-19T09:41:11+00:00\" \/>\n<meta property=\"og:image\" content=\"https:\/\/ifv.vn\/wp-content\/uploads\/2025\/04\/if-vietnam-ifv-hoc-tieng-phap-ngay-tai-vien-phap-lespace-danh-cho-hoc-sinh-thcs.png\" \/>\n\t<meta property=\"og:image:width\" content=\"1260\" \/>\n\t<meta property=\"og:image:height\" content=\"420\" \/>\n\t<meta property=\"og:image:type\" content=\"image\/png\" \/>\n<meta name=\"twitter:card\" content=\"summary_large_image\" \/>\n<meta name=\"twitter:label1\" content=\"Est. reading time\" \/>\n\t<meta name=\"twitter:data1\" content=\"3 minutes\" \/>\n<script type=\"application\/ld+json\" class=\"yoast-schema-graph\">{\"@context\":\"https:\/\/schema.org\",\"@graph\":[{\"@type\":\"WebPage\",\"@id\":\"https:\/\/ifv.vn\/fr\/francais\/cours-francais-college\/\",\"url\":\"https:\/\/ifv.vn\/fr\/francais\/cours-francais-college\/\",\"name\":\"Cours de fran\u00e7ais pour les coll\u00e9giens - Vi\u1ec7n Ph\u00e1p t\u1ea1i Vi\u1ec7t Nam | Institut fran\u00e7ais du Vietnam\",\"isPartOf\":{\"@id\":\"https:\/\/ifv.vn\/#website\"},\"primaryImageOfPage\":{\"@id\":\"https:\/\/ifv.vn\/fr\/francais\/cours-francais-college\/#primaryimage\"},\"image\":{\"@id\":\"https:\/\/ifv.vn\/fr\/francais\/cours-francais-college\/#primaryimage\"},\"thumbnailUrl\":\"https:\/\/ifv.vn\/wp-content\/uploads\/2025\/04\/if-vietnam-ifv-hoc-tieng-phap-ngay-tai-vien-phap-lespace-danh-cho-hoc-sinh-thcs.png\",\"datePublished\":\"2025-05-09T13:13:37+00:00\",\"dateModified\":\"2025-11-19T09:41:11+00:00\",\"breadcrumb\":{\"@id\":\"https:\/\/ifv.vn\/fr\/francais\/cours-francais-college\/#breadcrumb\"},\"inLanguage\":\"fr-FR\",\"potentialAction\":[{\"@type\":\"ReadAction\",\"target\":[\"https:\/\/ifv.vn\/fr\/francais\/cours-francais-college\/\"]}]},{\"@type\":\"ImageObject\",\"inLanguage\":\"fr-FR\",\"@id\":\"https:\/\/ifv.vn\/fr\/francais\/cours-francais-college\/#primaryimage\",\"url\":\"https:\/\/ifv.vn\/wp-content\/uploads\/2025\/04\/if-vietnam-ifv-hoc-tieng-phap-ngay-tai-vien-phap-lespace-danh-cho-hoc-sinh-thcs.png\",\"contentUrl\":\"https:\/\/ifv.vn\/wp-content\/uploads\/2025\/04\/if-vietnam-ifv-hoc-tieng-phap-ngay-tai-vien-phap-lespace-danh-cho-hoc-sinh-thcs.png\",\"width\":1260,\"height\":420,\"caption\":\"IF Vietnam IFV Ho\u0323c tie\u0302\u0301ng Pha\u0301p ngay ta\u0323i VIE\u0323\u0302N PHA\u0301P L'espace | DA\u0300NH CHO HO\u0323C SINH THCS\"},{\"@type\":\"BreadcrumbList\",\"@id\":\"https:\/\/ifv.vn\/fr\/francais\/cours-francais-college\/#breadcrumb\",\"itemListElement\":[{\"@type\":\"ListItem\",\"position\":1,\"name\":\"Home\",\"item\":\"https:\/\/ifv.vn\/fr\/\"},{\"@type\":\"ListItem\",\"position\":2,\"name\":\"Fran\u00e7ais\",\"item\":\"https:\/\/ifv.vn\/fr\/francais\/\"},{\"@type\":\"ListItem\",\"position\":3,\"name\":\"Cours de fran\u00e7ais pour les coll\u00e9giens\"}]},{\"@type\":\"WebSite\",\"@id\":\"https:\/\/ifv.vn\/#website\",\"url\":\"https:\/\/ifv.vn\/\",\"name\":\"Vi\u1ec7n Ph\u00e1p t\u1ea1i Vi\u1ec7t Nam | Institut fran\u00e7ais du Vietnam\",\"description\":\"\",\"publisher\":{\"@id\":\"https:\/\/ifv.vn\/#organization\"},\"potentialAction\":[{\"@type\":\"SearchAction\",\"target\":{\"@type\":\"EntryPoint\",\"urlTemplate\":\"https:\/\/ifv.vn\/?s={search_term_string}\"},\"query-input\":{\"@type\":\"PropertyValueSpecification\",\"valueRequired\":true,\"valueName\":\"search_term_string\"}}],\"inLanguage\":\"fr-FR\"},{\"@type\":\"Organization\",\"@id\":\"https:\/\/ifv.vn\/#organization\",\"name\":\"Vi\u1ec7n Ph\u00e1p t\u1ea1i Vi\u1ec7t Nam | Institut fran\u00e7ais du Vietnam\",\"url\":\"https:\/\/ifv.vn\/\",\"logo\":{\"@type\":\"ImageObject\",\"inLanguage\":\"fr-FR\",\"@id\":\"https:\/\/ifv.vn\/#\/schema\/logo\/image\/\",\"url\":\"https:\/\/ifv.vn\/wp-content\/uploads\/2025\/10\/cropped-asset-6.png\",\"contentUrl\":\"https:\/\/ifv.vn\/wp-content\/uploads\/2025\/10\/cropped-asset-6.png\",\"width\":248,\"height\":165,\"caption\":\"Vi\u1ec7n Ph\u00e1p t\u1ea1i Vi\u1ec7t Nam | Institut fran\u00e7ais du Vietnam\"},\"image\":{\"@id\":\"https:\/\/ifv.vn\/#\/schema\/logo\/image\/\"}}]}<\/script>\n<!-- \/ Yoast SEO plugin. -->","yoast_head_json":{"title":"Cours de fran\u00e7ais pour les coll\u00e9giens - Vi\u1ec7n Ph\u00e1p t\u1ea1i Vi\u1ec7t Nam | Institut fran\u00e7ais du Vietnam","robots":{"index":"index","follow":"follow","max-snippet":"max-snippet:-1","max-image-preview":"max-image-preview:large","max-video-preview":"max-video-preview:-1"},"canonical":"https:\/\/ifv.vn\/fr\/francais\/cours-francais-college\/","og_locale":"fr_FR","og_type":"article","og_title":"Cours de fran\u00e7ais pour les coll\u00e9giens - Vi\u1ec7n Ph\u00e1p t\u1ea1i Vi\u1ec7t Nam | Institut fran\u00e7ais du Vietnam","og_description":"[vc_row css=&nbsp;&raquo;.vc_custom_1744021614316{margin-right: 15px !important;margin-left: 15px !important;background-color: #ffffff !important;}&nbsp;&raquo;][vc_column][vc_wp_text] Nous vous proposons un apprentissage solide et structur\u00e9 align\u00e9 sur le CECR \u00e0 travers une d\u00e9marche actionnelle qui s&rsquo;appuie sur la p\u00e9dagogie par projets et dans un cadre immersif avec 100% des [&hellip;]","og_url":"https:\/\/ifv.vn\/fr\/francais\/cours-francais-college\/","og_site_name":"Vi\u1ec7n Ph\u00e1p t\u1ea1i Vi\u1ec7t Nam | Institut fran\u00e7ais du Vietnam","article_modified_time":"2025-11-19T09:41:11+00:00","og_image":[{"width":1260,"height":420,"url":"https:\/\/ifv.vn\/wp-content\/uploads\/2025\/04\/if-vietnam-ifv-hoc-tieng-phap-ngay-tai-vien-phap-lespace-danh-cho-hoc-sinh-thcs.png","type":"image\/png"}],"twitter_card":"summary_large_image","twitter_misc":{"Est. reading time":"3 minutes"},"schema":{"@context":"https:\/\/schema.org","@graph":[{"@type":"WebPage","@id":"https:\/\/ifv.vn\/fr\/francais\/cours-francais-college\/","url":"https:\/\/ifv.vn\/fr\/francais\/cours-francais-college\/","name":"Cours de fran\u00e7ais pour les coll\u00e9giens - Vi\u1ec7n Ph\u00e1p t\u1ea1i Vi\u1ec7t Nam | Institut fran\u00e7ais du Vietnam","isPartOf":{"@id":"https:\/\/ifv.vn\/#website"},"primaryImageOfPage":{"@id":"https:\/\/ifv.vn\/fr\/francais\/cours-francais-college\/#primaryimage"},"image":{"@id":"https:\/\/ifv.vn\/fr\/francais\/cours-francais-college\/#primaryimage"},"thumbnailUrl":"https:\/\/ifv.vn\/wp-content\/uploads\/2025\/04\/if-vietnam-ifv-hoc-tieng-phap-ngay-tai-vien-phap-lespace-danh-cho-hoc-sinh-thcs.png","datePublished":"2025-05-09T13:13:37+00:00","dateModified":"2025-11-19T09:41:11+00:00","breadcrumb":{"@id":"https:\/\/ifv.vn\/fr\/francais\/cours-francais-college\/#breadcrumb"},"inLanguage":"fr-FR","potentialAction":[{"@type":"ReadAction","target":["https:\/\/ifv.vn\/fr\/francais\/cours-francais-college\/"]}]},{"@type":"ImageObject","inLanguage":"fr-FR","@id":"https:\/\/ifv.vn\/fr\/francais\/cours-francais-college\/#primaryimage","url":"https:\/\/ifv.vn\/wp-content\/uploads\/2025\/04\/if-vietnam-ifv-hoc-tieng-phap-ngay-tai-vien-phap-lespace-danh-cho-hoc-sinh-thcs.png","contentUrl":"https:\/\/ifv.vn\/wp-content\/uploads\/2025\/04\/if-vietnam-ifv-hoc-tieng-phap-ngay-tai-vien-phap-lespace-danh-cho-hoc-sinh-thcs.png","width":1260,"height":420,"caption":"IF Vietnam IFV Ho\u0323c tie\u0302\u0301ng Pha\u0301p ngay ta\u0323i VIE\u0323\u0302N PHA\u0301P L'espace | DA\u0300NH CHO HO\u0323C SINH THCS"},{"@type":"BreadcrumbList","@id":"https:\/\/ifv.vn\/fr\/francais\/cours-francais-college\/#breadcrumb","itemListElement":[{"@type":"ListItem","position":1,"name":"Home","item":"https:\/\/ifv.vn\/fr\/"},{"@type":"ListItem","position":2,"name":"Fran\u00e7ais","item":"https:\/\/ifv.vn\/fr\/francais\/"},{"@type":"ListItem","position":3,"name":"Cours de fran\u00e7ais pour les coll\u00e9giens"}]},{"@type":"WebSite","@id":"https:\/\/ifv.vn\/#website","url":"https:\/\/ifv.vn\/","name":"Vi\u1ec7n Ph\u00e1p t\u1ea1i Vi\u1ec7t Nam | Institut fran\u00e7ais du Vietnam","description":"","publisher":{"@id":"https:\/\/ifv.vn\/#organization"},"potentialAction":[{"@type":"SearchAction","target":{"@type":"EntryPoint","urlTemplate":"https:\/\/ifv.vn\/?s={search_term_string}"},"query-input":{"@type":"PropertyValueSpecification","valueRequired":true,"valueName":"search_term_string"}}],"inLanguage":"fr-FR"},{"@type":"Organization","@id":"https:\/\/ifv.vn\/#organization","name":"Vi\u1ec7n Ph\u00e1p t\u1ea1i Vi\u1ec7t Nam | Institut fran\u00e7ais du Vietnam","url":"https:\/\/ifv.vn\/","logo":{"@type":"ImageObject","inLanguage":"fr-FR","@id":"https:\/\/ifv.vn\/#\/schema\/logo\/image\/","url":"https:\/\/ifv.vn\/wp-content\/uploads\/2025\/10\/cropped-asset-6.png","contentUrl":"https:\/\/ifv.vn\/wp-content\/uploads\/2025\/10\/cropped-asset-6.png","width":248,"height":165,"caption":"Vi\u1ec7n Ph\u00e1p t\u1ea1i Vi\u1ec7t Nam | Institut fran\u00e7ais du Vietnam"},"image":{"@id":"https:\/\/ifv.vn\/#\/schema\/logo\/image\/"}}]}},"_links":{"self":[{"href":"https:\/\/ifv.vn\/fr\/wp-json\/wp\/v2\/pages\/23061"}],"collection":[{"href":"https:\/\/ifv.vn\/fr\/wp-json\/wp\/v2\/pages"}],"about":[{"href":"https:\/\/ifv.vn\/fr\/wp-json\/wp\/v2\/types\/page"}],"author":[{"embeddable":true,"href":"https:\/\/ifv.vn\/fr\/wp-json\/wp\/v2\/users\/21"}],"replies":[{"embeddable":true,"href":"https:\/\/ifv.vn\/fr\/wp-json\/wp\/v2\/comments?post=23061"}],"version-history":[{"count":22,"href":"https:\/\/ifv.vn\/fr\/wp-json\/wp\/v2\/pages\/23061\/revisions"}],"predecessor-version":[{"id":24375,"href":"https:\/\/ifv.vn\/fr\/wp-json\/wp\/v2\/pages\/23061\/revisions\/24375"}],"up":[{"embeddable":true,"href":"https:\/\/ifv.vn\/fr\/wp-json\/wp\/v2\/pages\/1345"}],"wp:featuredmedia":[{"embeddable":true,"href":"https:\/\/ifv.vn\/fr\/wp-json\/wp\/v2\/media\/23018"}],"wp:attachment":[{"href":"https:\/\/ifv.vn\/fr\/wp-json\/wp\/v2\/media?parent=23061"}],"curies":[{"name":"wp","href":"https:\/\/api.w.org\/{rel}","templated":true}]}}