{"id":24864,"date":"2025-12-14T08:22:04","date_gmt":"2025-12-14T01:22:04","guid":{"rendered":"https:\/\/ifv.vn\/?page_id=24864"},"modified":"2025-12-14T12:38:32","modified_gmt":"2025-12-14T05:38:32","slug":"accedez-a-vos-ressources-audio-et-video-test","status":"publish","type":"page","link":"https:\/\/ifv.vn\/fr\/accedez-a-vos-ressources-audio-et-video-test\/","title":{"rendered":"Acc\u00e9dez \u00e0 vos ressources audio et vid\u00e9o-test"},"content":{"rendered":"<div class=\"wpb-content-wrapper\"><p>[vc_row css=&nbsp;&raquo;.vc_custom_1765461069499{margin-right: 15px !important;margin-bottom: 15px !important;margin-left: 15px !important;background-color: #ffffff !important;}&nbsp;&raquo;][vc_column css=&nbsp;&raquo;.vc_custom_1765461281938{padding-top: 10px !important;}&nbsp;&raquo;][vc_wp_text]<\/p>\n<p><span style=\"font-size: 18pt; color: #869ece;\"><strong>\u25a0 <\/strong><\/span><span style=\"font-size: 18pt;\"><strong>Parcours Maternelle<\/strong><\/span><\/p>\n<p>[\/vc_wp_text][acf_vc_integrator get_field_data_from=&nbsp;&raquo;&nbsp;&raquo; field_group=&nbsp;&raquo;3830&Prime; field_from_3830=&nbsp;&raquo;field_5aaa24ec599ef&nbsp;&raquo; show_label=&nbsp;&raquo;No&nbsp;&raquo; align=&nbsp;&raquo;left&nbsp;&raquo; gallery_columns=&nbsp;&raquo;1&Prime; gm_show_placecard=&nbsp;&raquo;default&nbsp;&raquo; gm_map_type_control=&nbsp;&raquo;default&nbsp;&raquo; gm_fullscreen_control=&nbsp;&raquo;default&nbsp;&raquo; gm_street_view_control=&nbsp;&raquo;default&nbsp;&raquo; gm_zoom_control=&nbsp;&raquo;default&nbsp;&raquo; gm_scale=&nbsp;&raquo;default&nbsp;&raquo; hidden_field_name=&nbsp;&raquo;Accordion 1&Prime;][\/vc_column][\/vc_row][vc_row css=&nbsp;&raquo;.vc_custom_1765461074443{margin-right: 15px !important;margin-bottom: 15px !important;margin-left: 15px !important;background-color: #ffffff !important;}&nbsp;&raquo;][vc_column css=&nbsp;&raquo;.vc_custom_1765461322842{padding-top: 10px !important;}&nbsp;&raquo;][vc_wp_text]<\/p>\n<p><span style=\"font-size: 18pt; color: #f6ba42;\"><strong>\u25a0<\/strong><\/span> <span style=\"font-size: 18pt;\"><strong>Parcours Primaire<\/strong><\/span><\/p>\n<p>[\/vc_wp_text][acf_vc_integrator get_field_data_from=&nbsp;&raquo;&nbsp;&raquo; field_group=&nbsp;&raquo;3830&Prime; field_from_3830=&nbsp;&raquo;field_5aaa24ec59ae7&Prime; show_label=&nbsp;&raquo;default&nbsp;&raquo; align=&nbsp;&raquo;left&nbsp;&raquo; gallery_columns=&nbsp;&raquo;1&Prime; gm_show_placecard=&nbsp;&raquo;default&nbsp;&raquo; gm_map_type_control=&nbsp;&raquo;default&nbsp;&raquo; gm_fullscreen_control=&nbsp;&raquo;default&nbsp;&raquo; gm_street_view_control=&nbsp;&raquo;default&nbsp;&raquo; gm_zoom_control=&nbsp;&raquo;default&nbsp;&raquo; gm_scale=&nbsp;&raquo;default&nbsp;&raquo; hidden_field_name=&nbsp;&raquo;Accordion 2&Prime;][\/vc_column][\/vc_row][vc_row css=&nbsp;&raquo;.vc_custom_1765461079516{margin-right: 15px !important;margin-bottom: 15px !important;margin-left: 15px !important;background-color: #ffffff !important;}&nbsp;&raquo;][vc_column css=&nbsp;&raquo;.vc_custom_1765461329169{padding-top: 10px !important;}&nbsp;&raquo;][vc_wp_text]<\/p>\n<p><span style=\"font-size: 18pt; color: #21ab88;\"><strong>\u25a0 <\/strong><\/span><span style=\"font-size: 18pt;\"><strong>Parcours coll\u00e8ge<\/strong><\/span><\/p>\n<p>[\/vc_wp_text][acf_vc_integrator get_field_data_from=&nbsp;&raquo;&nbsp;&raquo; field_group=&nbsp;&raquo;3830&Prime; field_from_3830=&nbsp;&raquo;field_5aaa24ec59bf3&Prime; show_label=&nbsp;&raquo;default&nbsp;&raquo; align=&nbsp;&raquo;left&nbsp;&raquo; gallery_columns=&nbsp;&raquo;1&Prime; gm_show_placecard=&nbsp;&raquo;default&nbsp;&raquo; gm_map_type_control=&nbsp;&raquo;default&nbsp;&raquo; gm_fullscreen_control=&nbsp;&raquo;default&nbsp;&raquo; gm_street_view_control=&nbsp;&raquo;default&nbsp;&raquo; gm_zoom_control=&nbsp;&raquo;default&nbsp;&raquo; gm_scale=&nbsp;&raquo;default&nbsp;&raquo; hidden_field_name=&nbsp;&raquo;Accordion 3&Prime;][\/vc_column][\/vc_row][vc_row css=&nbsp;&raquo;.vc_custom_1765461366921{margin-right: 15px !important;margin-bottom: 30px !important;margin-left: 15px !important;background-color: #ffffff !important;}&nbsp;&raquo;][vc_column css=&nbsp;&raquo;.vc_custom_1765461334492{padding-top: 10px !important;}&nbsp;&raquo;][vc_wp_text]<\/p>\n<p><span style=\"color: #ff9575;\"><strong><span style=\"font-size: 18pt;\">\u25a0 <\/span><\/strong><\/span><strong><span style=\"font-size: 18pt;\">Parcours Lyc\u00e9e &amp; Adultes<\/span><\/strong><\/p>\n<p>[\/vc_wp_text][acf_vc_integrator get_field_data_from=&nbsp;&raquo;&nbsp;&raquo; field_group=&nbsp;&raquo;3830&Prime; field_from_3830=&nbsp;&raquo;field_5aaa24ec59ce7&Prime; show_label=&nbsp;&raquo;default&nbsp;&raquo; align=&nbsp;&raquo;left&nbsp;&raquo; gallery_columns=&nbsp;&raquo;1&Prime; gm_show_placecard=&nbsp;&raquo;default&nbsp;&raquo; gm_map_type_control=&nbsp;&raquo;default&nbsp;&raquo; gm_fullscreen_control=&nbsp;&raquo;default&nbsp;&raquo; gm_street_view_control=&nbsp;&raquo;default&nbsp;&raquo; gm_zoom_control=&nbsp;&raquo;default&nbsp;&raquo; gm_scale=&nbsp;&raquo;default&nbsp;&raquo; hidden_field_name=&nbsp;&raquo;Accordion 4&Prime;][\/vc_column][\/vc_row]<\/p>\n<\/div>","protected":false},"excerpt":{"rendered":"[vc_row css=\".vc_custom_1765461069499{margin-right: 15px !important;margin-bottom: 15px !important;margin-left: 15px !important;background-color: #ffffff !important;}\"][vc_column css=\".vc_custom_1765461281938{padding-top: 10px !important;}\"][vc_wp_text] \u25a0 Parcours Maternelle [\/vc_wp_text][acf_vc_integrator get_field_data_from=\"\" field_group=\"3830\" field_from_3830=\"field_5aaa24ec599ef\" show_label=\"No\" align=\"left\" gallery_columns=\"1\" gm_show_placecard=\"default\" gm_map_type_control=\"default\" gm_fullscreen_control=\"default\" gm_street_view_control=\"default\" gm_zoom_control=\"default\" gm_scale=\"default\" hidden_field_name=\"Accordion 1\"][\/vc_column][\/vc_row][vc_row css=\".vc_custom_1765461074443{margin-right: 15px !important;margin-bottom: 15px !important;margin-left: 15px !important;background-color: #ffffff !important;}\"][vc_column [...]","protected":false},"author":21,"featured_media":23022,"parent":0,"menu_order":0,"comment_status":"closed","ping_status":"closed","template":"page-cours.php","meta":{"footnotes":""},"class_list":["post-24864","page","type-page","status-publish","has-post-thumbnail","hentry","ville_category-da-nang-fr","ville_category-en-ligne","ville_category-ha-noi-fr","ville_category-hcmc-fr","ville_category-hue-fr"],"acf":[],"yoast_head":"<!-- This site is optimized with the Yoast SEO plugin v25.3.1 - https:\/\/yoast.com\/wordpress\/plugins\/seo\/ -->\n<title>Acc\u00e9dez \u00e0 vos ressources audio et vid\u00e9o-test - Vi\u1ec7n Ph\u00e1p t\u1ea1i Vi\u1ec7t Nam | Institut fran\u00e7ais du Vietnam<\/title>\n<meta name=\"robots\" content=\"index, follow, max-snippet:-1, max-image-preview:large, max-video-preview:-1\" \/>\n<link rel=\"canonical\" href=\"https:\/\/ifv.vn\/fr\/accedez-a-vos-ressources-audio-et-video-test\/\" \/>\n<meta property=\"og:locale\" content=\"fr_FR\" \/>\n<meta property=\"og:type\" content=\"article\" \/>\n<meta property=\"og:title\" content=\"Acc\u00e9dez \u00e0 vos ressources audio et vid\u00e9o-test - Vi\u1ec7n Ph\u00e1p t\u1ea1i Vi\u1ec7t Nam | Institut fran\u00e7ais du Vietnam\" \/>\n<meta property=\"og:description\" content=\"[vc_row css=&nbsp;&raquo;.vc_custom_1765461069499{margin-right: 15px !important;margin-bottom: 15px !important;margin-left: 15px !important;background-color: #ffffff !important;}&nbsp;&raquo;][vc_column css=&nbsp;&raquo;.vc_custom_1765461281938{padding-top: 10px !important;}&nbsp;&raquo;][vc_wp_text] \u25a0 Parcours Maternelle [\/vc_wp_text][acf_vc_integrator get_field_data_from=&nbsp;&raquo;&nbsp;&raquo; field_group=&nbsp;&raquo;3830&Prime; field_from_3830=&nbsp;&raquo;field_5aaa24ec599ef&nbsp;&raquo; show_label=&nbsp;&raquo;No&nbsp;&raquo; align=&nbsp;&raquo;left&nbsp;&raquo; gallery_columns=&nbsp;&raquo;1&Prime; gm_show_placecard=&nbsp;&raquo;default&nbsp;&raquo; gm_map_type_control=&nbsp;&raquo;default&nbsp;&raquo; gm_fullscreen_control=&nbsp;&raquo;default&nbsp;&raquo; gm_street_view_control=&nbsp;&raquo;default&nbsp;&raquo; gm_zoom_control=&nbsp;&raquo;default&nbsp;&raquo; gm_scale=&nbsp;&raquo;default&nbsp;&raquo; hidden_field_name=&nbsp;&raquo;Accordion 1&Prime;][\/vc_column][\/vc_row][vc_row css=&nbsp;&raquo;.vc_custom_1765461074443{margin-right: 15px !important;margin-bottom: 15px !important;margin-left: 15px !important;background-color: #ffffff !important;}&nbsp;&raquo;][vc_column [&hellip;]\" \/>\n<meta property=\"og:url\" content=\"https:\/\/ifv.vn\/fr\/accedez-a-vos-ressources-audio-et-video-test\/\" \/>\n<meta property=\"og:site_name\" content=\"Vi\u1ec7n Ph\u00e1p t\u1ea1i Vi\u1ec7t Nam | Institut fran\u00e7ais du Vietnam\" \/>\n<meta property=\"article:modified_time\" content=\"2025-12-14T05:38:32+00:00\" \/>\n<meta property=\"og:image\" content=\"https:\/\/ifv.vn\/wp-content\/uploads\/2025\/04\/if-vietnam-ifv-hoc-tieng-phap-ngay-tai-vien-phap-lespace-hoc-sinh-thpt-va-nguoi-lon.png\" \/>\n\t<meta property=\"og:image:width\" content=\"1260\" \/>\n\t<meta property=\"og:image:height\" content=\"420\" \/>\n\t<meta property=\"og:image:type\" content=\"image\/png\" \/>\n<meta name=\"twitter:card\" content=\"summary_large_image\" \/>\n<meta name=\"twitter:label1\" content=\"Est. reading time\" \/>\n\t<meta name=\"twitter:data1\" content=\"1 minute\" \/>\n<script type=\"application\/ld+json\" class=\"yoast-schema-graph\">{\"@context\":\"https:\/\/schema.org\",\"@graph\":[{\"@type\":\"WebPage\",\"@id\":\"https:\/\/ifv.vn\/fr\/accedez-a-vos-ressources-audio-et-video-test\/\",\"url\":\"https:\/\/ifv.vn\/fr\/accedez-a-vos-ressources-audio-et-video-test\/\",\"name\":\"Acc\u00e9dez \u00e0 vos ressources audio et vid\u00e9o-test - Vi\u1ec7n Ph\u00e1p t\u1ea1i Vi\u1ec7t Nam | Institut fran\u00e7ais du Vietnam\",\"isPartOf\":{\"@id\":\"https:\/\/ifv.vn\/#website\"},\"primaryImageOfPage\":{\"@id\":\"https:\/\/ifv.vn\/fr\/accedez-a-vos-ressources-audio-et-video-test\/#primaryimage\"},\"image\":{\"@id\":\"https:\/\/ifv.vn\/fr\/accedez-a-vos-ressources-audio-et-video-test\/#primaryimage\"},\"thumbnailUrl\":\"https:\/\/ifv.vn\/wp-content\/uploads\/2025\/04\/if-vietnam-ifv-hoc-tieng-phap-ngay-tai-vien-phap-lespace-hoc-sinh-thpt-va-nguoi-lon.png\",\"datePublished\":\"2025-12-14T01:22:04+00:00\",\"dateModified\":\"2025-12-14T05:38:32+00:00\",\"breadcrumb\":{\"@id\":\"https:\/\/ifv.vn\/fr\/accedez-a-vos-ressources-audio-et-video-test\/#breadcrumb\"},\"inLanguage\":\"fr-FR\",\"potentialAction\":[{\"@type\":\"ReadAction\",\"target\":[\"https:\/\/ifv.vn\/fr\/accedez-a-vos-ressources-audio-et-video-test\/\"]}]},{\"@type\":\"ImageObject\",\"inLanguage\":\"fr-FR\",\"@id\":\"https:\/\/ifv.vn\/fr\/accedez-a-vos-ressources-audio-et-video-test\/#primaryimage\",\"url\":\"https:\/\/ifv.vn\/wp-content\/uploads\/2025\/04\/if-vietnam-ifv-hoc-tieng-phap-ngay-tai-vien-phap-lespace-hoc-sinh-thpt-va-nguoi-lon.png\",\"contentUrl\":\"https:\/\/ifv.vn\/wp-content\/uploads\/2025\/04\/if-vietnam-ifv-hoc-tieng-phap-ngay-tai-vien-phap-lespace-hoc-sinh-thpt-va-nguoi-lon.png\",\"width\":1260,\"height\":420,\"caption\":\"IF Vietnam IFV Ho\u0323c tie\u0302\u0301ng Pha\u0301p ngay ta\u0323i VIE\u0323\u0302N PHA\u0301P L'espace | HO\u0323C SINH MA\u0302\u0303U GIA\u0301O\"},{\"@type\":\"BreadcrumbList\",\"@id\":\"https:\/\/ifv.vn\/fr\/accedez-a-vos-ressources-audio-et-video-test\/#breadcrumb\",\"itemListElement\":[{\"@type\":\"ListItem\",\"position\":1,\"name\":\"Home\",\"item\":\"https:\/\/ifv.vn\/fr\/\"},{\"@type\":\"ListItem\",\"position\":2,\"name\":\"Acc\u00e9dez \u00e0 vos ressources audio et vid\u00e9o-test\"}]},{\"@type\":\"WebSite\",\"@id\":\"https:\/\/ifv.vn\/#website\",\"url\":\"https:\/\/ifv.vn\/\",\"name\":\"Vi\u1ec7n Ph\u00e1p t\u1ea1i Vi\u1ec7t Nam | Institut fran\u00e7ais du Vietnam\",\"description\":\"\",\"publisher\":{\"@id\":\"https:\/\/ifv.vn\/#organization\"},\"potentialAction\":[{\"@type\":\"SearchAction\",\"target\":{\"@type\":\"EntryPoint\",\"urlTemplate\":\"https:\/\/ifv.vn\/?s={search_term_string}\"},\"query-input\":{\"@type\":\"PropertyValueSpecification\",\"valueRequired\":true,\"valueName\":\"search_term_string\"}}],\"inLanguage\":\"fr-FR\"},{\"@type\":\"Organization\",\"@id\":\"https:\/\/ifv.vn\/#organization\",\"name\":\"Vi\u1ec7n Ph\u00e1p t\u1ea1i Vi\u1ec7t Nam | Institut fran\u00e7ais du Vietnam\",\"url\":\"https:\/\/ifv.vn\/\",\"logo\":{\"@type\":\"ImageObject\",\"inLanguage\":\"fr-FR\",\"@id\":\"https:\/\/ifv.vn\/#\/schema\/logo\/image\/\",\"url\":\"https:\/\/ifv.vn\/wp-content\/uploads\/2025\/10\/cropped-asset-6.png\",\"contentUrl\":\"https:\/\/ifv.vn\/wp-content\/uploads\/2025\/10\/cropped-asset-6.png\",\"width\":248,\"height\":165,\"caption\":\"Vi\u1ec7n Ph\u00e1p t\u1ea1i Vi\u1ec7t Nam | Institut fran\u00e7ais du Vietnam\"},\"image\":{\"@id\":\"https:\/\/ifv.vn\/#\/schema\/logo\/image\/\"}}]}<\/script>\n<!-- \/ Yoast SEO plugin. -->","yoast_head_json":{"title":"Acc\u00e9dez \u00e0 vos ressources audio et vid\u00e9o-test - Vi\u1ec7n Ph\u00e1p t\u1ea1i Vi\u1ec7t Nam | Institut fran\u00e7ais du Vietnam","robots":{"index":"index","follow":"follow","max-snippet":"max-snippet:-1","max-image-preview":"max-image-preview:large","max-video-preview":"max-video-preview:-1"},"canonical":"https:\/\/ifv.vn\/fr\/accedez-a-vos-ressources-audio-et-video-test\/","og_locale":"fr_FR","og_type":"article","og_title":"Acc\u00e9dez \u00e0 vos ressources audio et vid\u00e9o-test - Vi\u1ec7n Ph\u00e1p t\u1ea1i Vi\u1ec7t Nam | Institut fran\u00e7ais du Vietnam","og_description":"[vc_row css=&nbsp;&raquo;.vc_custom_1765461069499{margin-right: 15px !important;margin-bottom: 15px !important;margin-left: 15px !important;background-color: #ffffff !important;}&nbsp;&raquo;][vc_column css=&nbsp;&raquo;.vc_custom_1765461281938{padding-top: 10px !important;}&nbsp;&raquo;][vc_wp_text] \u25a0 Parcours Maternelle [\/vc_wp_text][acf_vc_integrator get_field_data_from=&nbsp;&raquo;&nbsp;&raquo; field_group=&nbsp;&raquo;3830&Prime; field_from_3830=&nbsp;&raquo;field_5aaa24ec599ef&nbsp;&raquo; show_label=&nbsp;&raquo;No&nbsp;&raquo; align=&nbsp;&raquo;left&nbsp;&raquo; gallery_columns=&nbsp;&raquo;1&Prime; gm_show_placecard=&nbsp;&raquo;default&nbsp;&raquo; gm_map_type_control=&nbsp;&raquo;default&nbsp;&raquo; gm_fullscreen_control=&nbsp;&raquo;default&nbsp;&raquo; gm_street_view_control=&nbsp;&raquo;default&nbsp;&raquo; gm_zoom_control=&nbsp;&raquo;default&nbsp;&raquo; gm_scale=&nbsp;&raquo;default&nbsp;&raquo; hidden_field_name=&nbsp;&raquo;Accordion 1&Prime;][\/vc_column][\/vc_row][vc_row css=&nbsp;&raquo;.vc_custom_1765461074443{margin-right: 15px !important;margin-bottom: 15px !important;margin-left: 15px !important;background-color: #ffffff !important;}&nbsp;&raquo;][vc_column [&hellip;]","og_url":"https:\/\/ifv.vn\/fr\/accedez-a-vos-ressources-audio-et-video-test\/","og_site_name":"Vi\u1ec7n Ph\u00e1p t\u1ea1i Vi\u1ec7t Nam | Institut fran\u00e7ais du Vietnam","article_modified_time":"2025-12-14T05:38:32+00:00","og_image":[{"width":1260,"height":420,"url":"https:\/\/ifv.vn\/wp-content\/uploads\/2025\/04\/if-vietnam-ifv-hoc-tieng-phap-ngay-tai-vien-phap-lespace-hoc-sinh-thpt-va-nguoi-lon.png","type":"image\/png"}],"twitter_card":"summary_large_image","twitter_misc":{"Est. reading time":"1 minute"},"schema":{"@context":"https:\/\/schema.org","@graph":[{"@type":"WebPage","@id":"https:\/\/ifv.vn\/fr\/accedez-a-vos-ressources-audio-et-video-test\/","url":"https:\/\/ifv.vn\/fr\/accedez-a-vos-ressources-audio-et-video-test\/","name":"Acc\u00e9dez \u00e0 vos ressources audio et vid\u00e9o-test - Vi\u1ec7n Ph\u00e1p t\u1ea1i Vi\u1ec7t Nam | Institut fran\u00e7ais du Vietnam","isPartOf":{"@id":"https:\/\/ifv.vn\/#website"},"primaryImageOfPage":{"@id":"https:\/\/ifv.vn\/fr\/accedez-a-vos-ressources-audio-et-video-test\/#primaryimage"},"image":{"@id":"https:\/\/ifv.vn\/fr\/accedez-a-vos-ressources-audio-et-video-test\/#primaryimage"},"thumbnailUrl":"https:\/\/ifv.vn\/wp-content\/uploads\/2025\/04\/if-vietnam-ifv-hoc-tieng-phap-ngay-tai-vien-phap-lespace-hoc-sinh-thpt-va-nguoi-lon.png","datePublished":"2025-12-14T01:22:04+00:00","dateModified":"2025-12-14T05:38:32+00:00","breadcrumb":{"@id":"https:\/\/ifv.vn\/fr\/accedez-a-vos-ressources-audio-et-video-test\/#breadcrumb"},"inLanguage":"fr-FR","potentialAction":[{"@type":"ReadAction","target":["https:\/\/ifv.vn\/fr\/accedez-a-vos-ressources-audio-et-video-test\/"]}]},{"@type":"ImageObject","inLanguage":"fr-FR","@id":"https:\/\/ifv.vn\/fr\/accedez-a-vos-ressources-audio-et-video-test\/#primaryimage","url":"https:\/\/ifv.vn\/wp-content\/uploads\/2025\/04\/if-vietnam-ifv-hoc-tieng-phap-ngay-tai-vien-phap-lespace-hoc-sinh-thpt-va-nguoi-lon.png","contentUrl":"https:\/\/ifv.vn\/wp-content\/uploads\/2025\/04\/if-vietnam-ifv-hoc-tieng-phap-ngay-tai-vien-phap-lespace-hoc-sinh-thpt-va-nguoi-lon.png","width":1260,"height":420,"caption":"IF Vietnam IFV Ho\u0323c tie\u0302\u0301ng Pha\u0301p ngay ta\u0323i VIE\u0323\u0302N PHA\u0301P L'espace | HO\u0323C SINH MA\u0302\u0303U GIA\u0301O"},{"@type":"BreadcrumbList","@id":"https:\/\/ifv.vn\/fr\/accedez-a-vos-ressources-audio-et-video-test\/#breadcrumb","itemListElement":[{"@type":"ListItem","position":1,"name":"Home","item":"https:\/\/ifv.vn\/fr\/"},{"@type":"ListItem","position":2,"name":"Acc\u00e9dez \u00e0 vos ressources audio et vid\u00e9o-test"}]},{"@type":"WebSite","@id":"https:\/\/ifv.vn\/#website","url":"https:\/\/ifv.vn\/","name":"Vi\u1ec7n Ph\u00e1p t\u1ea1i Vi\u1ec7t Nam | Institut fran\u00e7ais du Vietnam","description":"","publisher":{"@id":"https:\/\/ifv.vn\/#organization"},"potentialAction":[{"@type":"SearchAction","target":{"@type":"EntryPoint","urlTemplate":"https:\/\/ifv.vn\/?s={search_term_string}"},"query-input":{"@type":"PropertyValueSpecification","valueRequired":true,"valueName":"search_term_string"}}],"inLanguage":"fr-FR"},{"@type":"Organization","@id":"https:\/\/ifv.vn\/#organization","name":"Vi\u1ec7n Ph\u00e1p t\u1ea1i Vi\u1ec7t Nam | Institut fran\u00e7ais du Vietnam","url":"https:\/\/ifv.vn\/","logo":{"@type":"ImageObject","inLanguage":"fr-FR","@id":"https:\/\/ifv.vn\/#\/schema\/logo\/image\/","url":"https:\/\/ifv.vn\/wp-content\/uploads\/2025\/10\/cropped-asset-6.png","contentUrl":"https:\/\/ifv.vn\/wp-content\/uploads\/2025\/10\/cropped-asset-6.png","width":248,"height":165,"caption":"Vi\u1ec7n Ph\u00e1p t\u1ea1i Vi\u1ec7t Nam | Institut fran\u00e7ais du Vietnam"},"image":{"@id":"https:\/\/ifv.vn\/#\/schema\/logo\/image\/"}}]}},"_links":{"self":[{"href":"https:\/\/ifv.vn\/fr\/wp-json\/wp\/v2\/pages\/24864"}],"collection":[{"href":"https:\/\/ifv.vn\/fr\/wp-json\/wp\/v2\/pages"}],"about":[{"href":"https:\/\/ifv.vn\/fr\/wp-json\/wp\/v2\/types\/page"}],"author":[{"embeddable":true,"href":"https:\/\/ifv.vn\/fr\/wp-json\/wp\/v2\/users\/21"}],"replies":[{"embeddable":true,"href":"https:\/\/ifv.vn\/fr\/wp-json\/wp\/v2\/comments?post=24864"}],"version-history":[{"count":12,"href":"https:\/\/ifv.vn\/fr\/wp-json\/wp\/v2\/pages\/24864\/revisions"}],"predecessor-version":[{"id":24890,"href":"https:\/\/ifv.vn\/fr\/wp-json\/wp\/v2\/pages\/24864\/revisions\/24890"}],"wp:featuredmedia":[{"embeddable":true,"href":"https:\/\/ifv.vn\/fr\/wp-json\/wp\/v2\/media\/23022"}],"wp:attachment":[{"href":"https:\/\/ifv.vn\/fr\/wp-json\/wp\/v2\/media?parent=24864"}],"curies":[{"name":"wp","href":"https:\/\/api.w.org\/{rel}","templated":true}]}}