{"id":4828,"date":"2018-04-30T17:28:10","date_gmt":"2018-04-30T10:28:10","guid":{"rendered":"https:\/\/ifv.vn\/?page_id=4828"},"modified":"2026-01-20T14:56:13","modified_gmt":"2026-01-20T07:56:13","slug":"espace-france","status":"publish","type":"page","link":"https:\/\/ifv.vn\/fr\/notre-reseau\/espace-france\/","title":{"rendered":"Espace France"},"content":{"rendered":"<div class=\"wpb-content-wrapper\"><p>[vc_row][vc_column][vc_wp_text]<\/p>\n<p><strong>Espace France : un relais pour la langue, l\u2019\u00e9ducation et la culture fran\u00e7aise<\/strong><\/p>\n<p style=\"text-align: justify;\">Le label &laquo;&nbsp;Espace France&nbsp;&raquo;, octroy\u00e9 \u00e0 un partenaire vietnamien, lui permet d&rsquo;accueillir des volontaires fran\u00e7ais du service civique, s\u00e9lectionn\u00e9s et form\u00e9s par l&rsquo;Institut fran\u00e7ais du Vietnam. Charg\u00e9s d&rsquo;animer un bureau de relais avec la France, les volontaires interviennent, avec l&rsquo;appui de l&rsquo;\u00e9tablissement et de l&rsquo;Institut fran\u00e7ais du Vietnam, sur :<\/p>\n<ul style=\"text-align: justify;\">\n<li>la langue fran\u00e7aise comme assistant de langue fran\u00e7aise dans les \u00e9tablissements du primaire \u00e0 l&rsquo;universit\u00e9<\/li>\n<li>la mobilit\u00e9 en fournissant des informations sur \u00e9tudes et des s\u00e9jours linguistiques en France<\/li>\n<li>la culture en animant un cin\u00e9-club, organisant des spectacles et \u00e9v\u00e9nements culturels.<\/li>\n<\/ul>\n<p style=\"text-align: justify;\">Les Espaces France sont destin\u00e9s aux\u00a0publics en r\u00e9gion, apprenants de fran\u00e7ais, \u00e9l\u00e8ves passionn\u00e9s de culture fran\u00e7aise, \u00e9tudiants d\u00e9sireux de poursuivre leur parcours en France.<\/p>\n<p style=\"text-align: justify;\"><strong>Liste des Espaces France :<\/strong><\/p>\n<ul style=\"list-style-type: disc; text-align: justify;\">\n<li><a href=\"https:\/\/www.facebook.com\/EspaceFranceCantho\/\">Espace France<\/a> &#8211; universit\u00e9 de Can Tho<\/li>\n<li>Espace France &#8211; Centre de la Francophonie de Vinh<\/li>\n<li>Espace France &#8211; universit\u00e9 de Nha Trang (ouverture 2018)<\/li>\n<li>Espace France &#8211; universit\u00e9 de Khanh Hoa (ouverture 2018)<\/li>\n<\/ul>\n<p>[\/vc_wp_text][\/vc_column][\/vc_row][vc_row][vc_column][\/vc_column][\/vc_row]<\/p>\n<\/div>","protected":false},"excerpt":{"rendered":"[vc_row][vc_column][vc_wp_text] Espace France : un relais pour la langue, l\u2019\u00e9ducation et la culture fran\u00e7aise Le label \"Espace France\", octroy\u00e9 \u00e0 un partenaire vietnamien, lui permet d'accueillir des volontaires fran\u00e7ais du service civique, s\u00e9lectionn\u00e9s et form\u00e9s par l'Institut fran\u00e7ais du Vietnam. [...]","protected":false},"author":6,"featured_media":0,"parent":4775,"menu_order":0,"comment_status":"open","ping_status":"closed","template":"page-static.php","meta":{"footnotes":""},"class_list":["post-4828","page","type-page","status-publish","hentry"],"acf":[],"yoast_head":"<!-- This site is optimized with the Yoast SEO plugin v25.3.1 - https:\/\/yoast.com\/wordpress\/plugins\/seo\/ -->\n<title>Espace France - Vi\u1ec7n Ph\u00e1p t\u1ea1i Vi\u1ec7t Nam | Institut fran\u00e7ais du Vietnam<\/title>\n<meta name=\"robots\" content=\"index, follow, max-snippet:-1, max-image-preview:large, max-video-preview:-1\" \/>\n<link rel=\"canonical\" href=\"https:\/\/ifv.vn\/fr\/notre-reseau\/espace-france\/\" \/>\n<meta property=\"og:locale\" content=\"fr_FR\" \/>\n<meta property=\"og:type\" content=\"article\" \/>\n<meta property=\"og:title\" content=\"Espace France - Vi\u1ec7n Ph\u00e1p t\u1ea1i Vi\u1ec7t Nam | Institut fran\u00e7ais du Vietnam\" \/>\n<meta property=\"og:description\" content=\"[vc_row][vc_column][vc_wp_text] Espace France : un relais pour la langue, l\u2019\u00e9ducation et la culture fran\u00e7aise Le label &laquo;&nbsp;Espace France&nbsp;&raquo;, octroy\u00e9 \u00e0 un partenaire vietnamien, lui permet d&rsquo;accueillir des volontaires fran\u00e7ais du service civique, s\u00e9lectionn\u00e9s et form\u00e9s par l&rsquo;Institut fran\u00e7ais du Vietnam. [&hellip;]\" \/>\n<meta property=\"og:url\" content=\"https:\/\/ifv.vn\/fr\/notre-reseau\/espace-france\/\" \/>\n<meta property=\"og:site_name\" content=\"Vi\u1ec7n Ph\u00e1p t\u1ea1i Vi\u1ec7t Nam | Institut fran\u00e7ais du Vietnam\" \/>\n<meta property=\"article:modified_time\" content=\"2026-01-20T07:56:13+00:00\" \/>\n<meta name=\"twitter:card\" content=\"summary_large_image\" \/>\n<meta name=\"twitter:label1\" content=\"Est. reading time\" \/>\n\t<meta name=\"twitter:data1\" content=\"1 minute\" \/>\n<script type=\"application\/ld+json\" class=\"yoast-schema-graph\">{\"@context\":\"https:\/\/schema.org\",\"@graph\":[{\"@type\":\"WebPage\",\"@id\":\"https:\/\/ifv.vn\/fr\/notre-reseau\/espace-france\/\",\"url\":\"https:\/\/ifv.vn\/fr\/notre-reseau\/espace-france\/\",\"name\":\"Espace France - Vi\u1ec7n Ph\u00e1p t\u1ea1i Vi\u1ec7t Nam | Institut fran\u00e7ais du Vietnam\",\"isPartOf\":{\"@id\":\"https:\/\/ifv.vn\/#website\"},\"datePublished\":\"2018-04-30T10:28:10+00:00\",\"dateModified\":\"2026-01-20T07:56:13+00:00\",\"breadcrumb\":{\"@id\":\"https:\/\/ifv.vn\/fr\/notre-reseau\/espace-france\/#breadcrumb\"},\"inLanguage\":\"fr-FR\",\"potentialAction\":[{\"@type\":\"ReadAction\",\"target\":[\"https:\/\/ifv.vn\/fr\/notre-reseau\/espace-france\/\"]}]},{\"@type\":\"BreadcrumbList\",\"@id\":\"https:\/\/ifv.vn\/fr\/notre-reseau\/espace-france\/#breadcrumb\",\"itemListElement\":[{\"@type\":\"ListItem\",\"position\":1,\"name\":\"Home\",\"item\":\"https:\/\/ifv.vn\/fr\/\"},{\"@type\":\"ListItem\",\"position\":2,\"name\":\"Notre r\u00e9seau\",\"item\":\"https:\/\/ifv.vn\/fr\/notre-reseau\/\"},{\"@type\":\"ListItem\",\"position\":3,\"name\":\"Espace France\"}]},{\"@type\":\"WebSite\",\"@id\":\"https:\/\/ifv.vn\/#website\",\"url\":\"https:\/\/ifv.vn\/\",\"name\":\"Vi\u1ec7n Ph\u00e1p t\u1ea1i Vi\u1ec7t Nam | Institut fran\u00e7ais du Vietnam\",\"description\":\"\",\"publisher\":{\"@id\":\"https:\/\/ifv.vn\/#organization\"},\"potentialAction\":[{\"@type\":\"SearchAction\",\"target\":{\"@type\":\"EntryPoint\",\"urlTemplate\":\"https:\/\/ifv.vn\/?s={search_term_string}\"},\"query-input\":{\"@type\":\"PropertyValueSpecification\",\"valueRequired\":true,\"valueName\":\"search_term_string\"}}],\"inLanguage\":\"fr-FR\"},{\"@type\":\"Organization\",\"@id\":\"https:\/\/ifv.vn\/#organization\",\"name\":\"Vi\u1ec7n Ph\u00e1p t\u1ea1i Vi\u1ec7t Nam | Institut fran\u00e7ais du Vietnam\",\"url\":\"https:\/\/ifv.vn\/\",\"logo\":{\"@type\":\"ImageObject\",\"inLanguage\":\"fr-FR\",\"@id\":\"https:\/\/ifv.vn\/#\/schema\/logo\/image\/\",\"url\":\"https:\/\/ifv.vn\/wp-content\/uploads\/2025\/10\/cropped-asset-6.png\",\"contentUrl\":\"https:\/\/ifv.vn\/wp-content\/uploads\/2025\/10\/cropped-asset-6.png\",\"width\":248,\"height\":165,\"caption\":\"Vi\u1ec7n Ph\u00e1p t\u1ea1i Vi\u1ec7t Nam | Institut fran\u00e7ais du Vietnam\"},\"image\":{\"@id\":\"https:\/\/ifv.vn\/#\/schema\/logo\/image\/\"}}]}<\/script>\n<!-- \/ Yoast SEO plugin. -->","yoast_head_json":{"title":"Espace France - Vi\u1ec7n Ph\u00e1p t\u1ea1i Vi\u1ec7t Nam | Institut fran\u00e7ais du Vietnam","robots":{"index":"index","follow":"follow","max-snippet":"max-snippet:-1","max-image-preview":"max-image-preview:large","max-video-preview":"max-video-preview:-1"},"canonical":"https:\/\/ifv.vn\/fr\/notre-reseau\/espace-france\/","og_locale":"fr_FR","og_type":"article","og_title":"Espace France - Vi\u1ec7n Ph\u00e1p t\u1ea1i Vi\u1ec7t Nam | Institut fran\u00e7ais du Vietnam","og_description":"[vc_row][vc_column][vc_wp_text] Espace France : un relais pour la langue, l\u2019\u00e9ducation et la culture fran\u00e7aise Le label &laquo;&nbsp;Espace France&nbsp;&raquo;, octroy\u00e9 \u00e0 un partenaire vietnamien, lui permet d&rsquo;accueillir des volontaires fran\u00e7ais du service civique, s\u00e9lectionn\u00e9s et form\u00e9s par l&rsquo;Institut fran\u00e7ais du Vietnam. [&hellip;]","og_url":"https:\/\/ifv.vn\/fr\/notre-reseau\/espace-france\/","og_site_name":"Vi\u1ec7n Ph\u00e1p t\u1ea1i Vi\u1ec7t Nam | Institut fran\u00e7ais du Vietnam","article_modified_time":"2026-01-20T07:56:13+00:00","twitter_card":"summary_large_image","twitter_misc":{"Est. reading time":"1 minute"},"schema":{"@context":"https:\/\/schema.org","@graph":[{"@type":"WebPage","@id":"https:\/\/ifv.vn\/fr\/notre-reseau\/espace-france\/","url":"https:\/\/ifv.vn\/fr\/notre-reseau\/espace-france\/","name":"Espace France - Vi\u1ec7n Ph\u00e1p t\u1ea1i Vi\u1ec7t Nam | Institut fran\u00e7ais du Vietnam","isPartOf":{"@id":"https:\/\/ifv.vn\/#website"},"datePublished":"2018-04-30T10:28:10+00:00","dateModified":"2026-01-20T07:56:13+00:00","breadcrumb":{"@id":"https:\/\/ifv.vn\/fr\/notre-reseau\/espace-france\/#breadcrumb"},"inLanguage":"fr-FR","potentialAction":[{"@type":"ReadAction","target":["https:\/\/ifv.vn\/fr\/notre-reseau\/espace-france\/"]}]},{"@type":"BreadcrumbList","@id":"https:\/\/ifv.vn\/fr\/notre-reseau\/espace-france\/#breadcrumb","itemListElement":[{"@type":"ListItem","position":1,"name":"Home","item":"https:\/\/ifv.vn\/fr\/"},{"@type":"ListItem","position":2,"name":"Notre r\u00e9seau","item":"https:\/\/ifv.vn\/fr\/notre-reseau\/"},{"@type":"ListItem","position":3,"name":"Espace France"}]},{"@type":"WebSite","@id":"https:\/\/ifv.vn\/#website","url":"https:\/\/ifv.vn\/","name":"Vi\u1ec7n Ph\u00e1p t\u1ea1i Vi\u1ec7t Nam | Institut fran\u00e7ais du Vietnam","description":"","publisher":{"@id":"https:\/\/ifv.vn\/#organization"},"potentialAction":[{"@type":"SearchAction","target":{"@type":"EntryPoint","urlTemplate":"https:\/\/ifv.vn\/?s={search_term_string}"},"query-input":{"@type":"PropertyValueSpecification","valueRequired":true,"valueName":"search_term_string"}}],"inLanguage":"fr-FR"},{"@type":"Organization","@id":"https:\/\/ifv.vn\/#organization","name":"Vi\u1ec7n Ph\u00e1p t\u1ea1i Vi\u1ec7t Nam | Institut fran\u00e7ais du Vietnam","url":"https:\/\/ifv.vn\/","logo":{"@type":"ImageObject","inLanguage":"fr-FR","@id":"https:\/\/ifv.vn\/#\/schema\/logo\/image\/","url":"https:\/\/ifv.vn\/wp-content\/uploads\/2025\/10\/cropped-asset-6.png","contentUrl":"https:\/\/ifv.vn\/wp-content\/uploads\/2025\/10\/cropped-asset-6.png","width":248,"height":165,"caption":"Vi\u1ec7n Ph\u00e1p t\u1ea1i Vi\u1ec7t Nam | Institut fran\u00e7ais du Vietnam"},"image":{"@id":"https:\/\/ifv.vn\/#\/schema\/logo\/image\/"}}]}},"_links":{"self":[{"href":"https:\/\/ifv.vn\/fr\/wp-json\/wp\/v2\/pages\/4828"}],"collection":[{"href":"https:\/\/ifv.vn\/fr\/wp-json\/wp\/v2\/pages"}],"about":[{"href":"https:\/\/ifv.vn\/fr\/wp-json\/wp\/v2\/types\/page"}],"author":[{"embeddable":true,"href":"https:\/\/ifv.vn\/fr\/wp-json\/wp\/v2\/users\/6"}],"replies":[{"embeddable":true,"href":"https:\/\/ifv.vn\/fr\/wp-json\/wp\/v2\/comments?post=4828"}],"version-history":[{"count":1,"href":"https:\/\/ifv.vn\/fr\/wp-json\/wp\/v2\/pages\/4828\/revisions"}],"predecessor-version":[{"id":25104,"href":"https:\/\/ifv.vn\/fr\/wp-json\/wp\/v2\/pages\/4828\/revisions\/25104"}],"up":[{"embeddable":true,"href":"https:\/\/ifv.vn\/fr\/wp-json\/wp\/v2\/pages\/4775"}],"wp:attachment":[{"href":"https:\/\/ifv.vn\/fr\/wp-json\/wp\/v2\/media?parent=4828"}],"curies":[{"name":"wp","href":"https:\/\/api.w.org\/{rel}","templated":true}]}}