{"id":743,"date":"2017-05-17T11:30:41","date_gmt":"2017-05-17T04:30:41","guid":{"rendered":"https:\/\/ifv.vn\/?page_id=743"},"modified":"2026-01-20T11:28:05","modified_gmt":"2026-01-20T04:28:05","slug":"mediatheques","status":"publish","type":"page","link":"https:\/\/ifv.vn\/fr\/culture\/mediatheques\/","title":{"rendered":"M\u00e9diath\u00e8ques"},"content":{"rendered":"<div class=\"wpb-content-wrapper\"><p>[vc_row][vc_column][vc_column_text]<\/p>\n<h2><span style=\"font-size: 12pt;\"><strong>LES M\u00c9DIATH\u00c8QUES DE L\u2019INSTITUT FRAN\u00c7AIS DU VIETNAM<\/strong><\/span><\/h2>\n<p style=\"text-align: justify;\"><span class=\"accroche\">Les m\u00e9diath\u00e8ques de l\u2019Institut fran\u00e7ais du Vietnam (IFV), ce sont plus de 46 000 documents \u00e0 votre disposition\u00a0: BD, romans, livres, revues, m\u00e9thodes d\u2019apprentissage, dictionnaires \u2026 Mais ce sont aussi des documents DVD, CD, CD-ROM des ordinateurs \u2026<\/span><\/p>\n<p style=\"text-align: justify;\">Ce sont des portes ouvertes vers la culture fran\u00e7aise et francophones avec la possibilit\u00e9 d\u2019assister \u00e0 des ateliers, des animations, des rencontres avec des \u00e9crivains, des expositions.<\/p>\n<p style=\"text-align: justify;\">Les m\u00e9diath\u00e8ques de l\u2019IFV sont des lieux de rencontres, d\u2019\u00e9changes, de partage et de d\u00e9couvertes. Elles sont des lieux incontournables et privil\u00e9gi\u00e9s pour tous les amoureux de la langue fran\u00e7aise et de sa culture.<\/p>\n<p style=\"text-align: justify;\">Elles sont install\u00e9es dans les locaux des Instituts fran\u00e7ais de Hanoi, Hu\u00ea et Danang.<\/p>\n<div class=\"post-content page-content\">\u00a0<\/div>\n<p>[\/vc_column_text][\/vc_column][\/vc_row]<\/p>\n<\/div>","protected":false},"excerpt":{"rendered":"[vc_row][vc_column][vc_column_text] LES M\u00c9DIATH\u00c8QUES DE L\u2019INSTITUT FRAN\u00c7AIS DU VIETNAM Les m\u00e9diath\u00e8ques de l\u2019Institut fran\u00e7ais du Vietnam (IFV), ce sont plus de 46 000 documents \u00e0 votre disposition\u00a0: BD, romans, livres, revues, m\u00e9thodes d\u2019apprentissage, dictionnaires \u2026 Mais ce sont aussi des documents [...]","protected":false},"author":1,"featured_media":0,"parent":1344,"menu_order":0,"comment_status":"open","ping_status":"closed","template":"page-static.php","meta":{"footnotes":""},"class_list":["post-743","page","type-page","status-publish","hentry"],"acf":[],"yoast_head":"<!-- This site is optimized with the Yoast SEO plugin v25.3.1 - https:\/\/yoast.com\/wordpress\/plugins\/seo\/ -->\n<title>M\u00e9diath\u00e8ques - Vi\u1ec7n Ph\u00e1p t\u1ea1i Vi\u1ec7t Nam | Institut fran\u00e7ais du Vietnam<\/title>\n<meta name=\"robots\" content=\"index, follow, max-snippet:-1, max-image-preview:large, max-video-preview:-1\" \/>\n<link rel=\"canonical\" href=\"https:\/\/ifv.vn\/fr\/culture\/mediatheques\/\" \/>\n<meta property=\"og:locale\" content=\"fr_FR\" \/>\n<meta property=\"og:type\" content=\"article\" \/>\n<meta property=\"og:title\" content=\"M\u00e9diath\u00e8ques - Vi\u1ec7n Ph\u00e1p t\u1ea1i Vi\u1ec7t Nam | Institut fran\u00e7ais du Vietnam\" \/>\n<meta property=\"og:description\" content=\"[vc_row][vc_column][vc_column_text] LES M\u00c9DIATH\u00c8QUES DE L\u2019INSTITUT FRAN\u00c7AIS DU VIETNAM Les m\u00e9diath\u00e8ques de l\u2019Institut fran\u00e7ais du Vietnam (IFV), ce sont plus de 46 000 documents \u00e0 votre disposition\u00a0: BD, romans, livres, revues, m\u00e9thodes d\u2019apprentissage, dictionnaires \u2026 Mais ce sont aussi des documents [&hellip;]\" \/>\n<meta property=\"og:url\" content=\"https:\/\/ifv.vn\/fr\/culture\/mediatheques\/\" \/>\n<meta property=\"og:site_name\" content=\"Vi\u1ec7n Ph\u00e1p t\u1ea1i Vi\u1ec7t Nam | Institut fran\u00e7ais du Vietnam\" \/>\n<meta property=\"article:modified_time\" content=\"2026-01-20T04:28:05+00:00\" \/>\n<meta name=\"twitter:card\" content=\"summary_large_image\" \/>\n<meta name=\"twitter:label1\" content=\"Est. reading time\" \/>\n\t<meta name=\"twitter:data1\" content=\"1 minute\" \/>\n<script type=\"application\/ld+json\" class=\"yoast-schema-graph\">{\"@context\":\"https:\/\/schema.org\",\"@graph\":[{\"@type\":\"WebPage\",\"@id\":\"https:\/\/ifv.vn\/fr\/culture\/mediatheques\/\",\"url\":\"https:\/\/ifv.vn\/fr\/culture\/mediatheques\/\",\"name\":\"M\u00e9diath\u00e8ques - Vi\u1ec7n Ph\u00e1p t\u1ea1i Vi\u1ec7t Nam | Institut fran\u00e7ais du Vietnam\",\"isPartOf\":{\"@id\":\"https:\/\/ifv.vn\/#website\"},\"datePublished\":\"2017-05-17T04:30:41+00:00\",\"dateModified\":\"2026-01-20T04:28:05+00:00\",\"breadcrumb\":{\"@id\":\"https:\/\/ifv.vn\/fr\/culture\/mediatheques\/#breadcrumb\"},\"inLanguage\":\"fr-FR\",\"potentialAction\":[{\"@type\":\"ReadAction\",\"target\":[\"https:\/\/ifv.vn\/fr\/culture\/mediatheques\/\"]}]},{\"@type\":\"BreadcrumbList\",\"@id\":\"https:\/\/ifv.vn\/fr\/culture\/mediatheques\/#breadcrumb\",\"itemListElement\":[{\"@type\":\"ListItem\",\"position\":1,\"name\":\"Home\",\"item\":\"https:\/\/ifv.vn\/fr\/\"},{\"@type\":\"ListItem\",\"position\":2,\"name\":\"Culture\",\"item\":\"https:\/\/ifv.vn\/fr\/culture\/\"},{\"@type\":\"ListItem\",\"position\":3,\"name\":\"M\u00e9diath\u00e8ques\"}]},{\"@type\":\"WebSite\",\"@id\":\"https:\/\/ifv.vn\/#website\",\"url\":\"https:\/\/ifv.vn\/\",\"name\":\"Vi\u1ec7n Ph\u00e1p t\u1ea1i Vi\u1ec7t Nam | Institut fran\u00e7ais du Vietnam\",\"description\":\"\",\"publisher\":{\"@id\":\"https:\/\/ifv.vn\/#organization\"},\"potentialAction\":[{\"@type\":\"SearchAction\",\"target\":{\"@type\":\"EntryPoint\",\"urlTemplate\":\"https:\/\/ifv.vn\/?s={search_term_string}\"},\"query-input\":{\"@type\":\"PropertyValueSpecification\",\"valueRequired\":true,\"valueName\":\"search_term_string\"}}],\"inLanguage\":\"fr-FR\"},{\"@type\":\"Organization\",\"@id\":\"https:\/\/ifv.vn\/#organization\",\"name\":\"Vi\u1ec7n Ph\u00e1p t\u1ea1i Vi\u1ec7t Nam | Institut fran\u00e7ais du Vietnam\",\"url\":\"https:\/\/ifv.vn\/\",\"logo\":{\"@type\":\"ImageObject\",\"inLanguage\":\"fr-FR\",\"@id\":\"https:\/\/ifv.vn\/#\/schema\/logo\/image\/\",\"url\":\"https:\/\/ifv.vn\/wp-content\/uploads\/2025\/10\/cropped-asset-6.png\",\"contentUrl\":\"https:\/\/ifv.vn\/wp-content\/uploads\/2025\/10\/cropped-asset-6.png\",\"width\":248,\"height\":165,\"caption\":\"Vi\u1ec7n Ph\u00e1p t\u1ea1i Vi\u1ec7t Nam | Institut fran\u00e7ais du Vietnam\"},\"image\":{\"@id\":\"https:\/\/ifv.vn\/#\/schema\/logo\/image\/\"}}]}<\/script>\n<!-- \/ Yoast SEO plugin. -->","yoast_head_json":{"title":"M\u00e9diath\u00e8ques - Vi\u1ec7n Ph\u00e1p t\u1ea1i Vi\u1ec7t Nam | Institut fran\u00e7ais du Vietnam","robots":{"index":"index","follow":"follow","max-snippet":"max-snippet:-1","max-image-preview":"max-image-preview:large","max-video-preview":"max-video-preview:-1"},"canonical":"https:\/\/ifv.vn\/fr\/culture\/mediatheques\/","og_locale":"fr_FR","og_type":"article","og_title":"M\u00e9diath\u00e8ques - Vi\u1ec7n Ph\u00e1p t\u1ea1i Vi\u1ec7t Nam | Institut fran\u00e7ais du Vietnam","og_description":"[vc_row][vc_column][vc_column_text] LES M\u00c9DIATH\u00c8QUES DE L\u2019INSTITUT FRAN\u00c7AIS DU VIETNAM Les m\u00e9diath\u00e8ques de l\u2019Institut fran\u00e7ais du Vietnam (IFV), ce sont plus de 46 000 documents \u00e0 votre disposition\u00a0: BD, romans, livres, revues, m\u00e9thodes d\u2019apprentissage, dictionnaires \u2026 Mais ce sont aussi des documents [&hellip;]","og_url":"https:\/\/ifv.vn\/fr\/culture\/mediatheques\/","og_site_name":"Vi\u1ec7n Ph\u00e1p t\u1ea1i Vi\u1ec7t Nam | Institut fran\u00e7ais du Vietnam","article_modified_time":"2026-01-20T04:28:05+00:00","twitter_card":"summary_large_image","twitter_misc":{"Est. reading time":"1 minute"},"schema":{"@context":"https:\/\/schema.org","@graph":[{"@type":"WebPage","@id":"https:\/\/ifv.vn\/fr\/culture\/mediatheques\/","url":"https:\/\/ifv.vn\/fr\/culture\/mediatheques\/","name":"M\u00e9diath\u00e8ques - Vi\u1ec7n Ph\u00e1p t\u1ea1i Vi\u1ec7t Nam | Institut fran\u00e7ais du Vietnam","isPartOf":{"@id":"https:\/\/ifv.vn\/#website"},"datePublished":"2017-05-17T04:30:41+00:00","dateModified":"2026-01-20T04:28:05+00:00","breadcrumb":{"@id":"https:\/\/ifv.vn\/fr\/culture\/mediatheques\/#breadcrumb"},"inLanguage":"fr-FR","potentialAction":[{"@type":"ReadAction","target":["https:\/\/ifv.vn\/fr\/culture\/mediatheques\/"]}]},{"@type":"BreadcrumbList","@id":"https:\/\/ifv.vn\/fr\/culture\/mediatheques\/#breadcrumb","itemListElement":[{"@type":"ListItem","position":1,"name":"Home","item":"https:\/\/ifv.vn\/fr\/"},{"@type":"ListItem","position":2,"name":"Culture","item":"https:\/\/ifv.vn\/fr\/culture\/"},{"@type":"ListItem","position":3,"name":"M\u00e9diath\u00e8ques"}]},{"@type":"WebSite","@id":"https:\/\/ifv.vn\/#website","url":"https:\/\/ifv.vn\/","name":"Vi\u1ec7n Ph\u00e1p t\u1ea1i Vi\u1ec7t Nam | Institut fran\u00e7ais du Vietnam","description":"","publisher":{"@id":"https:\/\/ifv.vn\/#organization"},"potentialAction":[{"@type":"SearchAction","target":{"@type":"EntryPoint","urlTemplate":"https:\/\/ifv.vn\/?s={search_term_string}"},"query-input":{"@type":"PropertyValueSpecification","valueRequired":true,"valueName":"search_term_string"}}],"inLanguage":"fr-FR"},{"@type":"Organization","@id":"https:\/\/ifv.vn\/#organization","name":"Vi\u1ec7n Ph\u00e1p t\u1ea1i Vi\u1ec7t Nam | Institut fran\u00e7ais du Vietnam","url":"https:\/\/ifv.vn\/","logo":{"@type":"ImageObject","inLanguage":"fr-FR","@id":"https:\/\/ifv.vn\/#\/schema\/logo\/image\/","url":"https:\/\/ifv.vn\/wp-content\/uploads\/2025\/10\/cropped-asset-6.png","contentUrl":"https:\/\/ifv.vn\/wp-content\/uploads\/2025\/10\/cropped-asset-6.png","width":248,"height":165,"caption":"Vi\u1ec7n Ph\u00e1p t\u1ea1i Vi\u1ec7t Nam | Institut fran\u00e7ais du Vietnam"},"image":{"@id":"https:\/\/ifv.vn\/#\/schema\/logo\/image\/"}}]}},"_links":{"self":[{"href":"https:\/\/ifv.vn\/fr\/wp-json\/wp\/v2\/pages\/743"}],"collection":[{"href":"https:\/\/ifv.vn\/fr\/wp-json\/wp\/v2\/pages"}],"about":[{"href":"https:\/\/ifv.vn\/fr\/wp-json\/wp\/v2\/types\/page"}],"author":[{"embeddable":true,"href":"https:\/\/ifv.vn\/fr\/wp-json\/wp\/v2\/users\/1"}],"replies":[{"embeddable":true,"href":"https:\/\/ifv.vn\/fr\/wp-json\/wp\/v2\/comments?post=743"}],"version-history":[{"count":3,"href":"https:\/\/ifv.vn\/fr\/wp-json\/wp\/v2\/pages\/743\/revisions"}],"predecessor-version":[{"id":25040,"href":"https:\/\/ifv.vn\/fr\/wp-json\/wp\/v2\/pages\/743\/revisions\/25040"}],"up":[{"embeddable":true,"href":"https:\/\/ifv.vn\/fr\/wp-json\/wp\/v2\/pages\/1344"}],"wp:attachment":[{"href":"https:\/\/ifv.vn\/fr\/wp-json\/wp\/v2\/media?parent=743"}],"curies":[{"name":"wp","href":"https:\/\/api.w.org\/{rel}","templated":true}]}}