{"id":747,"date":"2017-05-17T11:32:37","date_gmt":"2017-05-17T04:32:37","guid":{"rendered":"https:\/\/ifv.vn\/?page_id=747"},"modified":"2025-06-19T11:26:12","modified_gmt":"2025-06-19T04:26:12","slug":"culturetheque-vietnam","status":"publish","type":"page","link":"https:\/\/ifv.vn\/fr\/culture\/mediatheques\/culturetheque-vietnam\/","title":{"rendered":"Cultureth\u00e8que Vietnam"},"content":{"rendered":"<div class=\"wpb-content-wrapper\"><p>[vc_row][vc_column][vc_column_text css=&nbsp;&raquo;&nbsp;&raquo;]<\/p>\n<p><strong>La biblioth\u00e8que francophone en ligne\u00a0<\/strong><a href=\"http:\/\/www.culturetheque.com\/EXPLOITATION\/VNM\"><strong>CULTURETHEQUE<\/strong><\/a><strong>\u00a0est disponible au Vietnam !<\/strong><\/p>\n<div class=\"post-content page-content\">\n<p><em>Des ressources nombreuses et vari\u00e9es.<\/em><\/p>\n<p style=\"text-align: justify;\">Cultureth\u00e8que propose des grands titres de la presse fran\u00e7aise, des bandes dessin\u00e9es, des albums de musique, des romans, des ouvrages sur des th\u00e9matiques d&rsquo;actualit\u00e9 (enjeux\u00a0environnementaux, ville-monde &amp; mutations urbaines), des modules d&rsquo;autoformation en fran\u00e7ais langues \u00e9trang\u00e8res (FLE), des livres et BD\u00a0pour les apprenants de FLE (tous niveaux), des articles de sciences humaines, des conf\u00e9rences, des web documentaires et des jeux-vid\u00e9os.<\/p>\n<p style=\"text-align: justify;\">Toutes les oeuvres sont disponibles en acc\u00e8s en ligne de mani\u00e8re permanente et certaines (notamment les livres) sont accessibles en t\u00e9l\u00e9chargement. Toute la biblioth\u00e8que est accessible via smartphone, tablette, liseuse ou n&rsquo;importe quel ordinateur.<\/p>\n<p>Petits et grands, classiques et actualit\u00e9s, il y en a pour tous les go\u00fbts sur Cultureth\u00e8que Vietnam\u00a0!<\/p>\n<p><em>Vous parlez fran\u00e7ais ou apprenez le fran\u00e7ais\u00a0? <\/em><\/p>\n<p style=\"text-align: justify;\">Connectez-vous sur\u00a0<a href=\"http:\/\/www.culturetheque.com\/\" target=\"_blank\" rel=\"noopener\"><strong>www.culturetheque.com<\/strong><\/a> et d\u00e9couvrez l\u2019\u00e9tendue des ressources disponibles gr\u00e2ce \u00e0 l\u2019<strong>offre d\u00e9couverte<\/strong>\u00a0propos\u00e9e par Cultureth\u00e8que.<\/p>\n<p style=\"text-align: justify;\"><strong>Devenez membre de l\u2019une des m\u00e9diath\u00e8ques de l\u2019Institut Fran\u00e7ais du Vietnam (Hanoi, Hue, Danang) pour continuer \u00e0 y acc\u00e9der gratuitement\u00a0!<\/strong><\/p>\n<p><strong>Contact\u00a0:\u00a0<\/strong><a href=\"https:\/\/ifv.vn\/fr\/culture\/mediatheques\/mediatheque-hn\/mediatheque@ifv.vn\">mediatheque@ifv.vn<\/a><\/p>\n<\/div>\n<p>[\/vc_column_text][\/vc_column][\/vc_row]<\/p>\n<\/div>","protected":false},"excerpt":{"rendered":"[vc_row][vc_column][vc_column_text css=\"\"] La biblioth\u00e8que francophone en ligne\u00a0CULTURETHEQUE\u00a0est disponible au Vietnam ! Des ressources nombreuses et vari\u00e9es. Cultureth\u00e8que propose des grands titres de la presse fran\u00e7aise, des bandes dessin\u00e9es, des albums de musique, des romans, des ouvrages sur des th\u00e9matiques d'actualit\u00e9 [...]","protected":false},"author":1,"featured_media":0,"parent":743,"menu_order":0,"comment_status":"open","ping_status":"closed","template":"page-static.php","meta":{"footnotes":""},"class_list":["post-747","page","type-page","status-publish","hentry"],"acf":[],"yoast_head":"<!-- This site is optimized with the Yoast SEO plugin v25.3.1 - https:\/\/yoast.com\/wordpress\/plugins\/seo\/ -->\n<title>Cultureth\u00e8que Vietnam - Vi\u1ec7n Ph\u00e1p t\u1ea1i Vi\u1ec7t Nam | Institut fran\u00e7ais du Vietnam<\/title>\n<meta name=\"robots\" content=\"index, follow, max-snippet:-1, max-image-preview:large, max-video-preview:-1\" \/>\n<link rel=\"canonical\" href=\"https:\/\/ifv.vn\/fr\/culture\/mediatheques\/culturetheque-vietnam\/\" \/>\n<meta property=\"og:locale\" content=\"fr_FR\" \/>\n<meta property=\"og:type\" content=\"article\" \/>\n<meta property=\"og:title\" content=\"Cultureth\u00e8que Vietnam - Vi\u1ec7n Ph\u00e1p t\u1ea1i Vi\u1ec7t Nam | Institut fran\u00e7ais du Vietnam\" \/>\n<meta property=\"og:description\" content=\"[vc_row][vc_column][vc_column_text css=&nbsp;&raquo;&nbsp;&raquo;] La biblioth\u00e8que francophone en ligne\u00a0CULTURETHEQUE\u00a0est disponible au Vietnam ! Des ressources nombreuses et vari\u00e9es. Cultureth\u00e8que propose des grands titres de la presse fran\u00e7aise, des bandes dessin\u00e9es, des albums de musique, des romans, des ouvrages sur des th\u00e9matiques d&rsquo;actualit\u00e9 [&hellip;]\" \/>\n<meta property=\"og:url\" content=\"https:\/\/ifv.vn\/fr\/culture\/mediatheques\/culturetheque-vietnam\/\" \/>\n<meta property=\"og:site_name\" content=\"Vi\u1ec7n Ph\u00e1p t\u1ea1i Vi\u1ec7t Nam | Institut fran\u00e7ais du Vietnam\" \/>\n<meta property=\"article:modified_time\" content=\"2025-06-19T04:26:12+00:00\" \/>\n<meta name=\"twitter:card\" content=\"summary_large_image\" \/>\n<meta name=\"twitter:label1\" content=\"Est. reading time\" \/>\n\t<meta name=\"twitter:data1\" content=\"1 minute\" \/>\n<script type=\"application\/ld+json\" class=\"yoast-schema-graph\">{\"@context\":\"https:\/\/schema.org\",\"@graph\":[{\"@type\":\"WebPage\",\"@id\":\"https:\/\/ifv.vn\/fr\/culture\/mediatheques\/culturetheque-vietnam\/\",\"url\":\"https:\/\/ifv.vn\/fr\/culture\/mediatheques\/culturetheque-vietnam\/\",\"name\":\"Cultureth\u00e8que Vietnam - Vi\u1ec7n Ph\u00e1p t\u1ea1i Vi\u1ec7t Nam | Institut fran\u00e7ais du Vietnam\",\"isPartOf\":{\"@id\":\"https:\/\/ifv.vn\/#website\"},\"datePublished\":\"2017-05-17T04:32:37+00:00\",\"dateModified\":\"2025-06-19T04:26:12+00:00\",\"breadcrumb\":{\"@id\":\"https:\/\/ifv.vn\/fr\/culture\/mediatheques\/culturetheque-vietnam\/#breadcrumb\"},\"inLanguage\":\"fr-FR\",\"potentialAction\":[{\"@type\":\"ReadAction\",\"target\":[\"https:\/\/ifv.vn\/fr\/culture\/mediatheques\/culturetheque-vietnam\/\"]}]},{\"@type\":\"BreadcrumbList\",\"@id\":\"https:\/\/ifv.vn\/fr\/culture\/mediatheques\/culturetheque-vietnam\/#breadcrumb\",\"itemListElement\":[{\"@type\":\"ListItem\",\"position\":1,\"name\":\"Home\",\"item\":\"https:\/\/ifv.vn\/fr\/\"},{\"@type\":\"ListItem\",\"position\":2,\"name\":\"Culture\",\"item\":\"https:\/\/ifv.vn\/fr\/culture\/\"},{\"@type\":\"ListItem\",\"position\":3,\"name\":\"M\u00e9diath\u00e8ques\",\"item\":\"https:\/\/ifv.vn\/fr\/culture\/mediatheques\/\"},{\"@type\":\"ListItem\",\"position\":4,\"name\":\"Cultureth\u00e8que Vietnam\"}]},{\"@type\":\"WebSite\",\"@id\":\"https:\/\/ifv.vn\/#website\",\"url\":\"https:\/\/ifv.vn\/\",\"name\":\"Vi\u1ec7n Ph\u00e1p t\u1ea1i Vi\u1ec7t Nam | Institut fran\u00e7ais du Vietnam\",\"description\":\"\",\"publisher\":{\"@id\":\"https:\/\/ifv.vn\/#organization\"},\"potentialAction\":[{\"@type\":\"SearchAction\",\"target\":{\"@type\":\"EntryPoint\",\"urlTemplate\":\"https:\/\/ifv.vn\/?s={search_term_string}\"},\"query-input\":{\"@type\":\"PropertyValueSpecification\",\"valueRequired\":true,\"valueName\":\"search_term_string\"}}],\"inLanguage\":\"fr-FR\"},{\"@type\":\"Organization\",\"@id\":\"https:\/\/ifv.vn\/#organization\",\"name\":\"Vi\u1ec7n Ph\u00e1p t\u1ea1i Vi\u1ec7t Nam | Institut fran\u00e7ais du Vietnam\",\"url\":\"https:\/\/ifv.vn\/\",\"logo\":{\"@type\":\"ImageObject\",\"inLanguage\":\"fr-FR\",\"@id\":\"https:\/\/ifv.vn\/#\/schema\/logo\/image\/\",\"url\":\"https:\/\/ifv.vn\/wp-content\/uploads\/2025\/10\/cropped-asset-6.png\",\"contentUrl\":\"https:\/\/ifv.vn\/wp-content\/uploads\/2025\/10\/cropped-asset-6.png\",\"width\":248,\"height\":165,\"caption\":\"Vi\u1ec7n Ph\u00e1p t\u1ea1i Vi\u1ec7t Nam | Institut fran\u00e7ais du Vietnam\"},\"image\":{\"@id\":\"https:\/\/ifv.vn\/#\/schema\/logo\/image\/\"}}]}<\/script>\n<!-- \/ Yoast SEO plugin. -->","yoast_head_json":{"title":"Cultureth\u00e8que Vietnam - Vi\u1ec7n Ph\u00e1p t\u1ea1i Vi\u1ec7t Nam | Institut fran\u00e7ais du Vietnam","robots":{"index":"index","follow":"follow","max-snippet":"max-snippet:-1","max-image-preview":"max-image-preview:large","max-video-preview":"max-video-preview:-1"},"canonical":"https:\/\/ifv.vn\/fr\/culture\/mediatheques\/culturetheque-vietnam\/","og_locale":"fr_FR","og_type":"article","og_title":"Cultureth\u00e8que Vietnam - Vi\u1ec7n Ph\u00e1p t\u1ea1i Vi\u1ec7t Nam | Institut fran\u00e7ais du Vietnam","og_description":"[vc_row][vc_column][vc_column_text css=&nbsp;&raquo;&nbsp;&raquo;] La biblioth\u00e8que francophone en ligne\u00a0CULTURETHEQUE\u00a0est disponible au Vietnam ! Des ressources nombreuses et vari\u00e9es. Cultureth\u00e8que propose des grands titres de la presse fran\u00e7aise, des bandes dessin\u00e9es, des albums de musique, des romans, des ouvrages sur des th\u00e9matiques d&rsquo;actualit\u00e9 [&hellip;]","og_url":"https:\/\/ifv.vn\/fr\/culture\/mediatheques\/culturetheque-vietnam\/","og_site_name":"Vi\u1ec7n Ph\u00e1p t\u1ea1i Vi\u1ec7t Nam | Institut fran\u00e7ais du Vietnam","article_modified_time":"2025-06-19T04:26:12+00:00","twitter_card":"summary_large_image","twitter_misc":{"Est. reading time":"1 minute"},"schema":{"@context":"https:\/\/schema.org","@graph":[{"@type":"WebPage","@id":"https:\/\/ifv.vn\/fr\/culture\/mediatheques\/culturetheque-vietnam\/","url":"https:\/\/ifv.vn\/fr\/culture\/mediatheques\/culturetheque-vietnam\/","name":"Cultureth\u00e8que Vietnam - Vi\u1ec7n Ph\u00e1p t\u1ea1i Vi\u1ec7t Nam | Institut fran\u00e7ais du Vietnam","isPartOf":{"@id":"https:\/\/ifv.vn\/#website"},"datePublished":"2017-05-17T04:32:37+00:00","dateModified":"2025-06-19T04:26:12+00:00","breadcrumb":{"@id":"https:\/\/ifv.vn\/fr\/culture\/mediatheques\/culturetheque-vietnam\/#breadcrumb"},"inLanguage":"fr-FR","potentialAction":[{"@type":"ReadAction","target":["https:\/\/ifv.vn\/fr\/culture\/mediatheques\/culturetheque-vietnam\/"]}]},{"@type":"BreadcrumbList","@id":"https:\/\/ifv.vn\/fr\/culture\/mediatheques\/culturetheque-vietnam\/#breadcrumb","itemListElement":[{"@type":"ListItem","position":1,"name":"Home","item":"https:\/\/ifv.vn\/fr\/"},{"@type":"ListItem","position":2,"name":"Culture","item":"https:\/\/ifv.vn\/fr\/culture\/"},{"@type":"ListItem","position":3,"name":"M\u00e9diath\u00e8ques","item":"https:\/\/ifv.vn\/fr\/culture\/mediatheques\/"},{"@type":"ListItem","position":4,"name":"Cultureth\u00e8que Vietnam"}]},{"@type":"WebSite","@id":"https:\/\/ifv.vn\/#website","url":"https:\/\/ifv.vn\/","name":"Vi\u1ec7n Ph\u00e1p t\u1ea1i Vi\u1ec7t Nam | Institut fran\u00e7ais du Vietnam","description":"","publisher":{"@id":"https:\/\/ifv.vn\/#organization"},"potentialAction":[{"@type":"SearchAction","target":{"@type":"EntryPoint","urlTemplate":"https:\/\/ifv.vn\/?s={search_term_string}"},"query-input":{"@type":"PropertyValueSpecification","valueRequired":true,"valueName":"search_term_string"}}],"inLanguage":"fr-FR"},{"@type":"Organization","@id":"https:\/\/ifv.vn\/#organization","name":"Vi\u1ec7n Ph\u00e1p t\u1ea1i Vi\u1ec7t Nam | Institut fran\u00e7ais du Vietnam","url":"https:\/\/ifv.vn\/","logo":{"@type":"ImageObject","inLanguage":"fr-FR","@id":"https:\/\/ifv.vn\/#\/schema\/logo\/image\/","url":"https:\/\/ifv.vn\/wp-content\/uploads\/2025\/10\/cropped-asset-6.png","contentUrl":"https:\/\/ifv.vn\/wp-content\/uploads\/2025\/10\/cropped-asset-6.png","width":248,"height":165,"caption":"Vi\u1ec7n Ph\u00e1p t\u1ea1i Vi\u1ec7t Nam | Institut fran\u00e7ais du Vietnam"},"image":{"@id":"https:\/\/ifv.vn\/#\/schema\/logo\/image\/"}}]}},"_links":{"self":[{"href":"https:\/\/ifv.vn\/fr\/wp-json\/wp\/v2\/pages\/747"}],"collection":[{"href":"https:\/\/ifv.vn\/fr\/wp-json\/wp\/v2\/pages"}],"about":[{"href":"https:\/\/ifv.vn\/fr\/wp-json\/wp\/v2\/types\/page"}],"author":[{"embeddable":true,"href":"https:\/\/ifv.vn\/fr\/wp-json\/wp\/v2\/users\/1"}],"replies":[{"embeddable":true,"href":"https:\/\/ifv.vn\/fr\/wp-json\/wp\/v2\/comments?post=747"}],"version-history":[{"count":4,"href":"https:\/\/ifv.vn\/fr\/wp-json\/wp\/v2\/pages\/747\/revisions"}],"predecessor-version":[{"id":23568,"href":"https:\/\/ifv.vn\/fr\/wp-json\/wp\/v2\/pages\/747\/revisions\/23568"}],"up":[{"embeddable":true,"href":"https:\/\/ifv.vn\/fr\/wp-json\/wp\/v2\/pages\/743"}],"wp:attachment":[{"href":"https:\/\/ifv.vn\/fr\/wp-json\/wp\/v2\/media?parent=747"}],"curies":[{"name":"wp","href":"https:\/\/api.w.org\/{rel}","templated":true}]}}