{"id":849,"date":"2017-05-17T14:25:24","date_gmt":"2017-05-17T07:25:24","guid":{"rendered":"https:\/\/ifv.vn\/?page_id=849"},"modified":"2025-06-19T10:27:18","modified_gmt":"2025-06-19T03:27:18","slug":"mediatheque-dn","status":"publish","type":"page","link":"https:\/\/ifv.vn\/fr\/culture\/mediatheques\/mediatheque-dn\/","title":{"rendered":"M\u00e9diath\u00e8que de Danang"},"content":{"rendered":"<div class=\"wpb-content-wrapper\"><p>[vc_row][vc_column][vc_tta_tabs][vc_tta_section title=&nbsp;&raquo;M\u00e9diath\u00e8que de Danang&nbsp;&raquo; tab_id=&nbsp;&raquo;1519216987943-5fdb5aef-13fa&nbsp;&raquo;][vc_wp_text]<\/p>\n<p style=\"text-align: justify;\">La m\u00e9diath\u00e8que francaise est l\u2019un des p\u00f4les essentiels de l\u2019Institut Fran\u00e7ais du Vietnam de \u00a0Danang.<\/p>\n<p style=\"text-align: justify;\">Situ\u00e9e au \u00a0centre-ville de Danang, au sein du campus de la biblioth\u00e8que municipale des sciences g\u00e9n\u00e9rales (33 rue Tran Phu ou 46 rue Bach Dang) la m\u00e9diath\u00e8que est d\u00e9di\u00e9e \u00e0 l\u2019accueil du public, \u00e0 la diffusion et \u00e0 la promotion de la culture fran\u00e7aise et \u00e0 l\u2019apprentissage du fran\u00e7ais.<\/p>\n<p style=\"text-align: justify;\">La m\u00e9diath\u00e8que propose \u00e0 ses lecteurs un espace bien \u00e9quip\u00e9 et confortable avec plus de 7 000 documents.<\/p>\n<p style=\"text-align: justify;\">La m\u00e9diath\u00e8que est un lieu de vie culturelle, d\u2019acquisition du savoir, un instrument de p\u00e9dagogie et de formation et une source d\u2019information sur la France contemporaine.<\/p>\n<p style=\"text-align: justify;\">La m\u00e9diath\u00e8que a un coin jeunesse o\u00f9 des activit\u00e9s ludiques sont organis\u00e9es r\u00e9guli\u00e8rement pour enfants et \u00e9tudiants. Les objets \u00a0fabriqu\u00e9s par les participants lors des activit\u00e9s y sont aussi expos\u00e9s.<\/p>\n<p style=\"text-align: justify;\">Les abonn\u00e9s \u00e0 la m\u00e9diath\u00e8que peuvent profiter du coin t\u00e9l\u00e9vision pour regarder la chaine TV5 Monde ou des films en DVD.<\/p>\n<p><strong>Email : ecoledanang@ifv.vn<\/strong><\/p>\n<p>[\/vc_wp_text][\/vc_tta_section][vc_tta_section title=&nbsp;&raquo;Collection&nbsp;&raquo; tab_id=&nbsp;&raquo;1519216987980-b3c87f09-2226&Prime;][vc_wp_text]<\/p>\n<p style=\"text-align: justify;\">Tous les documents peuvent \u00eatre consult\u00e9s sur place. Afin de pouvoir emprunter des documents, vous devez avoir une carte de lecteur.<\/p>\n<ul>\n<li>Les documents\u00a0: plus de 11.000 documents sont \u00e0 votre disposition dont\u00a0:<\/li>\n<\/ul>\n<p style=\"text-align: justify;\">\u2013 Des m\u00e9thodes et guides pour l\u2019apprentissage du fran\u00e7ais\u00a0:<br \/>\n\u2013 Des dictionnaires et encyclop\u00e9dies<br \/>\n\u2013 Des \u0153uvres litt\u00e9raires\u00a0: romans, po\u00e9sies, albums, contes, livres en fran\u00e7ais et traduits en vietnamien<br \/>\n\u2013 Des livres de sp\u00e9cialit\u00e9s\u00a0: le fran\u00e7ais du tourisme et de l\u2019h\u00f4tellerie\u00a0; le fran\u00e7ais des affaires, des guides touristiques sur la France et le Vietnam.<br \/>\n\u2013 Des bandes dessin\u00e9es<br \/>\n\u2013 Des p\u00e9riodiques\u00a0: Revues, magazines (Okapi, Phosphore, Courrier international, J\u2019apprends \u00e0 lire, Histoire vraie)<\/p>\n<ul>\n<li>Des cassettes audio, CD audio, CD-ROM, DVD pour les apprentissages et les divertissements.<\/li>\n<li>Les films\u00a0: plus de 800 DVD de films de tout genre\u00a0: comique, policier, d\u2019aventure,\u2026<\/li>\n<li>Les ordinateurs, tablettes connect\u00e9s \u00e0 l\u2019Internet\u00a0: disponibles avec des pages pratiques pour apprendre le fran\u00e7ais.<\/li>\n<\/ul>\n<p>[\/vc_wp_text][\/vc_tta_section][vc_tta_section title=&nbsp;&raquo;Inscription&nbsp;&raquo; tab_id=&nbsp;&raquo;1519217019223-b875027b-78da&nbsp;&raquo;][vc_wp_text]<\/p>\n<p style=\"text-align: justify;\"><a href=\"http:\/\/ifv.vn\/wp-content\/uploads\/2018\/07\/Reglement-mediatheque-DN.pdf\" target=\"_blank\" rel=\"noopener\">Le\u00a0r\u00e8glement de la m\u00e9diath\u00e8que\u00a0\u00e0 consulter.<\/a><\/p>\n<p style=\"text-align: justify;\">Le lecteur peut t\u00e9l\u00e9charger <a href=\"https:\/\/ifv.vn\/wp-content\/uploads\/2020\/01\/FORMULAIRE-D\u2019INSCRIPTION_DANANG_2020.pdf\" target=\"_blank\" rel=\"noopener\">la fiche d\u2019inscription<\/a>, la compl\u00e9ter et la d\u00e9poser aupr\u00e8s du\/de la m\u00e9diath\u00e9caire, ou bien s\u2019inscrire directement \u00e0 la m\u00e9diath\u00e8que, muni d\u2019une pi\u00e8ce d\u2019identit\u00e9 et d\u2019une photo d\u2019identit\u00e9.<\/p>\n<p>[\/vc_wp_text][\/vc_tta_section][vc_tta_section title=&nbsp;&raquo;Infos pratiques&nbsp;&raquo; tab_id=&nbsp;&raquo;1519217035122-663ecc83-72f5&Prime;][vc_wp_text]<\/p>\n<p><strong>Horaires\u00a0d\u2019ouverture:<\/strong><\/p>\n<p>Du lundi au vendredi\u00a0:\u00a0Matin\u00a0:\u00a008h30 \u2013 12h00.\u00a0\u00a0\u00a0\u00a0\u00a0\u00a0\u00a0\u00a0\u00a0\u00a0\u00a0\u00a0 Apres-midi :\u00a0\u00a014h00 \u2013 17h30.<\/p>\n<p>Samedi\u00a0:<strong>\u00a0 \u00a0 \u00a0 \u00a0 \u00a0 \u00a0 \u00a0 \u00a0 \u00a0 \u00a0 \u00a0 \u00a0<\/strong>Matin\u00a0: 08h30 \u2013 11h30. \u00a0 \u00a0 \u00a0 \u00a0 \u00a0 \u00a0 \u00a0Apres-midi : 14h30 \u2013 17h30.<\/p>\n<p><strong>Email : ecoledanang@ifv.vn<\/strong><\/p>\n<p>&nbsp;<\/p>\n<p>[\/vc_wp_text][\/vc_tta_section][\/vc_tta_tabs][\/vc_column][\/vc_row]<\/p>\n<\/div>","protected":false},"excerpt":{"rendered":"[vc_row][vc_column][vc_tta_tabs][vc_tta_section title=\"M\u00e9diath\u00e8que de Danang\" tab_id=\"1519216987943-5fdb5aef-13fa\"][vc_wp_text] La m\u00e9diath\u00e8que francaise est l\u2019un des p\u00f4les essentiels de l\u2019Institut Fran\u00e7ais du Vietnam de \u00a0Danang. Situ\u00e9e au \u00a0centre-ville de Danang, au sein du campus de la biblioth\u00e8que municipale des sciences g\u00e9n\u00e9rales (33 rue Tran Phu [...]","protected":false},"author":1,"featured_media":0,"parent":743,"menu_order":0,"comment_status":"open","ping_status":"closed","template":"page-static.php","meta":{"footnotes":""},"class_list":["post-849","page","type-page","status-publish","hentry"],"acf":[],"yoast_head":"<!-- This site is optimized with the Yoast SEO plugin v25.3.1 - https:\/\/yoast.com\/wordpress\/plugins\/seo\/ -->\n<title>M\u00e9diath\u00e8que de Danang - Vi\u1ec7n Ph\u00e1p t\u1ea1i Vi\u1ec7t Nam | Institut fran\u00e7ais du Vietnam<\/title>\n<meta name=\"robots\" content=\"index, follow, max-snippet:-1, max-image-preview:large, max-video-preview:-1\" \/>\n<link rel=\"canonical\" href=\"https:\/\/ifv.vn\/fr\/culture\/mediatheques\/mediatheque-dn\/\" \/>\n<meta property=\"og:locale\" content=\"fr_FR\" \/>\n<meta property=\"og:type\" content=\"article\" \/>\n<meta property=\"og:title\" content=\"M\u00e9diath\u00e8que de Danang - Vi\u1ec7n Ph\u00e1p t\u1ea1i Vi\u1ec7t Nam | Institut fran\u00e7ais du Vietnam\" \/>\n<meta property=\"og:description\" content=\"[vc_row][vc_column][vc_tta_tabs][vc_tta_section title=&nbsp;&raquo;M\u00e9diath\u00e8que de Danang&nbsp;&raquo; tab_id=&nbsp;&raquo;1519216987943-5fdb5aef-13fa&nbsp;&raquo;][vc_wp_text] La m\u00e9diath\u00e8que francaise est l\u2019un des p\u00f4les essentiels de l\u2019Institut Fran\u00e7ais du Vietnam de \u00a0Danang. Situ\u00e9e au \u00a0centre-ville de Danang, au sein du campus de la biblioth\u00e8que municipale des sciences g\u00e9n\u00e9rales (33 rue Tran Phu [&hellip;]\" \/>\n<meta property=\"og:url\" content=\"https:\/\/ifv.vn\/fr\/culture\/mediatheques\/mediatheque-dn\/\" \/>\n<meta property=\"og:site_name\" content=\"Vi\u1ec7n Ph\u00e1p t\u1ea1i Vi\u1ec7t Nam | Institut fran\u00e7ais du Vietnam\" \/>\n<meta property=\"article:modified_time\" content=\"2025-06-19T03:27:18+00:00\" \/>\n<meta name=\"twitter:card\" content=\"summary_large_image\" \/>\n<meta name=\"twitter:label1\" content=\"Est. reading time\" \/>\n\t<meta name=\"twitter:data1\" content=\"2 minutes\" \/>\n<script type=\"application\/ld+json\" class=\"yoast-schema-graph\">{\"@context\":\"https:\/\/schema.org\",\"@graph\":[{\"@type\":\"WebPage\",\"@id\":\"https:\/\/ifv.vn\/fr\/culture\/mediatheques\/mediatheque-dn\/\",\"url\":\"https:\/\/ifv.vn\/fr\/culture\/mediatheques\/mediatheque-dn\/\",\"name\":\"M\u00e9diath\u00e8que de Danang - Vi\u1ec7n Ph\u00e1p t\u1ea1i Vi\u1ec7t Nam | Institut fran\u00e7ais du Vietnam\",\"isPartOf\":{\"@id\":\"https:\/\/ifv.vn\/#website\"},\"datePublished\":\"2017-05-17T07:25:24+00:00\",\"dateModified\":\"2025-06-19T03:27:18+00:00\",\"breadcrumb\":{\"@id\":\"https:\/\/ifv.vn\/fr\/culture\/mediatheques\/mediatheque-dn\/#breadcrumb\"},\"inLanguage\":\"fr-FR\",\"potentialAction\":[{\"@type\":\"ReadAction\",\"target\":[\"https:\/\/ifv.vn\/fr\/culture\/mediatheques\/mediatheque-dn\/\"]}]},{\"@type\":\"BreadcrumbList\",\"@id\":\"https:\/\/ifv.vn\/fr\/culture\/mediatheques\/mediatheque-dn\/#breadcrumb\",\"itemListElement\":[{\"@type\":\"ListItem\",\"position\":1,\"name\":\"Home\",\"item\":\"https:\/\/ifv.vn\/fr\/\"},{\"@type\":\"ListItem\",\"position\":2,\"name\":\"Culture\",\"item\":\"https:\/\/ifv.vn\/fr\/culture\/\"},{\"@type\":\"ListItem\",\"position\":3,\"name\":\"M\u00e9diath\u00e8ques\",\"item\":\"https:\/\/ifv.vn\/fr\/culture\/mediatheques\/\"},{\"@type\":\"ListItem\",\"position\":4,\"name\":\"M\u00e9diath\u00e8que de Danang\"}]},{\"@type\":\"WebSite\",\"@id\":\"https:\/\/ifv.vn\/#website\",\"url\":\"https:\/\/ifv.vn\/\",\"name\":\"Vi\u1ec7n Ph\u00e1p t\u1ea1i Vi\u1ec7t Nam | Institut fran\u00e7ais du Vietnam\",\"description\":\"\",\"publisher\":{\"@id\":\"https:\/\/ifv.vn\/#organization\"},\"potentialAction\":[{\"@type\":\"SearchAction\",\"target\":{\"@type\":\"EntryPoint\",\"urlTemplate\":\"https:\/\/ifv.vn\/?s={search_term_string}\"},\"query-input\":{\"@type\":\"PropertyValueSpecification\",\"valueRequired\":true,\"valueName\":\"search_term_string\"}}],\"inLanguage\":\"fr-FR\"},{\"@type\":\"Organization\",\"@id\":\"https:\/\/ifv.vn\/#organization\",\"name\":\"Vi\u1ec7n Ph\u00e1p t\u1ea1i Vi\u1ec7t Nam | Institut fran\u00e7ais du Vietnam\",\"url\":\"https:\/\/ifv.vn\/\",\"logo\":{\"@type\":\"ImageObject\",\"inLanguage\":\"fr-FR\",\"@id\":\"https:\/\/ifv.vn\/#\/schema\/logo\/image\/\",\"url\":\"https:\/\/ifv.vn\/wp-content\/uploads\/2025\/10\/cropped-asset-6.png\",\"contentUrl\":\"https:\/\/ifv.vn\/wp-content\/uploads\/2025\/10\/cropped-asset-6.png\",\"width\":248,\"height\":165,\"caption\":\"Vi\u1ec7n Ph\u00e1p t\u1ea1i Vi\u1ec7t Nam | Institut fran\u00e7ais du Vietnam\"},\"image\":{\"@id\":\"https:\/\/ifv.vn\/#\/schema\/logo\/image\/\"}}]}<\/script>\n<!-- \/ Yoast SEO plugin. -->","yoast_head_json":{"title":"M\u00e9diath\u00e8que de Danang - Vi\u1ec7n Ph\u00e1p t\u1ea1i Vi\u1ec7t Nam | Institut fran\u00e7ais du Vietnam","robots":{"index":"index","follow":"follow","max-snippet":"max-snippet:-1","max-image-preview":"max-image-preview:large","max-video-preview":"max-video-preview:-1"},"canonical":"https:\/\/ifv.vn\/fr\/culture\/mediatheques\/mediatheque-dn\/","og_locale":"fr_FR","og_type":"article","og_title":"M\u00e9diath\u00e8que de Danang - Vi\u1ec7n Ph\u00e1p t\u1ea1i Vi\u1ec7t Nam | Institut fran\u00e7ais du Vietnam","og_description":"[vc_row][vc_column][vc_tta_tabs][vc_tta_section title=&nbsp;&raquo;M\u00e9diath\u00e8que de Danang&nbsp;&raquo; tab_id=&nbsp;&raquo;1519216987943-5fdb5aef-13fa&nbsp;&raquo;][vc_wp_text] La m\u00e9diath\u00e8que francaise est l\u2019un des p\u00f4les essentiels de l\u2019Institut Fran\u00e7ais du Vietnam de \u00a0Danang. Situ\u00e9e au \u00a0centre-ville de Danang, au sein du campus de la biblioth\u00e8que municipale des sciences g\u00e9n\u00e9rales (33 rue Tran Phu [&hellip;]","og_url":"https:\/\/ifv.vn\/fr\/culture\/mediatheques\/mediatheque-dn\/","og_site_name":"Vi\u1ec7n Ph\u00e1p t\u1ea1i Vi\u1ec7t Nam | Institut fran\u00e7ais du Vietnam","article_modified_time":"2025-06-19T03:27:18+00:00","twitter_card":"summary_large_image","twitter_misc":{"Est. reading time":"2 minutes"},"schema":{"@context":"https:\/\/schema.org","@graph":[{"@type":"WebPage","@id":"https:\/\/ifv.vn\/fr\/culture\/mediatheques\/mediatheque-dn\/","url":"https:\/\/ifv.vn\/fr\/culture\/mediatheques\/mediatheque-dn\/","name":"M\u00e9diath\u00e8que de Danang - Vi\u1ec7n Ph\u00e1p t\u1ea1i Vi\u1ec7t Nam | Institut fran\u00e7ais du Vietnam","isPartOf":{"@id":"https:\/\/ifv.vn\/#website"},"datePublished":"2017-05-17T07:25:24+00:00","dateModified":"2025-06-19T03:27:18+00:00","breadcrumb":{"@id":"https:\/\/ifv.vn\/fr\/culture\/mediatheques\/mediatheque-dn\/#breadcrumb"},"inLanguage":"fr-FR","potentialAction":[{"@type":"ReadAction","target":["https:\/\/ifv.vn\/fr\/culture\/mediatheques\/mediatheque-dn\/"]}]},{"@type":"BreadcrumbList","@id":"https:\/\/ifv.vn\/fr\/culture\/mediatheques\/mediatheque-dn\/#breadcrumb","itemListElement":[{"@type":"ListItem","position":1,"name":"Home","item":"https:\/\/ifv.vn\/fr\/"},{"@type":"ListItem","position":2,"name":"Culture","item":"https:\/\/ifv.vn\/fr\/culture\/"},{"@type":"ListItem","position":3,"name":"M\u00e9diath\u00e8ques","item":"https:\/\/ifv.vn\/fr\/culture\/mediatheques\/"},{"@type":"ListItem","position":4,"name":"M\u00e9diath\u00e8que de Danang"}]},{"@type":"WebSite","@id":"https:\/\/ifv.vn\/#website","url":"https:\/\/ifv.vn\/","name":"Vi\u1ec7n Ph\u00e1p t\u1ea1i Vi\u1ec7t Nam | Institut fran\u00e7ais du Vietnam","description":"","publisher":{"@id":"https:\/\/ifv.vn\/#organization"},"potentialAction":[{"@type":"SearchAction","target":{"@type":"EntryPoint","urlTemplate":"https:\/\/ifv.vn\/?s={search_term_string}"},"query-input":{"@type":"PropertyValueSpecification","valueRequired":true,"valueName":"search_term_string"}}],"inLanguage":"fr-FR"},{"@type":"Organization","@id":"https:\/\/ifv.vn\/#organization","name":"Vi\u1ec7n Ph\u00e1p t\u1ea1i Vi\u1ec7t Nam | Institut fran\u00e7ais du Vietnam","url":"https:\/\/ifv.vn\/","logo":{"@type":"ImageObject","inLanguage":"fr-FR","@id":"https:\/\/ifv.vn\/#\/schema\/logo\/image\/","url":"https:\/\/ifv.vn\/wp-content\/uploads\/2025\/10\/cropped-asset-6.png","contentUrl":"https:\/\/ifv.vn\/wp-content\/uploads\/2025\/10\/cropped-asset-6.png","width":248,"height":165,"caption":"Vi\u1ec7n Ph\u00e1p t\u1ea1i Vi\u1ec7t Nam | Institut fran\u00e7ais du Vietnam"},"image":{"@id":"https:\/\/ifv.vn\/#\/schema\/logo\/image\/"}}]}},"_links":{"self":[{"href":"https:\/\/ifv.vn\/fr\/wp-json\/wp\/v2\/pages\/849"}],"collection":[{"href":"https:\/\/ifv.vn\/fr\/wp-json\/wp\/v2\/pages"}],"about":[{"href":"https:\/\/ifv.vn\/fr\/wp-json\/wp\/v2\/types\/page"}],"author":[{"embeddable":true,"href":"https:\/\/ifv.vn\/fr\/wp-json\/wp\/v2\/users\/1"}],"replies":[{"embeddable":true,"href":"https:\/\/ifv.vn\/fr\/wp-json\/wp\/v2\/comments?post=849"}],"version-history":[{"count":3,"href":"https:\/\/ifv.vn\/fr\/wp-json\/wp\/v2\/pages\/849\/revisions"}],"predecessor-version":[{"id":23567,"href":"https:\/\/ifv.vn\/fr\/wp-json\/wp\/v2\/pages\/849\/revisions\/23567"}],"up":[{"embeddable":true,"href":"https:\/\/ifv.vn\/fr\/wp-json\/wp\/v2\/pages\/743"}],"wp:attachment":[{"href":"https:\/\/ifv.vn\/fr\/wp-json\/wp\/v2\/media?parent=849"}],"curies":[{"name":"wp","href":"https:\/\/api.w.org\/{rel}","templated":true}]}}